{"id":1808,"date":"2018-04-03T23:47:12","date_gmt":"2018-04-03T21:47:12","guid":{"rendered":"http:\/\/www.doppelturm.de\/?page_id=1808"},"modified":"2024-07-09T09:47:21","modified_gmt":"2024-07-09T07:47:21","slug":"newsarchiv","status":"publish","type":"page","link":"https:\/\/www.doppelturm.de\/?page_id=1808","title":{"rendered":"Newsarchiv"},"content":{"rendered":"<!-- Ende des Headers -->\r\n\r\n\r\n<p><strong>\u00c4nderungen in der Vorstandsschaft<\/strong><\/p>\r\n<p>BEi den Wahlen w\u00e4hrend der Vorstandssitzung am 18.06. ergaben sich \u00c4nderungen in der Vorstandsschaft. Wir gratulieren allen Vorstandsmitliedern zur Wieder- und Neuwahl.<\/p>\r\n<p><table>\r\n<tr>\r\n  <td>Amt<\/td>\r\n  <td>Tr\u00e4ger<\/td>\r\n<\/tr><tr>\r\n  <td>1. Vorstand<\/td>\r\n  <td>Andreas Kuntschar (neu)<\/td>\r\n<\/tr><tr>\r\n  <td>2. Vorstand<\/td>\r\n  <td>Jenny Mauder<\/td>\r\n<\/tr><tr>\r\n  <td>1. Schriftf\u00fchrerin<\/td>\r\n  <td>Helena Kuntschar<\/td>\r\n<\/tr><tr>\r\n  <td>2. Schriftf\u00fchrerin<\/td>\r\n  <td>Pia Kuntschar (neu)<\/td>\r\n<\/tr><tr>\r\n  <td>1. Kassier<\/td>\r\n  <td>Stefan Grafe<\/td>\r\n<\/tr><tr>\r\n  <td>2. Kassier<\/td>\r\n  <td>Oliver Werner<\/td>\r\n<\/tr><tr>\r\n  <td>1. Sportwart<\/td>\r\n  <td>Matthias Braun<\/td>\r\n<\/tr><tr>\r\n  <td>2. Sportwart<\/td>\r\n  <td>Marius Krieger (Neu)<\/td>\r\n<\/tr><tr>\r\n  <td>Vergn\u00fcgungsausschuss<\/td>\r\n  <td>Reinhold N\u00f6th, Burkhard Hofstetter,<br> Christine Krieger, Rainer Stingl<\/td>\r\n<\/tr><tr>\r\n\r\n<\/table><\/p>\r\n\r\n\r\n\r\n<p><strong>Aktualisierung: Handlungs- und Hygienekonzept<\/strong><\/p>\r\n<p>Zum 24.09.2021 wurde unser Hygiene- und Handlungskonzept aktualisiert und kann nun im Downloadbereich eingesehen werden. Dort k\u00f6nnen sich unsere Mitglieder und Gastmannschaften erkundigen, welche Einschr\u00e4nkungen aktuell vorliegen und wie wir damit umgehen. Die Datei wird aktualisiert sobald eine neue Version vorliegt.<br><a href=\"https:\/\/www.doppelturm.de\/?wpfb_dl=21\">Hier ist der Direktlink zum PDF<\/a><\/p>\r\n\r\n<p><strong>Saisonstart ab dem 10.10.2020!<\/strong><\/p>\r\n<p>Es wurde nun beschlossen die Saison doch zu starten. Die Termine werden im Veranstaltungskalender erg\u00e4nzt, sobald die Spielpl\u00e4ne verf\u00fcgbar sind. Gut Holz!<\/p>\r\n<!-- \/wp:wp:paragraph -->\r\n\r\n\r\n<p><strong>Stimmensammlung der \u00dcZ abgeschlossen<\/strong><\/p>\r\n<p>Die Zeit f\u00fcr die Stimmabgabe ist abgeschlossen &#8211; diese werden nun ausgewertet und wir hoffen auf ein gutes Gesamtergebnis. An dieser Stelle vielen Dank an alle Unterst\u00fctzer!<\/p>\r\n<!-- \/wp:wp:paragraph -->\r\n\r\n\r\n\r\n<p><strong>Doppelturmjugend ben\u00f6tigt Eure Stimmen\r\n<\/strong><\/p>\r\n\r\n\r\n\r\n<p>Bei der \u00dcZ Aktion \u201eHilfe f\u00fcr\r\nVereine\u201c ben\u00f6tigen wir eure Stimmen. Und so funktionierts: Auf der Homepage www.uez.de\/hilfe-fuer-vereine,\r\nauf Facebook und auf Instagram k\u00f6nnt ihr bei den Originalbeitr\u00e4gen f\u00fcr uns\r\nstimmen. Auf unserer Homepage unter www.doppelturm.de und auf Facebook.com\/doppelturm\r\nsind die direkten Links zu unserer Abstimmung ver\u00f6ffentlicht. Die Aktion l\u00e4uft\r\nnoch bis 30.9. und in dieser Zeit hei\u00dft es abstimmen, teilen und liken was das\r\nZeug h\u00e4lt.<\/p>\r\n\r\n\r\n\r\n<p><strong>Unsere Corona-Lage<\/strong><\/p>\r\n\r\n\r\n\r\n<p>Durch die Pandemie haben die\r\nRafelder Kegler Ihre gr\u00f6\u00dften Einnahmequellen verloren. Sowohl die\r\nEigenbewirtung des Vereinsheimes bei den Wettk\u00e4mpfen, Training, Hobbykegler ist\r\nkomplett stillgelegt, als auch verschiedene Veranstaltungen, die wir ersatzlos\r\nstreichen mussten. Allen voran die Kegeldorfmeisterschaft, die Beteiligung an\r\nder gro\u00dfen Rafelder Kirchweih, unsere gro\u00dfgeplante 60-Jahr-Feier, das\r\nallj\u00e4hrliche Grillfest, verschiedene Turniere und Meisterschaften. Auf der anderen\r\nSeite bleiben die Kosten (Miete, Unterhalt der Anlage, Strom, \u2026) f\u00fcr die\r\nKegelbahn und Vereinsheim gleich. Der f\u00fcr Mitte September anberaumte\r\nSaisonstart wurde verschoben, aber selbst dieser wird uns nur wenig Einnahmen\r\ngenerieren, da Zuschauer nicht gestattet werden. Unter h\u00f6chsten Auflagen wurde\r\nein Hygienekonzept erarbeitet, sodass mit dem Training bereits im Juli wieder\r\nbegonnen werden konnte. Im Moment hoffen wir auf einen Start des Spielbetriebs\r\nim Oktober, sodass die Rafelder Kegler die Kugeln wieder rollen lassen d\u00fcrfen.<\/p>\r\n\r\n\r\n\r\n<p><strong>Saisonstart wurde verschoben!<\/strong><\/p>\r\n\r\n\r\n\r\n<p>Der Beginn der Saison 2020\/21 wurde vom BSKV vorerst verschoben. Ein Plan \u00fcber verschiedene Termine existiert bereits. Sobald wir n\u00e4here Informationen haben, wann die Saison beginnen k\u00f6nnte, werden wir euch in der Rundschau und auf der Homepage informieren! <br><\/p>\r\n\r\n\r\n\r\n<ul><li>Plan A: Saisonstart im Oktober<\/li><li>Plan B: Saisonstart im November<\/li><li>Plan C: Saisonstart im Januar 2021<\/li><\/ul>\r\n\r\n\r\n<strong>Dorfmeisterschaft 2019<\/strong>\r\n\r\nDie Dorfmeisterschaft ist in vollem Gange &#8211; Und das noch bis einschlie\u00dflich Freitag!\r\n\r\nEs wurden bereits hervorragende Ergebnisse gespielt. Die aktuell F\u00fchrenden finden sich in der nachfolgenden Liste:\r\n<table class=\"tablerpt\">\r\n<tbody>\r\n<tr>\r\n<td class=\"lineheaderc\" height=\"20\">Rang<\/td>\r\n<td class=\"lineheaderc\" height=\"20\">Name<\/td>\r\n<td class=\"lineheaderc\" height=\"20\">Ergebnis<\/td>\r\n<\/tr>\r\n<tr>\r\n<td class=\"lineheaderc\" colspan=\"3\" height=\"20\">Mannschaften<\/td>\r\n<\/tr>\r\n<tr>\r\n<td class=\"cellborderc\" height=\"20\"><b>1<\/b><\/td>\r\n<td class=\"cellborderc\" height=\"20\">B-Team<\/td>\r\n<td class=\"cellborderc\" height=\"20\">803<\/td>\r\n<\/tr>\r\n<tr>\r\n<td class=\"cellborderc\" height=\"20\"><b>2<\/b><\/td>\r\n<td class=\"cellborderc\" height=\"20\">3 Engel f\u00fcr Wolfgang<\/td>\r\n<td class=\"cellborderc\" height=\"20\">736<\/td>\r\n<\/tr>\r\n<tr>\r\n<td class=\"cellborderc\" height=\"20\"><b>3<\/b><\/td>\r\n<td class=\"cellborderc\" height=\"20\">RaF<\/td>\r\n<td class=\"cellborderc\" height=\"20\">652<\/td>\r\n<\/tr>\r\n<tr>\r\n<td class=\"lineheaderc\" colspan=\"3\" height=\"20\">Herren<\/td>\r\n<\/tr>\r\n<tr>\r\n<td class=\"cellborderc\" height=\"20\"><b>1<\/b><\/td>\r\n<td class=\"cellborderc\" height=\"20\">K\u00fcnzel, Ralf<\/td>\r\n<td class=\"cellborderc\" height=\"20\">205<\/td>\r\n<\/tr>\r\n<tr>\r\n<td class=\"cellborderc\" height=\"20\"><b>2<\/b><\/td>\r\n<td class=\"cellborderc\" height=\"20\">Melber, Udo<\/td>\r\n<td class=\"cellborderc\" height=\"20\">202<\/td>\r\n<\/tr>\r\n<tr>\r\n<td class=\"cellborderc\" height=\"20\"><b>3<\/b><\/td>\r\n<td class=\"cellborderc\" height=\"20\">Wegner, Manfred<\/td>\r\n<td class=\"cellborderc\" height=\"20\">199<\/td>\r\n<\/tr>\r\n<tr>\r\n<td class=\"lineheaderc\" colspan=\"3\" height=\"20\">Damen<\/td>\r\n<\/tr>\r\n<tr>\r\n<td class=\"cellborderc\" height=\"20\"><b>1<\/b><\/td>\r\n<td class=\"cellborderc\" height=\"20\">Knorr, Nadja<\/td>\r\n<td class=\"cellborderc\" height=\"20\">200<\/td>\r\n<\/tr>\r\n<tr>\r\n<td class=\"cellborderc\" height=\"20\"><b>2<\/b><\/td>\r\n<td class=\"cellborderc\" height=\"20\">Lehmann, Kerstin<\/td>\r\n<td class=\"cellborderc\" height=\"20\">188<\/td>\r\n<\/tr>\r\n<tr>\r\n<td class=\"cellborderc\" height=\"20\"><b>3<\/b><\/td>\r\n<td class=\"cellborderc\" height=\"20\">Schreiner, Karin<\/td>\r\n<td class=\"cellborderc\" height=\"20\">188<\/td>\r\n<\/tr>\r\n<tr>\r\n<td class=\"lineheaderc\" colspan=\"3\" height=\"20\">Jugend<\/td>\r\n<\/tr>\r\n<tr>\r\n<td class=\"cellborderc\" height=\"20\"><b>1<\/b><\/td>\r\n<td class=\"cellborderc\" height=\"20\">Gehling, Alina<\/td>\r\n<td class=\"cellborderc\" height=\"20\">142<\/td>\r\n<\/tr>\r\n<tr>\r\n<td class=\"cellborderc\" height=\"20\"><b>2<\/b><\/td>\r\n<td class=\"cellborderc\" height=\"20\">Schmich, Luis<\/td>\r\n<td class=\"cellborderc\" height=\"20\">140<\/td>\r\n<\/tr>\r\n<tr>\r\n<td class=\"cellborderc\" height=\"20\"><b>3<\/b><\/td>\r\n<td class=\"cellborderc\" height=\"20\">Lausemeyer, Jonas<\/td>\r\n<td class=\"cellborderc\" height=\"20\">123<\/td>\r\n<\/tr>\r\n<\/tbody>\r\n<\/table>\r\nDie vollst\u00e4ndigen Ergebnisse gibt es <a href=\"https:\/\/www.doppelturm.de\/?page_id=2192\">hier<\/a>.\r\n\r\n<strong>Saisonstart f\u00fcr Rafelder Kegler<\/strong>\r\n\r\nDie neue Saison 2018\/2019 hat vergangenes Wochenende gestartet. Die Rafelder Kegler starteten alle mit Ausw\u00e4rtsspielen und leider nicht sehr erfolgreich. Zwar konnten die Ergebnisse sich sehen lassen, aber leider ist &#8211; au\u00dfer bei der 1. Herrenmannschaft &#8211; kein Punktgewinn herausgesprungen.\r\n\r\n<strong>Saisonvorbereitung<\/strong>\r\n\r\nDer Doppelturm hat f\u00fcr die Saison 2018\/2019 sieben Mannschaften gemeldet. Saisonbeginn f\u00fcr die Aktiven ist der 08.09.2018. Zu folgenden Zeiten werden die Heimspiele der jeweiligen Mannschaften stattfinden:\r\n\r\nJugend 1: Freitag 17:30 Uhr\r\nJugend 2: Donnerstag 17:30 Uhr\r\nHerren 1: Samstag 17:00 Uhr\r\nHerren 2: Samstag 15:00 Uhr\r\nHerren 3: Samstag 13:00 Uhr\r\nGemischte: Sonntag 10:00 Uhr\r\nDamen: Sonntag 14:30 Uhr\r\n\r\nAufgrund des Abstieges der 1. Herrenmannschaft und der damit verbundene wieder verringerten Mannschaftsst\u00e4rke, hat sich in den Mannschaftszusammenstellungen doch einige \u00c4nderungen ergeben. Trotz knapper Spieleranzahl haben wir uns dazu entschlossen eine 3. Herrenmannschaft zus\u00e4tzlich zur Gemischten Mannschaft zu stellen. Wie in der letzten Saison d\u00fcrfen alle Mannschaften mit den moderneren 120 Schubsystem mit Punktewertung antreten.\r\n\r\n<strong>Herausforderung Landesliga:<\/strong>\r\n\r\nWie bereits berichtet, hat es unsere Damenmannschaft geschafft den Meistertitel in der Bezirksoberliga Unterfranken zu erringen und sind in die Landesliga Nord aufgestiegen. Wir sind gespannt, wie sich unsere erfolgsverw\u00f6hnten Damen in der \u00fcberregionalen Liga, mit starken Gegnern und unbekannten Bahnen in der h\u00f6heren Liga pr\u00e4sentieren wird.\r\n\r\n<strong>Auf geht\u2019s, pack ma\u2019s!<\/strong>\r\n<strong>Dorfmeisterschaft 2018<\/strong>\r\n\r\nDie Dorfmeisterschaft ist nun beendet und es haben sich die unten stehenden Dorfmeister ergeben.\r\n\r\nDer Doppelturm gratuliert allen Startern und Starterinnen zu den erk\u00e4mpften Ergebnissen!\r\n<table class=\"tablerpt\">\r\n<tbody>\r\n<tr>\r\n<td class=\"lineheaderc\" height=\"20\">Rang<\/td>\r\n<td class=\"lineheaderc\" height=\"20\">Name<\/td>\r\n<td class=\"lineheaderc\" height=\"20\">Ergebnis<\/td>\r\n<\/tr>\r\n<tr>\r\n<td class=\"lineheaderc\" colspan=\"3\" height=\"20\">Mannschaften<\/td>\r\n<\/tr>\r\n<tr>\r\n<td class=\"cellborderc\" height=\"20\"><b>1<\/b><\/td>\r\n<td class=\"cellborderc\" height=\"20\">B-Team<\/td>\r\n<td class=\"cellborderc\" height=\"20\">814<\/td>\r\n<\/tr>\r\n<tr>\r\n<td class=\"cellborderc\" height=\"20\"><b>2<\/b><\/td>\r\n<td class=\"cellborderc\" height=\"20\">3 Engel f\u00fcr Wolfgang<\/td>\r\n<td class=\"cellborderc\" height=\"20\">778<\/td>\r\n<\/tr>\r\n<tr>\r\n<td class=\"cellborderc\" height=\"20\"><b>3<\/b><\/td>\r\n<td class=\"cellborderc\" height=\"20\">Die Verr\u00fcckten H\u00fchner<\/td>\r\n<td class=\"cellborderc\" height=\"20\">695<\/td>\r\n<\/tr>\r\n<tr>\r\n<td class=\"lineheaderc\" colspan=\"3\" height=\"20\">Herren<\/td>\r\n<\/tr>\r\n<tr>\r\n<td class=\"cellborderc\" height=\"20\"><b>1<\/b><\/td>\r\n<td class=\"cellborderc\" height=\"20\">Melber, Udo<\/td>\r\n<td class=\"cellborderc\" height=\"20\">212<\/td>\r\n<\/tr>\r\n<tr>\r\n<td class=\"cellborderc\" height=\"20\"><b>2<\/b><\/td>\r\n<td class=\"cellborderc\" height=\"20\">K\u00fcnzel, Ralf<\/td>\r\n<td class=\"cellborderc\" height=\"20\">212<\/td>\r\n<\/tr>\r\n<tr>\r\n<td class=\"cellborderc\" height=\"20\"><b>3<\/b><\/td>\r\n<td class=\"cellborderc\" height=\"20\">Schneider, Wolfgang<\/td>\r\n<td class=\"cellborderc\" height=\"20\">199<\/td>\r\n<\/tr>\r\n<tr>\r\n<td class=\"lineheaderc\" colspan=\"3\" height=\"20\">Damen<\/td>\r\n<\/tr>\r\n<tr>\r\n<td class=\"cellborderc\" height=\"20\"><b>1<\/b><\/td>\r\n<td class=\"cellborderc\" height=\"20\">Knorr, Nadja<\/td>\r\n<td class=\"cellborderc\" height=\"20\">205<\/td>\r\n<\/tr>\r\n<tr>\r\n<td class=\"cellborderc\" height=\"20\"><b>2<\/b><\/td>\r\n<td class=\"cellborderc\" height=\"20\">Lehmann, Kerstin<\/td>\r\n<td class=\"cellborderc\" height=\"20\">205<\/td>\r\n<\/tr>\r\n<tr>\r\n<td class=\"cellborderc\" height=\"20\"><b>3<\/b><\/td>\r\n<td class=\"cellborderc\" height=\"20\">Libowski-Gehling, Alexandra<\/td>\r\n<td class=\"cellborderc\" height=\"20\">194<\/td>\r\n<\/tr>\r\n<tr>\r\n<td class=\"lineheaderc\" colspan=\"3\" height=\"20\">Jugend<\/td>\r\n<\/tr>\r\n<tr>\r\n<td class=\"cellborderc\" height=\"20\"><b>1<\/b><\/td>\r\n<td class=\"cellborderc\" height=\"20\">Mehlert, Christian<\/td>\r\n<td class=\"cellborderc\" height=\"20\">150<\/td>\r\n<\/tr>\r\n<tr>\r\n<td class=\"cellborderc\" height=\"20\"><b>2<\/b><\/td>\r\n<td class=\"cellborderc\" height=\"20\">Schmich, Luis<\/td>\r\n<td class=\"cellborderc\" height=\"20\">149<\/td>\r\n<\/tr>\r\n<tr>\r\n<td class=\"cellborderc\" height=\"20\"><b>3<\/b><\/td>\r\n<td class=\"cellborderc\" height=\"20\">Gehling, Alina<\/td>\r\n<td class=\"cellborderc\" height=\"20\">130<\/td>\r\n<\/tr>\r\n<\/tbody>\r\n<\/table>\r\nDie vollst\u00e4ndigen Ergebnisse gibt es <a href=\"https:\/\/www.doppelturm.de\/?page_id=1830\">hier<\/a>.\r\n<strong>Samstag hei\u00dft es Daumen dr\u00fccken f\u00fcr Fabian<\/strong>\r\n\r\nAm Samstag, den 5. Mai steht die Bayerische Einzelmeisterschaft der Jugend auf den Programm. Unser Jugendspieler Fabian hat sich als 1. Nachr\u00fccker f\u00fcr den Vergleich qualifiziert. Er startet um 15:10 Uhr beim FC Eintracht Bamberg. Der ganze Verein dr\u00fcckt Fabian die Daumen bei dieser \u00fcberregionalen Meisterschaft und w\u00fcnscht ihm viel Spa\u00df, Erfolg und nat\u00fcrlich \u201eGUT HOLZ\u201c!\r\n\r\n<strong>Klubmeisterschaft so spannend wie lange nicht!<\/strong>\r\n\r\nAm Samstag steht unser Finale der internen Klubmeisterschaft an. Die drei Vorl\u00e4ufe sind, so gut wie, abgeschlossen und es zeigt sich in fast jeder Kategorie ein spannendes Bild.\r\n\r\nBei den Herren f\u00fchrt Matthias mit 22 Holz vor Sascha, dahinter mit 18 Holz R\u00fcckstand befindet sich Oliver in Lauerstellung. Bei den Damen geht es ganz eng zur Sache, Jenny f\u00fchrt hauchd\u00fcnn mit 1 Holz vor Helena und 18 Holz vor Silvia &#8211; hier ist noch alles drin. Bei unserer Jugend A hat sich ein Zweikampf zwischen Leo und Fabian herauskristallisiert, die beiden trennen lediglich 4 Holz. Dagegen ist bei der Jugend B und Senioren, aufgrund geringer Teilnehmer, bereits entschieden.\r\n\r\nAber bei unserer Klubmeisterschaft geht es nicht nur um den Titel, sondern es geht immer auch um die &#8220;K\u00fcmmerli&#8221; und &#8220;Wurscht&#8221; f\u00fcr die hinteren Pl\u00e4tze \ud83d\ude00\r\n\r\n<span style=\"font-size: 20px;\"><em><span style=\"background-color: #ffffff;\">Startzeiten f\u00fcr Samstag:<\/span><\/em><\/span>\r\n<p style=\"font-size: 20px; background-color: #ffffff;\">13:30 Uhr: Jana, Marius, Christine und Pia\r\n14:30 Uhr: Flo S, Flo W, Gerd\r\n15:30 Uhr: Leo, Fabian, Lara und Jan Simon\r\n16:30 Uhr: Burkard, J\u00fcrgen, Silvia und Oli\r\n17:30 Uhr: Sascha, Mattl, Helena und Jenny<\/p>\r\n<p style=\"font-size: 20px; background-color: #ffffff;\"><span style=\"background-color: #ffffff; font-size: 20px;\">Direkt im Anschluss gehen wir zum gem\u00fctlichen Teil des Abends \u00fcber mit Siegerehrung, Speis und Trank.<\/span><\/p>\r\n<a href=\"https:\/\/www.doppelturm.de\/?page_id=1786\">Aktuelle Ergebnisse Klubmeisterschaft<\/a>\r\n\r\n<strong>Fabian zur Bayerischen Meisterschaft!<\/strong>\r\n\r\nBei unserem U18-Jugendspieler Fabian Stingl war die Entt\u00e4uschung \u00fcber den zwar tollen, aber doch undankbaren 4. Platz bei der Bezirksmeisterschaft und die damit knapp nicht erreichte Qualifikation f\u00fcr die Bayerische Meisterschaft gro\u00df. Umso gr\u00f6\u00dfer war die \u00dcberraschung und Freude, als die Information kam, dass der Landeskader Startpl\u00e4tze zur\u00fcckgibt und somit Fabian, als 1. Nachr\u00fccker, sich doch bei der Bayerischen Meisterschaft messen darf. Diese findet am 05. und 06. Mai 2018 in Bamberg (U18: FC Eintracht Bamberg) statt. Der ganze Verein dr\u00fcckt Fabian die Daumen bei dieser \u00fcberregionalen Meisterschaft und w\u00fcnscht ihm viel Spa\u00df, Erfolg und nat\u00fcrlich \u201eGUT HOLZ\u201c!\r\n\r\n<strong>Bezirksmeisterschaften Jugend\r\n<\/strong>\r\n\r\nDie Bezirksmeisterschaft Unterfranken der Jugend fand am 14. und 15. April statt. W\u00e4hrend die U18 beim ESV Schweinfurt an den Start gingen, haben sich die U14-Spieler\/innen in Grafenrheinfeld, auf unseren Bahnen, eingefunden.\r\n\r\nEndergebnisse und Platzierungen:\r\n\r\n<em>U14 in Grafenrheinfeld:\r\n<\/em><span style=\"font-size: 20px;\">Lara Eisenhut 9. Platz mit 435+426 Holz<\/span><em>\r\n<\/em>\r\n\r\n<em>U18 beim ESV Schweinfurt:\r\n<\/em><span style=\"font-size: 20px;\">Sina Werner 8. Platz mit 444+472 Holz\r\nJana Braun 15. Platz mit 398 Holz<\/span>\r\n\r\nFabian Stingl <strong>4. Platz mit 556+519 Holz!\r\n<\/strong><span style=\"font-size: 20px;\">Leo Weigand 20. Platz mit 486 Holz<\/span>\r\n\r\nBesonders erfolgreich hat sich Fabian Stingl in seiner ersten Saison als U18-Spieler geschlagen. Er lag nach dem Vorlauf, mit seinem pers\u00f6nlichen Ergebnisrekord, sogar auf den dritten Platz und durfte auf einen Podestplatz und damit der Qualifikation f\u00fcr die Bayerische Meisterschaft hoffen. Trotz, dass es nicht ganz gereicht hat, darf er stolz auf seine Leistung und Entwicklung sein. Auch die anderen Jugendlichen haben gute Leistungen gezeigt, wobei der Ehrgeiz f\u00fcr ein besseres Ergebnis und dadurch Platzierung bei manchen nat\u00fcrlich gr\u00f6\u00dfer war.\r\n\r\nDer Verein dankt den vielen flei\u00dfigen Helfern, die n\u00f6tig waren, um so eine Bezirksmeisterschaft ordnungsgem\u00e4\u00df und zur vollen Zufriedenheit durchf\u00fchren zu k\u00f6nnen.\r\n\r\n<strong>Nach der Saison ist vor der Klubmeisterschaft<\/strong>\r\n\r\nUnsere interne Meisterschaft um den begehrten Titel des \u201eKlubmeister\u201c wird ab sofort mit vier Durchg\u00e4ngen im 120 Schubsystem gespielt. Bis zum 24.04.2018 m\u00fcssen drei Durchg\u00e4nge gekegelt sein. Der letzte Durchgang wird nach Platzierung und Bahnauslosung am 28.04.2018 gespielt. Die Ehrung und Klubmeisterschaftsfeier findet gleich im Anschluss statt. Sportwart Matthias Braun freut sich \u00fcber eine vollst\u00e4ndige Beteiligung und w\u00fcnscht allen Startern recht viel Holz.\r\n\r\n<a href=\"https:\/\/www.doppelturm.de\/?page_id=1786\">Aktueller Zwischenstand<\/a>\r\n\r\n<strong>Die Rafelder-Damen sind MEISTER!\r\n<\/strong><strong>Aufstieg in die Landesliga Nord!<\/strong>\r\n\r\nNach dem dritten Anlauf in Folge haben es unsere Damen endlich geschafft, die Meisterschaft in der Bezirksoberliga zu erreichen. Diesmal war es sogar schon am vorletzten Spieltag klar, indem sie gegen einen direkten Konkurrenten Ihre Heimst\u00e4rke bewiesen haben. Mit der Meisterschaft geht auch der Aufstieg in die \u201eLandesliga Nord\u201c einher.\r\n\r\n<strong>Der ganze Verein gratuliert unserer Damenmannschaft ganz herzlich zur Meisterschaft und Aufstieg!<\/strong>\r\n\r\n<strong>\r\nEndergebnisse Kreismeisterschaft Jugend und Aktive<\/strong>\r\n\r\nDie Einzelmeisterschaft von KV Schweinfurt und KV Ha\u00dfberge fand am 10. und 11. M\u00e4rz statt. Von unserem Verein haben sich 10 Starter an den Einzelvergleich gewagt.\r\n\r\nDass Einzelmeisterschaften Ihre eigenen Regeln haben, mussten besonders unsere m\u00e4nnliche, A-Jugendlichen lernen. Die ansonsten konstant gut spielenden Jungs, die regelm\u00e4\u00dfig an und \u00fcber die 500-er Grenze spielen, kamen diesmal irgendwie nicht zurecht und mussten sich mit einem nur durchschnittlichen Ergebnis zufriedengeben, welches auch nicht f\u00fcr den Endlauf gereicht hat. Besser machten es Jan Simon, Florian W. und am besten Fabian, letzter erreichte auch seinen ersten 1.000-er \u00fcber zwei Durchg\u00e4nge hintereinander. Sina erreichte bei der A-Jugend weiblich einen guten 4. Platz. Die erste Medaille f\u00fcr Rafeld konnte Lara einheimsen, sie erreichte, wie auch schon das letzte Jahr, souver\u00e4n den 2. Podestplatz.\r\n\r\nAuch zwei Erwachsene nahmen bei den Einzelmeisterschaften teil. Helena erreichte, mit jeweils durchschnittlichen Ergebnissen im Vor- und Endlauf, den 6. Platz. Einen relativ unerwarteten und daf\u00fcr umso erfreulicheren Triumph konnte J\u00fcrgen bei der starken M\u00e4nner-Gruppe erreichen. Mit seinem pers\u00f6nlichen Ergebnisrekord von 567 Holz brachte er sich im Vorlauf auf den 4. Tabellenplatz. Im Endlauf machte er es noch besser und verbesserte sich noch mal auf starke 574 Holz und er erk\u00e4mpfte sich den 3. Tabellenplatz und damit die 2. Medaille f\u00fcr Rafeld!\r\n\r\nAnbei erhaltet ihr einen \u00dcberblick wie unsere Starter vom Doppelturm abgeschnitten haben:\r\n<table class=\"tablerpt\">\r\n<tbody>\r\n<tr>\r\n<th class=\"lineheaderc\" colspan=\"3\">Herren<\/th>\r\n<\/tr>\r\n<tr>\r\n<th class=\"lineheaderc\">Platzierung<\/th>\r\n<th class=\"lineheaderc\">Starter<\/th>\r\n<th class=\"lineheaderc\">Gesamtergebnis<\/th>\r\n<\/tr>\r\n<tr>\r\n<td class=\"cellborderc\">3<\/td>\r\n<td class=\"cellborderc\">J\u00fcrgen Landeck<\/td>\r\n<td class=\"cellborderc\">1.141 Holz<\/td>\r\n<\/tr>\r\n<tr>\r\n<th class=\"lineheaderc\" colspan=\"3\">Damen<\/th>\r\n<\/tr>\r\n<tr>\r\n<td class=\"cellborderc\">6<\/td>\r\n<td class=\"cellborderc\">Helena N\u00f6th<\/td>\r\n<td class=\"cellborderc\">1.019 Holz<\/td>\r\n<\/tr>\r\n<tr>\r\n<th class=\"lineheaderc\" colspan=\"3\">U18 m\u00e4nnlich<\/th>\r\n<\/tr>\r\n<tr>\r\n<td class=\"cellborderc\">5<\/td>\r\n<td class=\"cellborderc\">Fabian Stingl<\/td>\r\n<td class=\"cellborderc\">1.001 Holz<\/td>\r\n<\/tr>\r\n<tr>\r\n<td class=\"cellborderc\">8<\/td>\r\n<td class=\"cellborderc\">Florian Werner<\/td>\r\n<td class=\"cellborderc\">971 Holz<\/td>\r\n<\/tr>\r\n<tr>\r\n<td class=\"cellborderc\">11<\/td>\r\n<td class=\"cellborderc\">Jan Simon Landeck<\/td>\r\n<td class=\"cellborderc\">923 Holz<\/td>\r\n<\/tr>\r\n<tr>\r\n<td class=\"cellborderc\">13<\/td>\r\n<td class=\"cellborderc\">Marius Krieger<\/td>\r\n<td class=\"cellborderc\">468 Holz<\/td>\r\n<\/tr>\r\n<tr>\r\n<td class=\"cellborderc\">14<\/td>\r\n<td class=\"cellborderc\">Florian Schreiner<\/td>\r\n<td class=\"cellborderc\">464 Holz<\/td>\r\n<\/tr>\r\n<tr>\r\n<td class=\"cellborderc\">15<\/td>\r\n<td class=\"cellborderc\">Leo Weigand<\/td>\r\n<td class=\"cellborderc\">463 Holz<\/td>\r\n<\/tr>\r\n<tr>\r\n<th class=\"lineheaderc\" colspan=\"3\">U18 weiblich<\/th>\r\n<\/tr>\r\n<tr>\r\n<td class=\"cellborderc\">4<\/td>\r\n<td class=\"cellborderc\">Sina Werner<\/td>\r\n<td class=\"cellborderc\">858 Holz<\/td>\r\n<\/tr>\r\n<tr>\r\n<th class=\"lineheaderc\" colspan=\"3\">U14 weiblich<\/th>\r\n<\/tr>\r\n<tr>\r\n<td class=\"cellborderc\">2<\/td>\r\n<td class=\"cellborderc\">Lara Eisenhut<\/td>\r\n<td class=\"cellborderc\">879 Holz<\/td>\r\n<\/tr>\r\n<tr>\r\n<th class=\"lineheaderc\" colspan=\"3\">U14 m\u00e4nnlich<\/th>\r\n<\/tr>\r\n<tr>\r\n<td class=\"cellborderc\">11<\/td>\r\n<td class=\"cellborderc\">Aaron Eisenhut<\/td>\r\n<td class=\"cellborderc\">338 Holz<\/td>\r\n<\/tr>\r\n<\/tbody>\r\n<\/table>\r\n<strong>Termine &#8211; Termine &#8211; Termine<\/strong>\r\n<ul>\r\n \t<li>13 Februar 2018: Faschingskegeln<\/li>\r\n \t<li>23. M\u00e4rz 2018: Generalversammlung<\/li>\r\n \t<li>28. April 2018: Klubmeisterschaftsendlauf und \u2013feier (ab ca. Mitte M\u00e4rz 2018 Klubmeisterschaftsbeginn)<\/li>\r\n \t<li>Mitte bis Ende Juli 2018: Dorfmeisterschaft<\/li>\r\n \t<li>04. August: Grillfeier mit Ehrung Dorfmeisterschaft<\/li>\r\n<\/ul>\r\nDie genauen Planungen und Einladungen werden jeweils rechtzeitig vor den Ereignissen bekanntgegeben.\r\n\r\n<strong>Abstiegskampf<\/strong>\r\n\r\nZurzeit k\u00f6nnen nur die Damen und die Jugend zufrieden auf die Tabelle blicken. W\u00e4hrend die Damen Ihre Tabellenf\u00fchrung verteidigen und einen hei\u00dfen Kampf um die Meisterschaft und Aufstieg erwarten, tun sich unsere beiden Herren- und die gemischte Mannschaft zurzeit schwer und m\u00fcssen sich mit dem Abstiegskampf besch\u00e4ftigen.\r\n\r\nF\u00fcr das Team &#8220;DT Herren 1&#8221; wird die Luft im Kampf um den Klassenerhalt d\u00fcnner. Aber noch geben sie nicht auf und k\u00e4mpfen in den restlichen sechs Spielen um den rettenden 8. Tabellenplatz. Aussichtslos ist der Kampf nicht, aber ein Punktgewinn in den n\u00e4chsten Spielen w\u00e4re wichtig.\r\n\r\nImmer noch hat die Mannschaft &#8220;DT Herren 2&#8221; mit Personalsorgen zu k\u00e4mpfen, so mussten die letzten Spiele immer auf Ersatzspieler zur\u00fcckgegriffen werden. So haben sie die Saison noch nicht oft bei den Spielern aus den Vollen sch\u00f6pfen k\u00f6nnen. Sie belegen zurzeit den 8. Tabellenplatz und haben 2 Punkte Vorsprung auf den Abstiegsplatz.\r\n\r\nBei unserer &#8220;DT Gemischt&#8221;-Mannschaft ist die Liga sehr stark, sodass sich die Spieler und Spielerinnen schwertun, gegen die Gegner mitzuhalten. Es kristallisierte sich schon in der Vorrunde ein enger Abstiegskampf von 3 Teams heraus. Derzeit belegt das Team den 9. Platz, sie sind allerdings punktgleich mit dem rettenden 8. Platz.\r\n\r\n<strong>Einzelmeisterschaft: Titel f\u00fcr Rafeld<\/strong>\r\n\r\nDie Aktiven-Einzelmeisterschaft des KV Schweinfurt fand am vergangenen Wochenende auf verschiedenen Bahnen im Raum Schweinfurt statt. Mit einem guten Ergebnis konnte sich Kai Mauder den Titel \u201eVereinsmeister\u201c erkegeln. Auch die restlichen Ergebnisse und Platzierungen k\u00f6nnen sich sehen lassen.\r\n\r\n<em>U23 m\u00e4nnlich:\r\n<\/em>Kai Mauder <strong>1. Platz<\/strong> mit 1.031 Holz (505+526)\r\n\r\n<em>Frauen:\r\n<\/em><span style=\"font-size: 20px;\">Helena N\u00f6th 2. Platz mit 1.088 Holz (556+521)<\/span>\r\n\r\n<em>Herren:\r\n<\/em><span style=\"font-size: 20px;\">J\u00fcrgen Landeck 5. Platz mit 1.089 Holz (523+566)\r\n<\/span><span style=\"font-size: 20px;\">Oliver Werner 6. Platz mit 1.088 Holz (551+537)\r\n<\/span><span style=\"font-size: 20px;\">Sascha M\u00fcller 9. Platz mit 1.066 Holz (556+510)\r\n<\/span>Philipp H\u00fcmmer 13. Platz mit 986 Holz\r\nMatthias Braun 16. Platz mit 524 Holz (1 Durchgang)\r\n\r\n<strong>Damen erobern Tabellenf\u00fchrung<\/strong>\r\n\r\nUnsere Damenmannschaft hat durch einen Sieg im Spitzenspiel gegen den vorherigen Tabellenf\u00fchrer den 1. Platz \u00fcbernommen. So k\u00f6nnen die Rafelder M\u00e4dels zufrieden in die Weihnachtspause gehen.\r\n\r\n<a href=\"https:\/\/www.doppelturm.de\/?page_id=1624\">Bisherige Damenergebnisse<\/a>\r\n\r\n<strong>\r\nVorrundenbilanz<\/strong>\r\n\r\nHerren 1 Platz 9 mit 3:15 Punkten\r\nHerren 2 Platz 8 mit 6:12 Punkten\r\nDamen <strong>Platz 2<\/strong> mit 12:4 Punkten\r\nGemischte Platz 8 mit 4:14 Punkten\r\nJugend 1 <strong>Platz 1<\/strong> mit 8:0 Punkten\r\nJugend 2 Platz 5 mit 0:8 Punkten\r\n<p class=\"RundschauStandardText\">Von nun an beginnt die R\u00fcckrunde der Kegelsaison 2017\/2018. Wir w\u00fcnschen allen unseren Mannschaften \u201eGut Holz\u201c f\u00fcr die kommenden und entscheidenden Spiele, sodass die Tabellenpl\u00e4tze mindestens gehalten werden \ud83d\ude42<\/p>\r\n\r\n\r\n<strong>Rafelder Jugend sahnt bei Einzelmeisterschaft ab\r\n<\/strong>\r\n\r\nDie Jugend-Einzelmeisterschaft des KV Schweinfurt fand am 25. und 26. November 2017 auf den Bahnen von Dittelbrunn und Grafenrheinfeld satt. Besonders stolz sind wir, dass sich fast all unsere Jugendlichen an den Start gewagt haben und damit die H\u00e4lfte des Teilnehmerfeldes aus Rafeld stammte. Unser Nachwuchs konnte auch zwei Titel und drei weitere Medaillenpl\u00e4tze ergattern. Auch mit den erreichten Ergebnissen k\u00f6nnen sie zufrieden sein.\r\n\r\n<strong>Jugend B U14 weiblich:<\/strong>\r\n\r\nLara Eisenhut <strong>1. Platz <\/strong>mit 947 Holz (491+456)\r\n\r\n<strong>Jugend A U18 weiblich:<\/strong>\r\n\r\nSina Werner 4. Platz mit 859 Holz (436+423)\r\n<span style=\"font-size: 20px;\">Jana Braun 7. Platz mit 729 Holz (352+376)<\/span>\r\n\r\n<strong>Jugend B U14 m\u00e4nnlich:<\/strong>\r\n\r\nAaron Eisenhut <strong>2. Platz<\/strong> mit 610 Holz (314+296)\r\n\r\n<strong>Jugend A U18 m\u00e4nnlich:<\/strong>\r\n\r\nLeo Weigand <strong>1. Platz<\/strong> mit <strong>1.027<\/strong> Holz (<strong>510<\/strong>+<strong>517<\/strong>)\r\n<span style=\"font-size: 20px;\">Jan Simon Landeck <\/span><strong style=\"font-size: 20px;\">2<\/strong><strong style=\"font-size: 20px;\">. Platz<\/strong><span style=\"font-size: 20px;\"> mit <\/span><strong style=\"font-size: 20px;\">1.022<\/strong><span style=\"font-size: 20px;\"> Holz (<\/span><strong style=\"font-size: 20px;\">538<\/strong><span style=\"font-size: 20px;\">+484)\r\n<\/span>Florian Schreiner <strong>3. Platz<\/strong> mit 977 Holz (<strong>502<\/strong>+475)\r\n<span style=\"font-size: 20px;\">Fabian Stingl 5. Platz mit 967 Holz (<\/span><strong style=\"font-size: 20px;\">518<\/strong><span style=\"font-size: 20px;\">+449)\r\n<\/span><span style=\"font-size: 20px;\">Florian Werner 7. Platz mit 936 Holz (481+455)\r\n<\/span><span style=\"font-size: 20px;\">Marius Krieger 8. Platz mit 925 Holz (<\/span><strong style=\"font-size: 20px;\">506<\/strong><span style=\"font-size: 20px;\">+419)<\/span><span style=\"font-size: 20px;\">\r\n<\/span>\r\n\r\nAlle Starter haben sich f\u00fcr die nachfolgende Meisterschaft qualifiziert. Stolz blicken die Trainerinnen und der ganze Verein auf unsere tolle, engagierte und talentierte Jugend. Wir k\u00f6nnen erwartungsvoll in die Zukunft blicken!\r\n\r\n<strong>Herausforderung: Bezirksoberliga<\/strong>\r\n\r\nWie bereits berichtet, hat es unsere 1. Herrenmannschaft geschafft zum dritten Mal in Folge den Meistertitel zu erringen. Infolgedessen war dies auch der dritte Aufstieg innerhalb von drei Saisons! Nun d\u00fcrfen Sie Ihr K\u00f6nnen in der Bezirksoberliga beweisen, und wieder als 6er-Mannschaft antreten. Daraufhin musste die Mannschaft nat\u00fcrlich aufgestockt werden. Neben einen erfahrenen Neuzugang haben gleich 3 Jugendspieler den Sprung in die 1. Mannschaft geschafft. So hat sich unsere sowieso schon junge Mannschaft noch mal verj\u00fcngt und so geht diese mit einem durchschnittlichen Alter von lediglich 28 Jahren an den Start. Wir sind gespannt, wie sich die neu zusammengestellte junge Mannschaft in der h\u00f6heren Liga pr\u00e4sentieren wird.\r\n<strong>Auf geht\u2019s, pack ma\u2019s!<\/strong>\r\n\r\n<strong>Lara auf Bayerischer Meisterschaft<\/strong>\r\n\r\nUnsere U14-Jugendspielerin Lara Eisenhut hat sich als amtierende Bezirksmeisterin Unterfranken f\u00fcr die Bayerische Meisterschaft qualifiziert. Die Bayerische Meisterschaft der U14-Jugend fand am 20. und 21. Mai Hallbergmoos-Goldach (bei M\u00fcnchen) statt. Sie erreichte mit Ihrem pers\u00f6nlichen Bestwert von 481 Holz den 19. Platz. Zu viele Fehler auf Abr\u00e4umen verhinderten ein noch besseres Ergebnis, trotzdem kann Lara stolz auf sich sein. Sie hat unseren Verein, bei Ihrer ersten Bayerischen Einzelmeisterschaft, w\u00fcrdig vertreten.\r\n\r\n<strong>Triple-Meister!<\/strong>\r\n\r\n<img decoding=\"async\" loading=\"lazy\" class=\"displayed\" src=\"https:\/\/www.doppelturm.de\/wp-content\/uploads\/2017\/03\/Meisterfeier_2017_03_25_Beitrag.jpg\" alt=\"Meisterbild\" width=\"65%\" height=\"65%\" \/>\r\nZum dritten Mal in Folgen hat es die erste Herrenmannschaft geschafft den Meistertitel zu erringen. Infolgedessen war dies auch der dritte Aufstieg innerhalb von drei Saisons!\r\n\r\nUm die Meister geb\u00fchrend zu Ehren haben sich die Kegler etwas besonderes ausgedacht. Nach der feierlichen \u00dcberreichung einer speziell angefertigten Torte wurden Matthias Braun, Oliver Werner, Philipp H\u00fcmmer und Sascha M\u00fcller vor die T\u00fcr gebracht und mit einem St\u00e4ndchen des Spielmanns und Fanfarenzug Grafenrheinfeld geehrt. Direkt danach wurde die Mannschaft samt den Musikern auf den Wagen von Josef Kimmel verfrachtet und in einem triumphalen Zug durch Grafenrheinfeld gefahren.\r\n\r\nEin herzliches Dankesch\u00f6n m\u00f6chten wir an dieser Stelle an Josef Kimmel f\u00fcr den Triumphzug entrichten. Ebenfalls bedanken wir uns f\u00fcr die musikalische Untermalung durch den Spielmanns- und Fanfarenzug Grafenrheinfeld die uns auf der Fahrt begleiteten und enorm zur feierlichen Stimmung beisteuerten. Ein drittes gro\u00dfes Danke richten wir noch an Jennefer Mauder und Jessica H\u00fcmmer f\u00fcr die beeindruckende Torte die unseren Meistern gewidmet wurde.\r\n\r\n<a href=\"https:\/\/www.doppelturm.de\/?page_id=1466\">Hier gibt es mehr Bilder<\/a>\r\n<p><strong>Stimmensammlung der \u00dcZ abgeschlossen<\/strong><\/p>\r\n<p>Der SKK-Dopppelturm hat es bei der Unterst\u00fctzungsaktion f\u00fcr Vereine der \u00dcZ auf Platz 2 geschafft! Wir sind \u00fcberw\u00e4ltigt von diesem Ergebnis und wollen uns ganz herzlichi bei all unseren  Unterst\u00fctzern Bedanken!<\/p>\r\n<!-- \/wp:wp:paragraph -->\r\n\r\n\r\n\r\n<p><strong>Saisonstart ab dem 10.10.2020!<\/strong><\/p>\r\n<p>Es wurde nun beschlossen die Saison doch zu starten. Die Termine werden im Veranstaltungskalender erg\u00e4nzt, sobald die Spielpl\u00e4ne verf\u00fcgbar sind. Gut Holz!<\/p>\r\n<!-- \/wp:wp:paragraph -->\r\n\r\n<!-- wp:paragraph -->\r\n<p><strong>Stimmensammlung der \u00dcZ abgeschlossen<\/strong><\/p>\r\n<p>Die Zeit f\u00fcr die Stimmabgabe ist abgeschlossen &#8211; diese werden nun ausgewertet und wir hoffen auf ein gutes Gesamtergebnis. An dieser Stelle vielen Dank an alle Unterst\u00fctzer!<\/p>\r\n<!-- \/wp:wp:paragraph -->\r\n\r\n\r\n<!-- wp:paragraph -->\r\n<p><strong>Doppelturmjugend ben\u00f6tigt Eure Stimmen\r\n<\/strong><\/p>\r\n<!-- \/wp:paragraph -->\r\n\r\n<!-- wp:paragraph -->\r\n<p>Bei der \u00dcZ Aktion \u201eHilfe f\u00fcr\r\nVereine\u201c ben\u00f6tigen wir eure Stimmen. Und so funktionierts: Auf der Homepage www.uez.de\/hilfe-fuer-vereine,\r\nauf Facebook und auf Instagram k\u00f6nnt ihr bei den Originalbeitr\u00e4gen f\u00fcr uns\r\nstimmen. Auf unserer Homepage unter www.doppelturm.de und auf Facebook.com\/doppelturm\r\nsind die direkten Links zu unserer Abstimmung ver\u00f6ffentlicht. Die Aktion l\u00e4uft\r\nnoch bis 30.9. und in dieser Zeit hei\u00dft es abstimmen, teilen und liken was das\r\nZeug h\u00e4lt.<\/p>\r\n<!-- \/wp:paragraph -->\r\n\r\n<!-- wp:paragraph -->\r\n<p><strong>Unsere Corona-Lage<\/strong><\/p>\r\n<!-- \/wp:paragraph -->\r\n\r\n<!-- wp:paragraph -->\r\n<p>Durch die Pandemie haben die\r\nRafelder Kegler Ihre gr\u00f6\u00dften Einnahmequellen verloren. Sowohl die\r\nEigenbewirtung des Vereinsheimes bei den Wettk\u00e4mpfen, Training, Hobbykegler ist\r\nkomplett stillgelegt, als auch verschiedene Veranstaltungen, die wir ersatzlos\r\nstreichen mussten. Allen voran die Kegeldorfmeisterschaft, die Beteiligung an\r\nder gro\u00dfen Rafelder Kirchweih, unsere gro\u00dfgeplante 60-Jahr-Feier, das\r\nallj\u00e4hrliche Grillfest, verschiedene Turniere und Meisterschaften. Auf der anderen\r\nSeite bleiben die Kosten (Miete, Unterhalt der Anlage, Strom, \u2026) f\u00fcr die\r\nKegelbahn und Vereinsheim gleich. Der f\u00fcr Mitte September anberaumte\r\nSaisonstart wurde verschoben, aber selbst dieser wird uns nur wenig Einnahmen\r\ngenerieren, da Zuschauer nicht gestattet werden. Unter h\u00f6chsten Auflagen wurde\r\nein Hygienekonzept erarbeitet, sodass mit dem Training bereits im Juli wieder\r\nbegonnen werden konnte. Im Moment hoffen wir auf einen Start des Spielbetriebs\r\nim Oktober, sodass die Rafelder Kegler die Kugeln wieder rollen lassen d\u00fcrfen.<\/p>\r\n<!-- \/wp:paragraph -->\r\n\r\n<!-- wp:paragraph -->\r\n<p><strong>Saisonstart wurde verschoben!<\/strong><\/p>\r\n<!-- \/wp:paragraph -->\r\n\r\n<!-- wp:paragraph -->\r\n<p>Der Beginn der Saison 2020\/21 wurde vom BSKV vorerst verschoben. Ein Plan \u00fcber verschiedene Termine existiert bereits. Sobald wir n\u00e4here Informationen haben, wann die Saison beginnen k\u00f6nnte, werden wir euch in der Rundschau und auf der Homepage informieren! <br><\/p>\r\n<!-- \/wp:paragraph -->\r\n\r\n<!-- wp:list -->\r\n<ul><li>Plan A: Saisonstart im Oktober<\/li><li>Plan B: Saisonstart im November<\/li><li>Plan C: Saisonstart im Januar 2021<\/li><\/ul>\r\n<!-- \/wp:list -->\r\n\r\n<strong>Dorfmeisterschaft 2019<\/strong>\r\n\r\nDie Dorfmeisterschaft ist in vollem Gange &#8211; Und das noch bis einschlie\u00dflich Freitag!\r\n\r\nEs wurden bereits hervorragende Ergebnisse gespielt. Die aktuell F\u00fchrenden finden sich in der nachfolgenden Liste:\r\n<table class=\"tablerpt\">\r\n<tbody>\r\n<tr>\r\n<td class=\"lineheaderc\" height=\"20\">Rang<\/td>\r\n<td class=\"lineheaderc\" height=\"20\">Name<\/td>\r\n<td class=\"lineheaderc\" height=\"20\">Ergebnis<\/td>\r\n<\/tr>\r\n<tr>\r\n<td class=\"lineheaderc\" colspan=\"3\" height=\"20\">Mannschaften<\/td>\r\n<\/tr>\r\n<tr>\r\n<td class=\"cellborderc\" height=\"20\"><b>1<\/b><\/td>\r\n<td class=\"cellborderc\" height=\"20\">B-Team<\/td>\r\n<td class=\"cellborderc\" height=\"20\">803<\/td>\r\n<\/tr>\r\n<tr>\r\n<td class=\"cellborderc\" height=\"20\"><b>2<\/b><\/td>\r\n<td class=\"cellborderc\" height=\"20\">3 Engel f\u00fcr Wolfgang<\/td>\r\n<td class=\"cellborderc\" height=\"20\">736<\/td>\r\n<\/tr>\r\n<tr>\r\n<td class=\"cellborderc\" height=\"20\"><b>3<\/b><\/td>\r\n<td class=\"cellborderc\" height=\"20\">RaF<\/td>\r\n<td class=\"cellborderc\" height=\"20\">652<\/td>\r\n<\/tr>\r\n<tr>\r\n<td class=\"lineheaderc\" colspan=\"3\" height=\"20\">Herren<\/td>\r\n<\/tr>\r\n<tr>\r\n<td class=\"cellborderc\" height=\"20\"><b>1<\/b><\/td>\r\n<td class=\"cellborderc\" height=\"20\">K\u00fcnzel, Ralf<\/td>\r\n<td class=\"cellborderc\" height=\"20\">205<\/td>\r\n<\/tr>\r\n<tr>\r\n<td class=\"cellborderc\" height=\"20\"><b>2<\/b><\/td>\r\n<td class=\"cellborderc\" height=\"20\">Melber, Udo<\/td>\r\n<td class=\"cellborderc\" height=\"20\">202<\/td>\r\n<\/tr>\r\n<tr>\r\n<td class=\"cellborderc\" height=\"20\"><b>3<\/b><\/td>\r\n<td class=\"cellborderc\" height=\"20\">Wegner, Manfred<\/td>\r\n<td class=\"cellborderc\" height=\"20\">199<\/td>\r\n<\/tr>\r\n<tr>\r\n<td class=\"lineheaderc\" colspan=\"3\" height=\"20\">Damen<\/td>\r\n<\/tr>\r\n<tr>\r\n<td class=\"cellborderc\" height=\"20\"><b>1<\/b><\/td>\r\n<td class=\"cellborderc\" height=\"20\">Knorr, Nadja<\/td>\r\n<td class=\"cellborderc\" height=\"20\">200<\/td>\r\n<\/tr>\r\n<tr>\r\n<td class=\"cellborderc\" height=\"20\"><b>2<\/b><\/td>\r\n<td class=\"cellborderc\" height=\"20\">Lehmann, Kerstin<\/td>\r\n<td class=\"cellborderc\" height=\"20\">188<\/td>\r\n<\/tr>\r\n<tr>\r\n<td class=\"cellborderc\" height=\"20\"><b>3<\/b><\/td>\r\n<td class=\"cellborderc\" height=\"20\">Schreiner, Karin<\/td>\r\n<td class=\"cellborderc\" height=\"20\">188<\/td>\r\n<\/tr>\r\n<tr>\r\n<td class=\"lineheaderc\" colspan=\"3\" height=\"20\">Jugend<\/td>\r\n<\/tr>\r\n<tr>\r\n<td class=\"cellborderc\" height=\"20\"><b>1<\/b><\/td>\r\n<td class=\"cellborderc\" height=\"20\">Gehling, Alina<\/td>\r\n<td class=\"cellborderc\" height=\"20\">142<\/td>\r\n<\/tr>\r\n<tr>\r\n<td class=\"cellborderc\" height=\"20\"><b>2<\/b><\/td>\r\n<td class=\"cellborderc\" height=\"20\">Schmich, Luis<\/td>\r\n<td class=\"cellborderc\" height=\"20\">140<\/td>\r\n<\/tr>\r\n<tr>\r\n<td class=\"cellborderc\" height=\"20\"><b>3<\/b><\/td>\r\n<td class=\"cellborderc\" height=\"20\">Lausemeyer, Jonas<\/td>\r\n<td class=\"cellborderc\" height=\"20\">123<\/td>\r\n<\/tr>\r\n<\/tbody>\r\n<\/table>\r\nDie vollst\u00e4ndigen Ergebnisse gibt es <a href=\"https:\/\/www.doppelturm.de\/?page_id=2192\">hier<\/a>.\r\n\r\n<strong>Saisonstart f\u00fcr Rafelder Kegler<\/strong>\r\n\r\nDie neue Saison 2018\/2019 hat vergangenes Wochenende gestartet. Die Rafelder Kegler starteten alle mit Ausw\u00e4rtsspielen und leider nicht sehr erfolgreich. Zwar konnten die Ergebnisse sich sehen lassen, aber leider ist &#8211; au\u00dfer bei der 1. Herrenmannschaft &#8211; kein Punktgewinn herausgesprungen.\r\n\r\n<strong>Saisonvorbereitung<\/strong>\r\n\r\nDer Doppelturm hat f\u00fcr die Saison 2018\/2019 sieben Mannschaften gemeldet. Saisonbeginn f\u00fcr die Aktiven ist der 08.09.2018. Zu folgenden Zeiten werden die Heimspiele der jeweiligen Mannschaften stattfinden:\r\n\r\nJugend 1: Freitag 17:30 Uhr\r\nJugend 2: Donnerstag 17:30 Uhr\r\nHerren 1: Samstag 17:00 Uhr\r\nHerren 2: Samstag 15:00 Uhr\r\nHerren 3: Samstag 13:00 Uhr\r\nGemischte: Sonntag 10:00 Uhr\r\nDamen: Sonntag 14:30 Uhr\r\n\r\nAufgrund des Abstieges der 1. Herrenmannschaft und der damit verbundene wieder verringerten Mannschaftsst\u00e4rke, hat sich in den Mannschaftszusammenstellungen doch einige \u00c4nderungen ergeben. Trotz knapper Spieleranzahl haben wir uns dazu entschlossen eine 3. Herrenmannschaft zus\u00e4tzlich zur Gemischten Mannschaft zu stellen. Wie in der letzten Saison d\u00fcrfen alle Mannschaften mit den moderneren 120 Schubsystem mit Punktewertung antreten.\r\n\r\n<strong>Herausforderung Landesliga:<\/strong>\r\n\r\nWie bereits berichtet, hat es unsere Damenmannschaft geschafft den Meistertitel in der Bezirksoberliga Unterfranken zu erringen und sind in die Landesliga Nord aufgestiegen. Wir sind gespannt, wie sich unsere erfolgsverw\u00f6hnten Damen in der \u00fcberregionalen Liga, mit starken Gegnern und unbekannten Bahnen in der h\u00f6heren Liga pr\u00e4sentieren wird.\r\n\r\n<strong>Auf geht\u2019s, pack ma\u2019s!<\/strong>\r\n<strong>Dorfmeisterschaft 2018<\/strong>\r\n\r\nDie Dorfmeisterschaft ist nun beendet und es haben sich die unten stehenden Dorfmeister ergeben.\r\n\r\nDer Doppelturm gratuliert allen Startern und Starterinnen zu den erk\u00e4mpften Ergebnissen!\r\n<table class=\"tablerpt\">\r\n<tbody>\r\n<tr>\r\n<td class=\"lineheaderc\" height=\"20\">Rang<\/td>\r\n<td class=\"lineheaderc\" height=\"20\">Name<\/td>\r\n<td class=\"lineheaderc\" height=\"20\">Ergebnis<\/td>\r\n<\/tr>\r\n<tr>\r\n<td class=\"lineheaderc\" colspan=\"3\" height=\"20\">Mannschaften<\/td>\r\n<\/tr>\r\n<tr>\r\n<td class=\"cellborderc\" height=\"20\"><b>1<\/b><\/td>\r\n<td class=\"cellborderc\" height=\"20\">B-Team<\/td>\r\n<td class=\"cellborderc\" height=\"20\">814<\/td>\r\n<\/tr>\r\n<tr>\r\n<td class=\"cellborderc\" height=\"20\"><b>2<\/b><\/td>\r\n<td class=\"cellborderc\" height=\"20\">3 Engel f\u00fcr Wolfgang<\/td>\r\n<td class=\"cellborderc\" height=\"20\">778<\/td>\r\n<\/tr>\r\n<tr>\r\n<td class=\"cellborderc\" height=\"20\"><b>3<\/b><\/td>\r\n<td class=\"cellborderc\" height=\"20\">Die Verr\u00fcckten H\u00fchner<\/td>\r\n<td class=\"cellborderc\" height=\"20\">695<\/td>\r\n<\/tr>\r\n<tr>\r\n<td class=\"lineheaderc\" colspan=\"3\" height=\"20\">Herren<\/td>\r\n<\/tr>\r\n<tr>\r\n<td class=\"cellborderc\" height=\"20\"><b>1<\/b><\/td>\r\n<td class=\"cellborderc\" height=\"20\">Melber, Udo<\/td>\r\n<td class=\"cellborderc\" height=\"20\">212<\/td>\r\n<\/tr>\r\n<tr>\r\n<td class=\"cellborderc\" height=\"20\"><b>2<\/b><\/td>\r\n<td class=\"cellborderc\" height=\"20\">K\u00fcnzel, Ralf<\/td>\r\n<td class=\"cellborderc\" height=\"20\">212<\/td>\r\n<\/tr>\r\n<tr>\r\n<td class=\"cellborderc\" height=\"20\"><b>3<\/b><\/td>\r\n<td class=\"cellborderc\" height=\"20\">Schneider, Wolfgang<\/td>\r\n<td class=\"cellborderc\" height=\"20\">199<\/td>\r\n<\/tr>\r\n<tr>\r\n<td class=\"lineheaderc\" colspan=\"3\" height=\"20\">Damen<\/td>\r\n<\/tr>\r\n<tr>\r\n<td class=\"cellborderc\" height=\"20\"><b>1<\/b><\/td>\r\n<td class=\"cellborderc\" height=\"20\">Knorr, Nadja<\/td>\r\n<td class=\"cellborderc\" height=\"20\">205<\/td>\r\n<\/tr>\r\n<tr>\r\n<td class=\"cellborderc\" height=\"20\"><b>2<\/b><\/td>\r\n<td class=\"cellborderc\" height=\"20\">Lehmann, Kerstin<\/td>\r\n<td class=\"cellborderc\" height=\"20\">205<\/td>\r\n<\/tr>\r\n<tr>\r\n<td class=\"cellborderc\" height=\"20\"><b>3<\/b><\/td>\r\n<td class=\"cellborderc\" height=\"20\">Libowski-Gehling, Alexandra<\/td>\r\n<td class=\"cellborderc\" height=\"20\">194<\/td>\r\n<\/tr>\r\n<tr>\r\n<td class=\"lineheaderc\" colspan=\"3\" height=\"20\">Jugend<\/td>\r\n<\/tr>\r\n<tr>\r\n<td class=\"cellborderc\" height=\"20\"><b>1<\/b><\/td>\r\n<td class=\"cellborderc\" height=\"20\">Mehlert, Christian<\/td>\r\n<td class=\"cellborderc\" height=\"20\">150<\/td>\r\n<\/tr>\r\n<tr>\r\n<td class=\"cellborderc\" height=\"20\"><b>2<\/b><\/td>\r\n<td class=\"cellborderc\" height=\"20\">Schmich, Luis<\/td>\r\n<td class=\"cellborderc\" height=\"20\">149<\/td>\r\n<\/tr>\r\n<tr>\r\n<td class=\"cellborderc\" height=\"20\"><b>3<\/b><\/td>\r\n<td class=\"cellborderc\" height=\"20\">Gehling, Alina<\/td>\r\n<td class=\"cellborderc\" height=\"20\">130<\/td>\r\n<\/tr>\r\n<\/tbody>\r\n<\/table>\r\nDie vollst\u00e4ndigen Ergebnisse gibt es <a href=\"https:\/\/www.doppelturm.de\/?page_id=1830\">hier<\/a>.\r\n<strong>Samstag hei\u00dft es Daumen dr\u00fccken f\u00fcr Fabian<\/strong>\r\n\r\nAm Samstag, den 5. Mai steht die Bayerische Einzelmeisterschaft der Jugend auf den Programm. Unser Jugendspieler Fabian hat sich als 1. Nachr\u00fccker f\u00fcr den Vergleich qualifiziert. Er startet um 15:10 Uhr beim FC Eintracht Bamberg. Der ganze Verein dr\u00fcckt Fabian die Daumen bei dieser \u00fcberregionalen Meisterschaft und w\u00fcnscht ihm viel Spa\u00df, Erfolg und nat\u00fcrlich \u201eGUT HOLZ\u201c!\r\n\r\n<strong>Klubmeisterschaft so spannend wie lange nicht!<\/strong>\r\n\r\nAm Samstag steht unser Finale der internen Klubmeisterschaft an. Die drei Vorl\u00e4ufe sind, so gut wie, abgeschlossen und es zeigt sich in fast jeder Kategorie ein spannendes Bild.\r\n\r\nBei den Herren f\u00fchrt Matthias mit 22 Holz vor Sascha, dahinter mit 18 Holz R\u00fcckstand befindet sich Oliver in Lauerstellung. Bei den Damen geht es ganz eng zur Sache, Jenny f\u00fchrt hauchd\u00fcnn mit 1 Holz vor Helena und 18 Holz vor Silvia &#8211; hier ist noch alles drin. Bei unserer Jugend A hat sich ein Zweikampf zwischen Leo und Fabian herauskristallisiert, die beiden trennen lediglich 4 Holz. Dagegen ist bei der Jugend B und Senioren, aufgrund geringer Teilnehmer, bereits entschieden.\r\n\r\nAber bei unserer Klubmeisterschaft geht es nicht nur um den Titel, sondern es geht immer auch um die &#8220;K\u00fcmmerli&#8221; und &#8220;Wurscht&#8221; f\u00fcr die hinteren Pl\u00e4tze \ud83d\ude00\r\n\r\n<span style=\"font-size: 20px;\"><em><span style=\"background-color: #ffffff;\">Startzeiten f\u00fcr Samstag:<\/span><\/em><\/span>\r\n<p style=\"font-size: 20px; background-color: #ffffff;\">13:30 Uhr: Jana, Marius, Christine und Pia\r\n14:30 Uhr: Flo S, Flo W, Gerd\r\n15:30 Uhr: Leo, Fabian, Lara und Jan Simon\r\n16:30 Uhr: Burkard, J\u00fcrgen, Silvia und Oli\r\n17:30 Uhr: Sascha, Mattl, Helena und Jenny<\/p>\r\n<p style=\"font-size: 20px; background-color: #ffffff;\"><span style=\"background-color: #ffffff; font-size: 20px;\">Direkt im Anschluss gehen wir zum gem\u00fctlichen Teil des Abends \u00fcber mit Siegerehrung, Speis und Trank.<\/span><\/p>\r\n<a href=\"https:\/\/www.doppelturm.de\/?page_id=1786\">Aktuelle Ergebnisse Klubmeisterschaft<\/a>\r\n\r\n<strong>Fabian zur Bayerischen Meisterschaft!<\/strong>\r\n\r\nBei unserem U18-Jugendspieler Fabian Stingl war die Entt\u00e4uschung \u00fcber den zwar tollen, aber doch undankbaren 4. Platz bei der Bezirksmeisterschaft und die damit knapp nicht erreichte Qualifikation f\u00fcr die Bayerische Meisterschaft gro\u00df. Umso gr\u00f6\u00dfer war die \u00dcberraschung und Freude, als die Information kam, dass der Landeskader Startpl\u00e4tze zur\u00fcckgibt und somit Fabian, als 1. Nachr\u00fccker, sich doch bei der Bayerischen Meisterschaft messen darf. Diese findet am 05. und 06. Mai 2018 in Bamberg (U18: FC Eintracht Bamberg) statt. Der ganze Verein dr\u00fcckt Fabian die Daumen bei dieser \u00fcberregionalen Meisterschaft und w\u00fcnscht ihm viel Spa\u00df, Erfolg und nat\u00fcrlich \u201eGUT HOLZ\u201c!\r\n\r\n<strong>Bezirksmeisterschaften Jugend\r\n<\/strong>\r\n\r\nDie Bezirksmeisterschaft Unterfranken der Jugend fand am 14. und 15. April statt. W\u00e4hrend die U18 beim ESV Schweinfurt an den Start gingen, haben sich die U14-Spieler\/innen in Grafenrheinfeld, auf unseren Bahnen, eingefunden.\r\n\r\nEndergebnisse und Platzierungen:\r\n\r\n<em>U14 in Grafenrheinfeld:\r\n<\/em><span style=\"font-size: 20px;\">Lara Eisenhut 9. Platz mit 435+426 Holz<\/span><em>\r\n<\/em>\r\n\r\n<em>U18 beim ESV Schweinfurt:\r\n<\/em><span style=\"font-size: 20px;\">Sina Werner 8. Platz mit 444+472 Holz\r\nJana Braun 15. Platz mit 398 Holz<\/span>\r\n\r\nFabian Stingl <strong>4. Platz mit 556+519 Holz!\r\n<\/strong><span style=\"font-size: 20px;\">Leo Weigand 20. Platz mit 486 Holz<\/span>\r\n\r\nBesonders erfolgreich hat sich Fabian Stingl in seiner ersten Saison als U18-Spieler geschlagen. Er lag nach dem Vorlauf, mit seinem pers\u00f6nlichen Ergebnisrekord, sogar auf den dritten Platz und durfte auf einen Podestplatz und damit der Qualifikation f\u00fcr die Bayerische Meisterschaft hoffen. Trotz, dass es nicht ganz gereicht hat, darf er stolz auf seine Leistung und Entwicklung sein. Auch die anderen Jugendlichen haben gute Leistungen gezeigt, wobei der Ehrgeiz f\u00fcr ein besseres Ergebnis und dadurch Platzierung bei manchen nat\u00fcrlich gr\u00f6\u00dfer war.\r\n\r\nDer Verein dankt den vielen flei\u00dfigen Helfern, die n\u00f6tig waren, um so eine Bezirksmeisterschaft ordnungsgem\u00e4\u00df und zur vollen Zufriedenheit durchf\u00fchren zu k\u00f6nnen.\r\n\r\n<strong>Nach der Saison ist vor der Klubmeisterschaft<\/strong>\r\n\r\nUnsere interne Meisterschaft um den begehrten Titel des \u201eKlubmeister\u201c wird ab sofort mit vier Durchg\u00e4ngen im 120 Schubsystem gespielt. Bis zum 24.04.2018 m\u00fcssen drei Durchg\u00e4nge gekegelt sein. Der letzte Durchgang wird nach Platzierung und Bahnauslosung am 28.04.2018 gespielt. Die Ehrung und Klubmeisterschaftsfeier findet gleich im Anschluss statt. Sportwart Matthias Braun freut sich \u00fcber eine vollst\u00e4ndige Beteiligung und w\u00fcnscht allen Startern recht viel Holz.\r\n\r\n<a href=\"https:\/\/www.doppelturm.de\/?page_id=1786\">Aktueller Zwischenstand<\/a>\r\n\r\n<strong>Die Rafelder-Damen sind MEISTER!\r\n<\/strong><strong>Aufstieg in die Landesliga Nord!<\/strong>\r\n\r\nNach dem dritten Anlauf in Folge haben es unsere Damen endlich geschafft, die Meisterschaft in der Bezirksoberliga zu erreichen. Diesmal war es sogar schon am vorletzten Spieltag klar, indem sie gegen einen direkten Konkurrenten Ihre Heimst\u00e4rke bewiesen haben. Mit der Meisterschaft geht auch der Aufstieg in die \u201eLandesliga Nord\u201c einher.\r\n\r\n<strong>Der ganze Verein gratuliert unserer Damenmannschaft ganz herzlich zur Meisterschaft und Aufstieg!<\/strong>\r\n\r\n<strong>\r\nEndergebnisse Kreismeisterschaft Jugend und Aktive<\/strong>\r\n\r\nDie Einzelmeisterschaft von KV Schweinfurt und KV Ha\u00dfberge fand am 10. und 11. M\u00e4rz statt. Von unserem Verein haben sich 10 Starter an den Einzelvergleich gewagt.\r\n\r\nDass Einzelmeisterschaften Ihre eigenen Regeln haben, mussten besonders unsere m\u00e4nnliche, A-Jugendlichen lernen. Die ansonsten konstant gut spielenden Jungs, die regelm\u00e4\u00dfig an und \u00fcber die 500-er Grenze spielen, kamen diesmal irgendwie nicht zurecht und mussten sich mit einem nur durchschnittlichen Ergebnis zufriedengeben, welches auch nicht f\u00fcr den Endlauf gereicht hat. Besser machten es Jan Simon, Florian W. und am besten Fabian, letzter erreichte auch seinen ersten 1.000-er \u00fcber zwei Durchg\u00e4nge hintereinander. Sina erreichte bei der A-Jugend weiblich einen guten 4. Platz. Die erste Medaille f\u00fcr Rafeld konnte Lara einheimsen, sie erreichte, wie auch schon das letzte Jahr, souver\u00e4n den 2. Podestplatz.\r\n\r\nAuch zwei Erwachsene nahmen bei den Einzelmeisterschaften teil. Helena erreichte, mit jeweils durchschnittlichen Ergebnissen im Vor- und Endlauf, den 6. Platz. Einen relativ unerwarteten und daf\u00fcr umso erfreulicheren Triumph konnte J\u00fcrgen bei der starken M\u00e4nner-Gruppe erreichen. Mit seinem pers\u00f6nlichen Ergebnisrekord von 567 Holz brachte er sich im Vorlauf auf den 4. Tabellenplatz. Im Endlauf machte er es noch besser und verbesserte sich noch mal auf starke 574 Holz und er erk\u00e4mpfte sich den 3. Tabellenplatz und damit die 2. Medaille f\u00fcr Rafeld!\r\n\r\nAnbei erhaltet ihr einen \u00dcberblick wie unsere Starter vom Doppelturm abgeschnitten haben:\r\n<table class=\"tablerpt\">\r\n<tbody>\r\n<tr>\r\n<th class=\"lineheaderc\" colspan=\"3\">Herren<\/th>\r\n<\/tr>\r\n<tr>\r\n<th class=\"lineheaderc\">Platzierung<\/th>\r\n<th class=\"lineheaderc\">Starter<\/th>\r\n<th class=\"lineheaderc\">Gesamtergebnis<\/th>\r\n<\/tr>\r\n<tr>\r\n<td class=\"cellborderc\">3<\/td>\r\n<td class=\"cellborderc\">J\u00fcrgen Landeck<\/td>\r\n<td class=\"cellborderc\">1.141 Holz<\/td>\r\n<\/tr>\r\n<tr>\r\n<th class=\"lineheaderc\" colspan=\"3\">Damen<\/th>\r\n<\/tr>\r\n<tr>\r\n<td class=\"cellborderc\">6<\/td>\r\n<td class=\"cellborderc\">Helena N\u00f6th<\/td>\r\n<td class=\"cellborderc\">1.019 Holz<\/td>\r\n<\/tr>\r\n<tr>\r\n<th class=\"lineheaderc\" colspan=\"3\">U18 m\u00e4nnlich<\/th>\r\n<\/tr>\r\n<tr>\r\n<td class=\"cellborderc\">5<\/td>\r\n<td class=\"cellborderc\">Fabian Stingl<\/td>\r\n<td class=\"cellborderc\">1.001 Holz<\/td>\r\n<\/tr>\r\n<tr>\r\n<td class=\"cellborderc\">8<\/td>\r\n<td class=\"cellborderc\">Florian Werner<\/td>\r\n<td class=\"cellborderc\">971 Holz<\/td>\r\n<\/tr>\r\n<tr>\r\n<td class=\"cellborderc\">11<\/td>\r\n<td class=\"cellborderc\">Jan Simon Landeck<\/td>\r\n<td class=\"cellborderc\">923 Holz<\/td>\r\n<\/tr>\r\n<tr>\r\n<td class=\"cellborderc\">13<\/td>\r\n<td class=\"cellborderc\">Marius Krieger<\/td>\r\n<td class=\"cellborderc\">468 Holz<\/td>\r\n<\/tr>\r\n<tr>\r\n<td class=\"cellborderc\">14<\/td>\r\n<td class=\"cellborderc\">Florian Schreiner<\/td>\r\n<td class=\"cellborderc\">464 Holz<\/td>\r\n<\/tr>\r\n<tr>\r\n<td class=\"cellborderc\">15<\/td>\r\n<td class=\"cellborderc\">Leo Weigand<\/td>\r\n<td class=\"cellborderc\">463 Holz<\/td>\r\n<\/tr>\r\n<tr>\r\n<th class=\"lineheaderc\" colspan=\"3\">U18 weiblich<\/th>\r\n<\/tr>\r\n<tr>\r\n<td class=\"cellborderc\">4<\/td>\r\n<td class=\"cellborderc\">Sina Werner<\/td>\r\n<td class=\"cellborderc\">858 Holz<\/td>\r\n<\/tr>\r\n<tr>\r\n<th class=\"lineheaderc\" colspan=\"3\">U14 weiblich<\/th>\r\n<\/tr>\r\n<tr>\r\n<td class=\"cellborderc\">2<\/td>\r\n<td class=\"cellborderc\">Lara Eisenhut<\/td>\r\n<td class=\"cellborderc\">879 Holz<\/td>\r\n<\/tr>\r\n<tr>\r\n<th class=\"lineheaderc\" colspan=\"3\">U14 m\u00e4nnlich<\/th>\r\n<\/tr>\r\n<tr>\r\n<td class=\"cellborderc\">11<\/td>\r\n<td class=\"cellborderc\">Aaron Eisenhut<\/td>\r\n<td class=\"cellborderc\">338 Holz<\/td>\r\n<\/tr>\r\n<\/tbody>\r\n<\/table>\r\n<strong>Termine &#8211; Termine &#8211; Termine<\/strong>\r\n<ul>\r\n \t<li>13 Februar 2018: Faschingskegeln<\/li>\r\n \t<li>23. M\u00e4rz 2018: Generalversammlung<\/li>\r\n \t<li>28. April 2018: Klubmeisterschaftsendlauf und \u2013feier (ab ca. Mitte M\u00e4rz 2018 Klubmeisterschaftsbeginn)<\/li>\r\n \t<li>Mitte bis Ende Juli 2018: Dorfmeisterschaft<\/li>\r\n \t<li>04. August: Grillfeier mit Ehrung Dorfmeisterschaft<\/li>\r\n<\/ul>\r\nDie genauen Planungen und Einladungen werden jeweils rechtzeitig vor den Ereignissen bekanntgegeben.\r\n\r\n<strong>Abstiegskampf<\/strong>\r\n\r\nZurzeit k\u00f6nnen nur die Damen und die Jugend zufrieden auf die Tabelle blicken. W\u00e4hrend die Damen Ihre Tabellenf\u00fchrung verteidigen und einen hei\u00dfen Kampf um die Meisterschaft und Aufstieg erwarten, tun sich unsere beiden Herren- und die gemischte Mannschaft zurzeit schwer und m\u00fcssen sich mit dem Abstiegskampf besch\u00e4ftigen.\r\n\r\nF\u00fcr das Team &#8220;DT Herren 1&#8221; wird die Luft im Kampf um den Klassenerhalt d\u00fcnner. Aber noch geben sie nicht auf und k\u00e4mpfen in den restlichen sechs Spielen um den rettenden 8. Tabellenplatz. Aussichtslos ist der Kampf nicht, aber ein Punktgewinn in den n\u00e4chsten Spielen w\u00e4re wichtig.\r\n\r\nImmer noch hat die Mannschaft &#8220;DT Herren 2&#8221; mit Personalsorgen zu k\u00e4mpfen, so mussten die letzten Spiele immer auf Ersatzspieler zur\u00fcckgegriffen werden. So haben sie die Saison noch nicht oft bei den Spielern aus den Vollen sch\u00f6pfen k\u00f6nnen. Sie belegen zurzeit den 8. Tabellenplatz und haben 2 Punkte Vorsprung auf den Abstiegsplatz.\r\n\r\nBei unserer &#8220;DT Gemischt&#8221;-Mannschaft ist die Liga sehr stark, sodass sich die Spieler und Spielerinnen schwertun, gegen die Gegner mitzuhalten. Es kristallisierte sich schon in der Vorrunde ein enger Abstiegskampf von 3 Teams heraus. Derzeit belegt das Team den 9. Platz, sie sind allerdings punktgleich mit dem rettenden 8. Platz.\r\n\r\n<strong>Einzelmeisterschaft: Titel f\u00fcr Rafeld<\/strong>\r\n\r\nDie Aktiven-Einzelmeisterschaft des KV Schweinfurt fand am vergangenen Wochenende auf verschiedenen Bahnen im Raum Schweinfurt statt. Mit einem guten Ergebnis konnte sich Kai Mauder den Titel \u201eVereinsmeister\u201c erkegeln. Auch die restlichen Ergebnisse und Platzierungen k\u00f6nnen sich sehen lassen.\r\n\r\n<em>U23 m\u00e4nnlich:\r\n<\/em>Kai Mauder <strong>1. Platz<\/strong> mit 1.031 Holz (505+526)\r\n\r\n<em>Frauen:\r\n<\/em><span style=\"font-size: 20px;\">Helena N\u00f6th 2. Platz mit 1.088 Holz (556+521)<\/span>\r\n\r\n<em>Herren:\r\n<\/em><span style=\"font-size: 20px;\">J\u00fcrgen Landeck 5. Platz mit 1.089 Holz (523+566)\r\n<\/span><span style=\"font-size: 20px;\">Oliver Werner 6. Platz mit 1.088 Holz (551+537)\r\n<\/span><span style=\"font-size: 20px;\">Sascha M\u00fcller 9. Platz mit 1.066 Holz (556+510)\r\n<\/span>Philipp H\u00fcmmer 13. Platz mit 986 Holz\r\nMatthias Braun 16. Platz mit 524 Holz (1 Durchgang)\r\n\r\n<strong>Damen erobern Tabellenf\u00fchrung<\/strong>\r\n\r\nUnsere Damenmannschaft hat durch einen Sieg im Spitzenspiel gegen den vorherigen Tabellenf\u00fchrer den 1. Platz \u00fcbernommen. So k\u00f6nnen die Rafelder M\u00e4dels zufrieden in die Weihnachtspause gehen.\r\n\r\n<a href=\"https:\/\/www.doppelturm.de\/?page_id=1624\">Bisherige Damenergebnisse<\/a>\r\n\r\n<strong>\r\nVorrundenbilanz<\/strong>\r\n\r\nHerren 1 Platz 9 mit 3:15 Punkten\r\nHerren 2 Platz 8 mit 6:12 Punkten\r\nDamen <strong>Platz 2<\/strong> mit 12:4 Punkten\r\nGemischte Platz 8 mit 4:14 Punkten\r\nJugend 1 <strong>Platz 1<\/strong> mit 8:0 Punkten\r\nJugend 2 Platz 5 mit 0:8 Punkten\r\n<p class=\"RundschauStandardText\">Von nun an beginnt die R\u00fcckrunde der Kegelsaison 2017\/2018. Wir w\u00fcnschen allen unseren Mannschaften \u201eGut Holz\u201c f\u00fcr die kommenden und entscheidenden Spiele, sodass die Tabellenpl\u00e4tze mindestens gehalten werden \ud83d\ude42<\/p>\r\n\r\n\r\n<strong>Rafelder Jugend sahnt bei Einzelmeisterschaft ab\r\n<\/strong>\r\n\r\nDie Jugend-Einzelmeisterschaft des KV Schweinfurt fand am 25. und 26. November 2017 auf den Bahnen von Dittelbrunn und Grafenrheinfeld satt. Besonders stolz sind wir, dass sich fast all unsere Jugendlichen an den Start gewagt haben und damit die H\u00e4lfte des Teilnehmerfeldes aus Rafeld stammte. Unser Nachwuchs konnte auch zwei Titel und drei weitere Medaillenpl\u00e4tze ergattern. Auch mit den erreichten Ergebnissen k\u00f6nnen sie zufrieden sein.\r\n\r\n<strong>Jugend B U14 weiblich:<\/strong>\r\n\r\nLara Eisenhut <strong>1. Platz <\/strong>mit 947 Holz (491+456)\r\n\r\n<strong>Jugend A U18 weiblich:<\/strong>\r\n\r\nSina Werner 4. Platz mit 859 Holz (436+423)\r\n<span style=\"font-size: 20px;\">Jana Braun 7. Platz mit 729 Holz (352+376)<\/span>\r\n\r\n<strong>Jugend B U14 m\u00e4nnlich:<\/strong>\r\n\r\nAaron Eisenhut <strong>2. Platz<\/strong> mit 610 Holz (314+296)\r\n\r\n<strong>Jugend A U18 m\u00e4nnlich:<\/strong>\r\n\r\nLeo Weigand <strong>1. Platz<\/strong> mit <strong>1.027<\/strong> Holz (<strong>510<\/strong>+<strong>517<\/strong>)\r\n<span style=\"font-size: 20px;\">Jan Simon Landeck <\/span><strong style=\"font-size: 20px;\">2<\/strong><strong style=\"font-size: 20px;\">. Platz<\/strong><span style=\"font-size: 20px;\"> mit <\/span><strong style=\"font-size: 20px;\">1.022<\/strong><span style=\"font-size: 20px;\"> Holz (<\/span><strong style=\"font-size: 20px;\">538<\/strong><span style=\"font-size: 20px;\">+484)\r\n<\/span>Florian Schreiner <strong>3. Platz<\/strong> mit 977 Holz (<strong>502<\/strong>+475)\r\n<span style=\"font-size: 20px;\">Fabian Stingl 5. Platz mit 967 Holz (<\/span><strong style=\"font-size: 20px;\">518<\/strong><span style=\"font-size: 20px;\">+449)\r\n<\/span><span style=\"font-size: 20px;\">Florian Werner 7. Platz mit 936 Holz (481+455)\r\n<\/span><span style=\"font-size: 20px;\">Marius Krieger 8. Platz mit 925 Holz (<\/span><strong style=\"font-size: 20px;\">506<\/strong><span style=\"font-size: 20px;\">+419)<\/span><span style=\"font-size: 20px;\">\r\n<\/span>\r\n\r\nAlle Starter haben sich f\u00fcr die nachfolgende Meisterschaft qualifiziert. Stolz blicken die Trainerinnen und der ganze Verein auf unsere tolle, engagierte und talentierte Jugend. Wir k\u00f6nnen erwartungsvoll in die Zukunft blicken!\r\n\r\n<strong>Herausforderung: Bezirksoberliga<\/strong>\r\n\r\nWie bereits berichtet, hat es unsere 1. Herrenmannschaft geschafft zum dritten Mal in Folge den Meistertitel zu erringen. Infolgedessen war dies auch der dritte Aufstieg innerhalb von drei Saisons! Nun d\u00fcrfen Sie Ihr K\u00f6nnen in der Bezirksoberliga beweisen, und wieder als 6er-Mannschaft antreten. Daraufhin musste die Mannschaft nat\u00fcrlich aufgestockt werden. Neben einen erfahrenen Neuzugang haben gleich 3 Jugendspieler den Sprung in die 1. Mannschaft geschafft. So hat sich unsere sowieso schon junge Mannschaft noch mal verj\u00fcngt und so geht diese mit einem durchschnittlichen Alter von lediglich 28 Jahren an den Start. Wir sind gespannt, wie sich die neu zusammengestellte junge Mannschaft in der h\u00f6heren Liga pr\u00e4sentieren wird.\r\n<strong>Auf geht\u2019s, pack ma\u2019s!<\/strong>\r\n\r\n<strong>Lara auf Bayerischer Meisterschaft<\/strong>\r\n\r\nUnsere U14-Jugendspielerin Lara Eisenhut hat sich als amtierende Bezirksmeisterin Unterfranken f\u00fcr die Bayerische Meisterschaft qualifiziert. Die Bayerische Meisterschaft der U14-Jugend fand am 20. und 21. Mai Hallbergmoos-Goldach (bei M\u00fcnchen) statt. Sie erreichte mit Ihrem pers\u00f6nlichen Bestwert von 481 Holz den 19. Platz. Zu viele Fehler auf Abr\u00e4umen verhinderten ein noch besseres Ergebnis, trotzdem kann Lara stolz auf sich sein. Sie hat unseren Verein, bei Ihrer ersten Bayerischen Einzelmeisterschaft, w\u00fcrdig vertreten.\r\n\r\n<strong>Triple-Meister!<\/strong>\r\n\r\n<img decoding=\"async\" loading=\"lazy\" class=\"displayed\" src=\"https:\/\/www.doppelturm.de\/wp-content\/uploads\/2017\/03\/Meisterfeier_2017_03_25_Beitrag.jpg\" alt=\"Meisterbild\" width=\"65%\" height=\"65%\" \/>\r\nZum dritten Mal in Folgen hat es die erste Herrenmannschaft geschafft den Meistertitel zu erringen. Infolgedessen war dies auch der dritte Aufstieg innerhalb von drei Saisons!\r\n\r\nUm die Meister geb\u00fchrend zu Ehren haben sich die Kegler etwas besonderes ausgedacht. Nach der feierlichen \u00dcberreichung einer speziell angefertigten Torte wurden Matthias Braun, Oliver Werner, Philipp H\u00fcmmer und Sascha M\u00fcller vor die T\u00fcr gebracht und mit einem St\u00e4ndchen des Spielmanns und Fanfarenzug Grafenrheinfeld geehrt. Direkt danach wurde die Mannschaft samt den Musikern auf den Wagen von Josef Kimmel verfrachtet und in einem triumphalen Zug durch Grafenrheinfeld gefahren.\r\n\r\nEin herzliches Dankesch\u00f6n m\u00f6chten wir an dieser Stelle an Josef Kimmel f\u00fcr den Triumphzug entrichten. Ebenfalls bedanken wir uns f\u00fcr die musikalische Untermalung durch den Spielmanns- und Fanfarenzug Grafenrheinfeld die uns auf der Fahrt begleiteten und enorm zur feierlichen Stimmung beisteuerten. Ein drittes gro\u00dfes Danke richten wir noch an Jennefer Mauder und Jessica H\u00fcmmer f\u00fcr die beeindruckende Torte die unseren Meistern gewidmet wurde.\r\n\r\n<a href=\"https:\/\/www.doppelturm.de\/?page_id=1466\">Hier gibt es mehr Bilder<\/a>\r\n<p><strong>Spielbetrieb wegen \u00dcberschreitung des Inzidenzwertes >50 ausgesetzt<\/strong><\/p>\r\n<p>Auf Kreis- und Bezirksebene wurde der Spielbetrieb am aktuellen Wochenende ausgesetzt. Die Damen h\u00e4tten in der Landesliga theoretisch ausw\u00e4rts in Bindlach spielen d\u00fcrfen, haben sich mit dem Gegner jedoch darauf geeinigt, das Spiel zu verschieben. Ob n\u00e4chstes Wochende die Spiele wieder stattfinden, k\u00f6nnen wir aktull noch nicht sagen. Das wird sich vermutlich erst relativ kurzfristig ergeben.<\/p>\r\n<!-- \/wp:wp:paragraph -->\r\n\r\n\r\n<p><strong>Stimmensammlung der \u00dcZ abgeschlossen<\/strong><\/p>\r\n<p>Der SKK-Dopppelturm hat es bei der Unterst\u00fctzungsaktion f\u00fcr Vereine der \u00dcZ auf Platz 2 geschafft! Wir sind \u00fcberw\u00e4ltigt von diesem Ergebnis und wollen uns ganz herzlichi bei all unseren  Unterst\u00fctzern Bedanken!<\/p>\r\n<!-- \/wp:wp:paragraph -->\r\n\r\n\r\n<!-- wp:paragraph -->\r\n<p><strong>Saisonstart ab dem 10.10.2020!<\/strong><\/p>\r\n<p>Es wurde nun beschlossen die Saison doch zu starten. Die Termine werden im Veranstaltungskalender erg\u00e4nzt, sobald die Spielpl\u00e4ne verf\u00fcgbar sind. Gut Holz!<\/p>\r\n<!-- \/wp:wp:paragraph -->\r\n\r\n<!-- wp:paragraph -->\r\n<p><strong>Stimmensammlung der \u00dcZ abgeschlossen<\/strong><\/p>\r\n<p>Die Zeit f\u00fcr die Stimmabgabe ist abgeschlossen &#8211; diese werden nun ausgewertet und wir hoffen auf ein gutes Gesamtergebnis. An dieser Stelle vielen Dank an alle Unterst\u00fctzer!<\/p>\r\n<!-- \/wp:wp:paragraph -->\r\n\r\n\r\n<!-- wp:paragraph -->\r\n<p><strong>Doppelturmjugend ben\u00f6tigt Eure Stimmen\r\n<\/strong><\/p>\r\n<!-- \/wp:paragraph -->\r\n\r\n<!-- wp:paragraph -->\r\n<p>Bei der \u00dcZ Aktion \u201eHilfe f\u00fcr\r\nVereine\u201c ben\u00f6tigen wir eure Stimmen. Und so funktionierts: Auf der Homepage www.uez.de\/hilfe-fuer-vereine,\r\nauf Facebook und auf Instagram k\u00f6nnt ihr bei den Originalbeitr\u00e4gen f\u00fcr uns\r\nstimmen. Auf unserer Homepage unter www.doppelturm.de und auf Facebook.com\/doppelturm\r\nsind die direkten Links zu unserer Abstimmung ver\u00f6ffentlicht. Die Aktion l\u00e4uft\r\nnoch bis 30.9. und in dieser Zeit hei\u00dft es abstimmen, teilen und liken was das\r\nZeug h\u00e4lt.<\/p>\r\n<!-- \/wp:paragraph -->\r\n\r\n<!-- wp:paragraph -->\r\n<p><strong>Unsere Corona-Lage<\/strong><\/p>\r\n<!-- \/wp:paragraph -->\r\n\r\n<!-- wp:paragraph -->\r\n<p>Durch die Pandemie haben die\r\nRafelder Kegler Ihre gr\u00f6\u00dften Einnahmequellen verloren. Sowohl die\r\nEigenbewirtung des Vereinsheimes bei den Wettk\u00e4mpfen, Training, Hobbykegler ist\r\nkomplett stillgelegt, als auch verschiedene Veranstaltungen, die wir ersatzlos\r\nstreichen mussten. Allen voran die Kegeldorfmeisterschaft, die Beteiligung an\r\nder gro\u00dfen Rafelder Kirchweih, unsere gro\u00dfgeplante 60-Jahr-Feier, das\r\nallj\u00e4hrliche Grillfest, verschiedene Turniere und Meisterschaften. Auf der anderen\r\nSeite bleiben die Kosten (Miete, Unterhalt der Anlage, Strom, \u2026) f\u00fcr die\r\nKegelbahn und Vereinsheim gleich. Der f\u00fcr Mitte September anberaumte\r\nSaisonstart wurde verschoben, aber selbst dieser wird uns nur wenig Einnahmen\r\ngenerieren, da Zuschauer nicht gestattet werden. Unter h\u00f6chsten Auflagen wurde\r\nein Hygienekonzept erarbeitet, sodass mit dem Training bereits im Juli wieder\r\nbegonnen werden konnte. Im Moment hoffen wir auf einen Start des Spielbetriebs\r\nim Oktober, sodass die Rafelder Kegler die Kugeln wieder rollen lassen d\u00fcrfen.<\/p>\r\n<!-- \/wp:paragraph -->\r\n\r\n<!-- wp:paragraph -->\r\n<p><strong>Saisonstart wurde verschoben!<\/strong><\/p>\r\n<!-- \/wp:paragraph -->\r\n\r\n<!-- wp:paragraph -->\r\n<p>Der Beginn der Saison 2020\/21 wurde vom BSKV vorerst verschoben. Ein Plan \u00fcber verschiedene Termine existiert bereits. Sobald wir n\u00e4here Informationen haben, wann die Saison beginnen k\u00f6nnte, werden wir euch in der Rundschau und auf der Homepage informieren! <br><\/p>\r\n<!-- \/wp:paragraph -->\r\n\r\n<!-- wp:list -->\r\n<ul><li>Plan A: Saisonstart im Oktober<\/li><li>Plan B: Saisonstart im November<\/li><li>Plan C: Saisonstart im Januar 2021<\/li><\/ul>\r\n<!-- \/wp:list -->\r\n\r\n<strong>Dorfmeisterschaft 2019<\/strong>\r\n\r\nDie Dorfmeisterschaft ist in vollem Gange &#8211; Und das noch bis einschlie\u00dflich Freitag!\r\n\r\nEs wurden bereits hervorragende Ergebnisse gespielt. Die aktuell F\u00fchrenden finden sich in der nachfolgenden Liste:\r\n<table class=\"tablerpt\">\r\n<tbody>\r\n<tr>\r\n<td class=\"lineheaderc\" height=\"20\">Rang<\/td>\r\n<td class=\"lineheaderc\" height=\"20\">Name<\/td>\r\n<td class=\"lineheaderc\" height=\"20\">Ergebnis<\/td>\r\n<\/tr>\r\n<tr>\r\n<td class=\"lineheaderc\" colspan=\"3\" height=\"20\">Mannschaften<\/td>\r\n<\/tr>\r\n<tr>\r\n<td class=\"cellborderc\" height=\"20\"><b>1<\/b><\/td>\r\n<td class=\"cellborderc\" height=\"20\">B-Team<\/td>\r\n<td class=\"cellborderc\" height=\"20\">803<\/td>\r\n<\/tr>\r\n<tr>\r\n<td class=\"cellborderc\" height=\"20\"><b>2<\/b><\/td>\r\n<td class=\"cellborderc\" height=\"20\">3 Engel f\u00fcr Wolfgang<\/td>\r\n<td class=\"cellborderc\" height=\"20\">736<\/td>\r\n<\/tr>\r\n<tr>\r\n<td class=\"cellborderc\" height=\"20\"><b>3<\/b><\/td>\r\n<td class=\"cellborderc\" height=\"20\">RaF<\/td>\r\n<td class=\"cellborderc\" height=\"20\">652<\/td>\r\n<\/tr>\r\n<tr>\r\n<td class=\"lineheaderc\" colspan=\"3\" height=\"20\">Herren<\/td>\r\n<\/tr>\r\n<tr>\r\n<td class=\"cellborderc\" height=\"20\"><b>1<\/b><\/td>\r\n<td class=\"cellborderc\" height=\"20\">K\u00fcnzel, Ralf<\/td>\r\n<td class=\"cellborderc\" height=\"20\">205<\/td>\r\n<\/tr>\r\n<tr>\r\n<td class=\"cellborderc\" height=\"20\"><b>2<\/b><\/td>\r\n<td class=\"cellborderc\" height=\"20\">Melber, Udo<\/td>\r\n<td class=\"cellborderc\" height=\"20\">202<\/td>\r\n<\/tr>\r\n<tr>\r\n<td class=\"cellborderc\" height=\"20\"><b>3<\/b><\/td>\r\n<td class=\"cellborderc\" height=\"20\">Wegner, Manfred<\/td>\r\n<td class=\"cellborderc\" height=\"20\">199<\/td>\r\n<\/tr>\r\n<tr>\r\n<td class=\"lineheaderc\" colspan=\"3\" height=\"20\">Damen<\/td>\r\n<\/tr>\r\n<tr>\r\n<td class=\"cellborderc\" height=\"20\"><b>1<\/b><\/td>\r\n<td class=\"cellborderc\" height=\"20\">Knorr, Nadja<\/td>\r\n<td class=\"cellborderc\" height=\"20\">200<\/td>\r\n<\/tr>\r\n<tr>\r\n<td class=\"cellborderc\" height=\"20\"><b>2<\/b><\/td>\r\n<td class=\"cellborderc\" height=\"20\">Lehmann, Kerstin<\/td>\r\n<td class=\"cellborderc\" height=\"20\">188<\/td>\r\n<\/tr>\r\n<tr>\r\n<td class=\"cellborderc\" height=\"20\"><b>3<\/b><\/td>\r\n<td class=\"cellborderc\" height=\"20\">Schreiner, Karin<\/td>\r\n<td class=\"cellborderc\" height=\"20\">188<\/td>\r\n<\/tr>\r\n<tr>\r\n<td class=\"lineheaderc\" colspan=\"3\" height=\"20\">Jugend<\/td>\r\n<\/tr>\r\n<tr>\r\n<td class=\"cellborderc\" height=\"20\"><b>1<\/b><\/td>\r\n<td class=\"cellborderc\" height=\"20\">Gehling, Alina<\/td>\r\n<td class=\"cellborderc\" height=\"20\">142<\/td>\r\n<\/tr>\r\n<tr>\r\n<td class=\"cellborderc\" height=\"20\"><b>2<\/b><\/td>\r\n<td class=\"cellborderc\" height=\"20\">Schmich, Luis<\/td>\r\n<td class=\"cellborderc\" height=\"20\">140<\/td>\r\n<\/tr>\r\n<tr>\r\n<td class=\"cellborderc\" height=\"20\"><b>3<\/b><\/td>\r\n<td class=\"cellborderc\" height=\"20\">Lausemeyer, Jonas<\/td>\r\n<td class=\"cellborderc\" height=\"20\">123<\/td>\r\n<\/tr>\r\n<\/tbody>\r\n<\/table>\r\nDie vollst\u00e4ndigen Ergebnisse gibt es <a href=\"https:\/\/www.doppelturm.de\/?page_id=2192\">hier<\/a>.\r\n\r\n<strong>Saisonstart f\u00fcr Rafelder Kegler<\/strong>\r\n\r\nDie neue Saison 2018\/2019 hat vergangenes Wochenende gestartet. Die Rafelder Kegler starteten alle mit Ausw\u00e4rtsspielen und leider nicht sehr erfolgreich. Zwar konnten die Ergebnisse sich sehen lassen, aber leider ist &#8211; au\u00dfer bei der 1. Herrenmannschaft &#8211; kein Punktgewinn herausgesprungen.\r\n\r\n<strong>Saisonvorbereitung<\/strong>\r\n\r\nDer Doppelturm hat f\u00fcr die Saison 2018\/2019 sieben Mannschaften gemeldet. Saisonbeginn f\u00fcr die Aktiven ist der 08.09.2018. Zu folgenden Zeiten werden die Heimspiele der jeweiligen Mannschaften stattfinden:\r\n\r\nJugend 1: Freitag 17:30 Uhr\r\nJugend 2: Donnerstag 17:30 Uhr\r\nHerren 1: Samstag 17:00 Uhr\r\nHerren 2: Samstag 15:00 Uhr\r\nHerren 3: Samstag 13:00 Uhr\r\nGemischte: Sonntag 10:00 Uhr\r\nDamen: Sonntag 14:30 Uhr\r\n\r\nAufgrund des Abstieges der 1. Herrenmannschaft und der damit verbundene wieder verringerten Mannschaftsst\u00e4rke, hat sich in den Mannschaftszusammenstellungen doch einige \u00c4nderungen ergeben. Trotz knapper Spieleranzahl haben wir uns dazu entschlossen eine 3. Herrenmannschaft zus\u00e4tzlich zur Gemischten Mannschaft zu stellen. Wie in der letzten Saison d\u00fcrfen alle Mannschaften mit den moderneren 120 Schubsystem mit Punktewertung antreten.\r\n\r\n<strong>Herausforderung Landesliga:<\/strong>\r\n\r\nWie bereits berichtet, hat es unsere Damenmannschaft geschafft den Meistertitel in der Bezirksoberliga Unterfranken zu erringen und sind in die Landesliga Nord aufgestiegen. Wir sind gespannt, wie sich unsere erfolgsverw\u00f6hnten Damen in der \u00fcberregionalen Liga, mit starken Gegnern und unbekannten Bahnen in der h\u00f6heren Liga pr\u00e4sentieren wird.\r\n\r\n<strong>Auf geht\u2019s, pack ma\u2019s!<\/strong>\r\n<strong>Dorfmeisterschaft 2018<\/strong>\r\n\r\nDie Dorfmeisterschaft ist nun beendet und es haben sich die unten stehenden Dorfmeister ergeben.\r\n\r\nDer Doppelturm gratuliert allen Startern und Starterinnen zu den erk\u00e4mpften Ergebnissen!\r\n<table class=\"tablerpt\">\r\n<tbody>\r\n<tr>\r\n<td class=\"lineheaderc\" height=\"20\">Rang<\/td>\r\n<td class=\"lineheaderc\" height=\"20\">Name<\/td>\r\n<td class=\"lineheaderc\" height=\"20\">Ergebnis<\/td>\r\n<\/tr>\r\n<tr>\r\n<td class=\"lineheaderc\" colspan=\"3\" height=\"20\">Mannschaften<\/td>\r\n<\/tr>\r\n<tr>\r\n<td class=\"cellborderc\" height=\"20\"><b>1<\/b><\/td>\r\n<td class=\"cellborderc\" height=\"20\">B-Team<\/td>\r\n<td class=\"cellborderc\" height=\"20\">814<\/td>\r\n<\/tr>\r\n<tr>\r\n<td class=\"cellborderc\" height=\"20\"><b>2<\/b><\/td>\r\n<td class=\"cellborderc\" height=\"20\">3 Engel f\u00fcr Wolfgang<\/td>\r\n<td class=\"cellborderc\" height=\"20\">778<\/td>\r\n<\/tr>\r\n<tr>\r\n<td class=\"cellborderc\" height=\"20\"><b>3<\/b><\/td>\r\n<td class=\"cellborderc\" height=\"20\">Die Verr\u00fcckten H\u00fchner<\/td>\r\n<td class=\"cellborderc\" height=\"20\">695<\/td>\r\n<\/tr>\r\n<tr>\r\n<td class=\"lineheaderc\" colspan=\"3\" height=\"20\">Herren<\/td>\r\n<\/tr>\r\n<tr>\r\n<td class=\"cellborderc\" height=\"20\"><b>1<\/b><\/td>\r\n<td class=\"cellborderc\" height=\"20\">Melber, Udo<\/td>\r\n<td class=\"cellborderc\" height=\"20\">212<\/td>\r\n<\/tr>\r\n<tr>\r\n<td class=\"cellborderc\" height=\"20\"><b>2<\/b><\/td>\r\n<td class=\"cellborderc\" height=\"20\">K\u00fcnzel, Ralf<\/td>\r\n<td class=\"cellborderc\" height=\"20\">212<\/td>\r\n<\/tr>\r\n<tr>\r\n<td class=\"cellborderc\" height=\"20\"><b>3<\/b><\/td>\r\n<td class=\"cellborderc\" height=\"20\">Schneider, Wolfgang<\/td>\r\n<td class=\"cellborderc\" height=\"20\">199<\/td>\r\n<\/tr>\r\n<tr>\r\n<td class=\"lineheaderc\" colspan=\"3\" height=\"20\">Damen<\/td>\r\n<\/tr>\r\n<tr>\r\n<td class=\"cellborderc\" height=\"20\"><b>1<\/b><\/td>\r\n<td class=\"cellborderc\" height=\"20\">Knorr, Nadja<\/td>\r\n<td class=\"cellborderc\" height=\"20\">205<\/td>\r\n<\/tr>\r\n<tr>\r\n<td class=\"cellborderc\" height=\"20\"><b>2<\/b><\/td>\r\n<td class=\"cellborderc\" height=\"20\">Lehmann, Kerstin<\/td>\r\n<td class=\"cellborderc\" height=\"20\">205<\/td>\r\n<\/tr>\r\n<tr>\r\n<td class=\"cellborderc\" height=\"20\"><b>3<\/b><\/td>\r\n<td class=\"cellborderc\" height=\"20\">Libowski-Gehling, Alexandra<\/td>\r\n<td class=\"cellborderc\" height=\"20\">194<\/td>\r\n<\/tr>\r\n<tr>\r\n<td class=\"lineheaderc\" colspan=\"3\" height=\"20\">Jugend<\/td>\r\n<\/tr>\r\n<tr>\r\n<td class=\"cellborderc\" height=\"20\"><b>1<\/b><\/td>\r\n<td class=\"cellborderc\" height=\"20\">Mehlert, Christian<\/td>\r\n<td class=\"cellborderc\" height=\"20\">150<\/td>\r\n<\/tr>\r\n<tr>\r\n<td class=\"cellborderc\" height=\"20\"><b>2<\/b><\/td>\r\n<td class=\"cellborderc\" height=\"20\">Schmich, Luis<\/td>\r\n<td class=\"cellborderc\" height=\"20\">149<\/td>\r\n<\/tr>\r\n<tr>\r\n<td class=\"cellborderc\" height=\"20\"><b>3<\/b><\/td>\r\n<td class=\"cellborderc\" height=\"20\">Gehling, Alina<\/td>\r\n<td class=\"cellborderc\" height=\"20\">130<\/td>\r\n<\/tr>\r\n<\/tbody>\r\n<\/table>\r\nDie vollst\u00e4ndigen Ergebnisse gibt es <a href=\"https:\/\/www.doppelturm.de\/?page_id=1830\">hier<\/a>.\r\n<strong>Samstag hei\u00dft es Daumen dr\u00fccken f\u00fcr Fabian<\/strong>\r\n\r\nAm Samstag, den 5. Mai steht die Bayerische Einzelmeisterschaft der Jugend auf den Programm. Unser Jugendspieler Fabian hat sich als 1. Nachr\u00fccker f\u00fcr den Vergleich qualifiziert. Er startet um 15:10 Uhr beim FC Eintracht Bamberg. Der ganze Verein dr\u00fcckt Fabian die Daumen bei dieser \u00fcberregionalen Meisterschaft und w\u00fcnscht ihm viel Spa\u00df, Erfolg und nat\u00fcrlich \u201eGUT HOLZ\u201c!\r\n\r\n<strong>Klubmeisterschaft so spannend wie lange nicht!<\/strong>\r\n\r\nAm Samstag steht unser Finale der internen Klubmeisterschaft an. Die drei Vorl\u00e4ufe sind, so gut wie, abgeschlossen und es zeigt sich in fast jeder Kategorie ein spannendes Bild.\r\n\r\nBei den Herren f\u00fchrt Matthias mit 22 Holz vor Sascha, dahinter mit 18 Holz R\u00fcckstand befindet sich Oliver in Lauerstellung. Bei den Damen geht es ganz eng zur Sache, Jenny f\u00fchrt hauchd\u00fcnn mit 1 Holz vor Helena und 18 Holz vor Silvia &#8211; hier ist noch alles drin. Bei unserer Jugend A hat sich ein Zweikampf zwischen Leo und Fabian herauskristallisiert, die beiden trennen lediglich 4 Holz. Dagegen ist bei der Jugend B und Senioren, aufgrund geringer Teilnehmer, bereits entschieden.\r\n\r\nAber bei unserer Klubmeisterschaft geht es nicht nur um den Titel, sondern es geht immer auch um die &#8220;K\u00fcmmerli&#8221; und &#8220;Wurscht&#8221; f\u00fcr die hinteren Pl\u00e4tze \ud83d\ude00\r\n\r\n<span style=\"font-size: 20px;\"><em><span style=\"background-color: #ffffff;\">Startzeiten f\u00fcr Samstag:<\/span><\/em><\/span>\r\n<p style=\"font-size: 20px; background-color: #ffffff;\">13:30 Uhr: Jana, Marius, Christine und Pia\r\n14:30 Uhr: Flo S, Flo W, Gerd\r\n15:30 Uhr: Leo, Fabian, Lara und Jan Simon\r\n16:30 Uhr: Burkard, J\u00fcrgen, Silvia und Oli\r\n17:30 Uhr: Sascha, Mattl, Helena und Jenny<\/p>\r\n<p style=\"font-size: 20px; background-color: #ffffff;\"><span style=\"background-color: #ffffff; font-size: 20px;\">Direkt im Anschluss gehen wir zum gem\u00fctlichen Teil des Abends \u00fcber mit Siegerehrung, Speis und Trank.<\/span><\/p>\r\n<a href=\"https:\/\/www.doppelturm.de\/?page_id=1786\">Aktuelle Ergebnisse Klubmeisterschaft<\/a>\r\n\r\n<strong>Fabian zur Bayerischen Meisterschaft!<\/strong>\r\n\r\nBei unserem U18-Jugendspieler Fabian Stingl war die Entt\u00e4uschung \u00fcber den zwar tollen, aber doch undankbaren 4. Platz bei der Bezirksmeisterschaft und die damit knapp nicht erreichte Qualifikation f\u00fcr die Bayerische Meisterschaft gro\u00df. Umso gr\u00f6\u00dfer war die \u00dcberraschung und Freude, als die Information kam, dass der Landeskader Startpl\u00e4tze zur\u00fcckgibt und somit Fabian, als 1. Nachr\u00fccker, sich doch bei der Bayerischen Meisterschaft messen darf. Diese findet am 05. und 06. Mai 2018 in Bamberg (U18: FC Eintracht Bamberg) statt. Der ganze Verein dr\u00fcckt Fabian die Daumen bei dieser \u00fcberregionalen Meisterschaft und w\u00fcnscht ihm viel Spa\u00df, Erfolg und nat\u00fcrlich \u201eGUT HOLZ\u201c!\r\n\r\n<strong>Bezirksmeisterschaften Jugend\r\n<\/strong>\r\n\r\nDie Bezirksmeisterschaft Unterfranken der Jugend fand am 14. und 15. April statt. W\u00e4hrend die U18 beim ESV Schweinfurt an den Start gingen, haben sich die U14-Spieler\/innen in Grafenrheinfeld, auf unseren Bahnen, eingefunden.\r\n\r\nEndergebnisse und Platzierungen:\r\n\r\n<em>U14 in Grafenrheinfeld:\r\n<\/em><span style=\"font-size: 20px;\">Lara Eisenhut 9. Platz mit 435+426 Holz<\/span><em>\r\n<\/em>\r\n\r\n<em>U18 beim ESV Schweinfurt:\r\n<\/em><span style=\"font-size: 20px;\">Sina Werner 8. Platz mit 444+472 Holz\r\nJana Braun 15. Platz mit 398 Holz<\/span>\r\n\r\nFabian Stingl <strong>4. Platz mit 556+519 Holz!\r\n<\/strong><span style=\"font-size: 20px;\">Leo Weigand 20. Platz mit 486 Holz<\/span>\r\n\r\nBesonders erfolgreich hat sich Fabian Stingl in seiner ersten Saison als U18-Spieler geschlagen. Er lag nach dem Vorlauf, mit seinem pers\u00f6nlichen Ergebnisrekord, sogar auf den dritten Platz und durfte auf einen Podestplatz und damit der Qualifikation f\u00fcr die Bayerische Meisterschaft hoffen. Trotz, dass es nicht ganz gereicht hat, darf er stolz auf seine Leistung und Entwicklung sein. Auch die anderen Jugendlichen haben gute Leistungen gezeigt, wobei der Ehrgeiz f\u00fcr ein besseres Ergebnis und dadurch Platzierung bei manchen nat\u00fcrlich gr\u00f6\u00dfer war.\r\n\r\nDer Verein dankt den vielen flei\u00dfigen Helfern, die n\u00f6tig waren, um so eine Bezirksmeisterschaft ordnungsgem\u00e4\u00df und zur vollen Zufriedenheit durchf\u00fchren zu k\u00f6nnen.\r\n\r\n<strong>Nach der Saison ist vor der Klubmeisterschaft<\/strong>\r\n\r\nUnsere interne Meisterschaft um den begehrten Titel des \u201eKlubmeister\u201c wird ab sofort mit vier Durchg\u00e4ngen im 120 Schubsystem gespielt. Bis zum 24.04.2018 m\u00fcssen drei Durchg\u00e4nge gekegelt sein. Der letzte Durchgang wird nach Platzierung und Bahnauslosung am 28.04.2018 gespielt. Die Ehrung und Klubmeisterschaftsfeier findet gleich im Anschluss statt. Sportwart Matthias Braun freut sich \u00fcber eine vollst\u00e4ndige Beteiligung und w\u00fcnscht allen Startern recht viel Holz.\r\n\r\n<a href=\"https:\/\/www.doppelturm.de\/?page_id=1786\">Aktueller Zwischenstand<\/a>\r\n\r\n<strong>Die Rafelder-Damen sind MEISTER!\r\n<\/strong><strong>Aufstieg in die Landesliga Nord!<\/strong>\r\n\r\nNach dem dritten Anlauf in Folge haben es unsere Damen endlich geschafft, die Meisterschaft in der Bezirksoberliga zu erreichen. Diesmal war es sogar schon am vorletzten Spieltag klar, indem sie gegen einen direkten Konkurrenten Ihre Heimst\u00e4rke bewiesen haben. Mit der Meisterschaft geht auch der Aufstieg in die \u201eLandesliga Nord\u201c einher.\r\n\r\n<strong>Der ganze Verein gratuliert unserer Damenmannschaft ganz herzlich zur Meisterschaft und Aufstieg!<\/strong>\r\n\r\n<strong>\r\nEndergebnisse Kreismeisterschaft Jugend und Aktive<\/strong>\r\n\r\nDie Einzelmeisterschaft von KV Schweinfurt und KV Ha\u00dfberge fand am 10. und 11. M\u00e4rz statt. Von unserem Verein haben sich 10 Starter an den Einzelvergleich gewagt.\r\n\r\nDass Einzelmeisterschaften Ihre eigenen Regeln haben, mussten besonders unsere m\u00e4nnliche, A-Jugendlichen lernen. Die ansonsten konstant gut spielenden Jungs, die regelm\u00e4\u00dfig an und \u00fcber die 500-er Grenze spielen, kamen diesmal irgendwie nicht zurecht und mussten sich mit einem nur durchschnittlichen Ergebnis zufriedengeben, welches auch nicht f\u00fcr den Endlauf gereicht hat. Besser machten es Jan Simon, Florian W. und am besten Fabian, letzter erreichte auch seinen ersten 1.000-er \u00fcber zwei Durchg\u00e4nge hintereinander. Sina erreichte bei der A-Jugend weiblich einen guten 4. Platz. Die erste Medaille f\u00fcr Rafeld konnte Lara einheimsen, sie erreichte, wie auch schon das letzte Jahr, souver\u00e4n den 2. Podestplatz.\r\n\r\nAuch zwei Erwachsene nahmen bei den Einzelmeisterschaften teil. Helena erreichte, mit jeweils durchschnittlichen Ergebnissen im Vor- und Endlauf, den 6. Platz. Einen relativ unerwarteten und daf\u00fcr umso erfreulicheren Triumph konnte J\u00fcrgen bei der starken M\u00e4nner-Gruppe erreichen. Mit seinem pers\u00f6nlichen Ergebnisrekord von 567 Holz brachte er sich im Vorlauf auf den 4. Tabellenplatz. Im Endlauf machte er es noch besser und verbesserte sich noch mal auf starke 574 Holz und er erk\u00e4mpfte sich den 3. Tabellenplatz und damit die 2. Medaille f\u00fcr Rafeld!\r\n\r\nAnbei erhaltet ihr einen \u00dcberblick wie unsere Starter vom Doppelturm abgeschnitten haben:\r\n<table class=\"tablerpt\">\r\n<tbody>\r\n<tr>\r\n<th class=\"lineheaderc\" colspan=\"3\">Herren<\/th>\r\n<\/tr>\r\n<tr>\r\n<th class=\"lineheaderc\">Platzierung<\/th>\r\n<th class=\"lineheaderc\">Starter<\/th>\r\n<th class=\"lineheaderc\">Gesamtergebnis<\/th>\r\n<\/tr>\r\n<tr>\r\n<td class=\"cellborderc\">3<\/td>\r\n<td class=\"cellborderc\">J\u00fcrgen Landeck<\/td>\r\n<td class=\"cellborderc\">1.141 Holz<\/td>\r\n<\/tr>\r\n<tr>\r\n<th class=\"lineheaderc\" colspan=\"3\">Damen<\/th>\r\n<\/tr>\r\n<tr>\r\n<td class=\"cellborderc\">6<\/td>\r\n<td class=\"cellborderc\">Helena N\u00f6th<\/td>\r\n<td class=\"cellborderc\">1.019 Holz<\/td>\r\n<\/tr>\r\n<tr>\r\n<th class=\"lineheaderc\" colspan=\"3\">U18 m\u00e4nnlich<\/th>\r\n<\/tr>\r\n<tr>\r\n<td class=\"cellborderc\">5<\/td>\r\n<td class=\"cellborderc\">Fabian Stingl<\/td>\r\n<td class=\"cellborderc\">1.001 Holz<\/td>\r\n<\/tr>\r\n<tr>\r\n<td class=\"cellborderc\">8<\/td>\r\n<td class=\"cellborderc\">Florian Werner<\/td>\r\n<td class=\"cellborderc\">971 Holz<\/td>\r\n<\/tr>\r\n<tr>\r\n<td class=\"cellborderc\">11<\/td>\r\n<td class=\"cellborderc\">Jan Simon Landeck<\/td>\r\n<td class=\"cellborderc\">923 Holz<\/td>\r\n<\/tr>\r\n<tr>\r\n<td class=\"cellborderc\">13<\/td>\r\n<td class=\"cellborderc\">Marius Krieger<\/td>\r\n<td class=\"cellborderc\">468 Holz<\/td>\r\n<\/tr>\r\n<tr>\r\n<td class=\"cellborderc\">14<\/td>\r\n<td class=\"cellborderc\">Florian Schreiner<\/td>\r\n<td class=\"cellborderc\">464 Holz<\/td>\r\n<\/tr>\r\n<tr>\r\n<td class=\"cellborderc\">15<\/td>\r\n<td class=\"cellborderc\">Leo Weigand<\/td>\r\n<td class=\"cellborderc\">463 Holz<\/td>\r\n<\/tr>\r\n<tr>\r\n<th class=\"lineheaderc\" colspan=\"3\">U18 weiblich<\/th>\r\n<\/tr>\r\n<tr>\r\n<td class=\"cellborderc\">4<\/td>\r\n<td class=\"cellborderc\">Sina Werner<\/td>\r\n<td class=\"cellborderc\">858 Holz<\/td>\r\n<\/tr>\r\n<tr>\r\n<th class=\"lineheaderc\" colspan=\"3\">U14 weiblich<\/th>\r\n<\/tr>\r\n<tr>\r\n<td class=\"cellborderc\">2<\/td>\r\n<td class=\"cellborderc\">Lara Eisenhut<\/td>\r\n<td class=\"cellborderc\">879 Holz<\/td>\r\n<\/tr>\r\n<tr>\r\n<th class=\"lineheaderc\" colspan=\"3\">U14 m\u00e4nnlich<\/th>\r\n<\/tr>\r\n<tr>\r\n<td class=\"cellborderc\">11<\/td>\r\n<td class=\"cellborderc\">Aaron Eisenhut<\/td>\r\n<td class=\"cellborderc\">338 Holz<\/td>\r\n<\/tr>\r\n<\/tbody>\r\n<\/table>\r\n<strong>Termine &#8211; Termine &#8211; Termine<\/strong>\r\n<ul>\r\n \t<li>13 Februar 2018: Faschingskegeln<\/li>\r\n \t<li>23. M\u00e4rz 2018: Generalversammlung<\/li>\r\n \t<li>28. April 2018: Klubmeisterschaftsendlauf und \u2013feier (ab ca. Mitte M\u00e4rz 2018 Klubmeisterschaftsbeginn)<\/li>\r\n \t<li>Mitte bis Ende Juli 2018: Dorfmeisterschaft<\/li>\r\n \t<li>04. August: Grillfeier mit Ehrung Dorfmeisterschaft<\/li>\r\n<\/ul>\r\nDie genauen Planungen und Einladungen werden jeweils rechtzeitig vor den Ereignissen bekanntgegeben.\r\n\r\n<strong>Abstiegskampf<\/strong>\r\n\r\nZurzeit k\u00f6nnen nur die Damen und die Jugend zufrieden auf die Tabelle blicken. W\u00e4hrend die Damen Ihre Tabellenf\u00fchrung verteidigen und einen hei\u00dfen Kampf um die Meisterschaft und Aufstieg erwarten, tun sich unsere beiden Herren- und die gemischte Mannschaft zurzeit schwer und m\u00fcssen sich mit dem Abstiegskampf besch\u00e4ftigen.\r\n\r\nF\u00fcr das Team &#8220;DT Herren 1&#8221; wird die Luft im Kampf um den Klassenerhalt d\u00fcnner. Aber noch geben sie nicht auf und k\u00e4mpfen in den restlichen sechs Spielen um den rettenden 8. Tabellenplatz. Aussichtslos ist der Kampf nicht, aber ein Punktgewinn in den n\u00e4chsten Spielen w\u00e4re wichtig.\r\n\r\nImmer noch hat die Mannschaft &#8220;DT Herren 2&#8221; mit Personalsorgen zu k\u00e4mpfen, so mussten die letzten Spiele immer auf Ersatzspieler zur\u00fcckgegriffen werden. So haben sie die Saison noch nicht oft bei den Spielern aus den Vollen sch\u00f6pfen k\u00f6nnen. Sie belegen zurzeit den 8. Tabellenplatz und haben 2 Punkte Vorsprung auf den Abstiegsplatz.\r\n\r\nBei unserer &#8220;DT Gemischt&#8221;-Mannschaft ist die Liga sehr stark, sodass sich die Spieler und Spielerinnen schwertun, gegen die Gegner mitzuhalten. Es kristallisierte sich schon in der Vorrunde ein enger Abstiegskampf von 3 Teams heraus. Derzeit belegt das Team den 9. Platz, sie sind allerdings punktgleich mit dem rettenden 8. Platz.\r\n\r\n<strong>Einzelmeisterschaft: Titel f\u00fcr Rafeld<\/strong>\r\n\r\nDie Aktiven-Einzelmeisterschaft des KV Schweinfurt fand am vergangenen Wochenende auf verschiedenen Bahnen im Raum Schweinfurt statt. Mit einem guten Ergebnis konnte sich Kai Mauder den Titel \u201eVereinsmeister\u201c erkegeln. Auch die restlichen Ergebnisse und Platzierungen k\u00f6nnen sich sehen lassen.\r\n\r\n<em>U23 m\u00e4nnlich:\r\n<\/em>Kai Mauder <strong>1. Platz<\/strong> mit 1.031 Holz (505+526)\r\n\r\n<em>Frauen:\r\n<\/em><span style=\"font-size: 20px;\">Helena N\u00f6th 2. Platz mit 1.088 Holz (556+521)<\/span>\r\n\r\n<em>Herren:\r\n<\/em><span style=\"font-size: 20px;\">J\u00fcrgen Landeck 5. Platz mit 1.089 Holz (523+566)\r\n<\/span><span style=\"font-size: 20px;\">Oliver Werner 6. Platz mit 1.088 Holz (551+537)\r\n<\/span><span style=\"font-size: 20px;\">Sascha M\u00fcller 9. Platz mit 1.066 Holz (556+510)\r\n<\/span>Philipp H\u00fcmmer 13. Platz mit 986 Holz\r\nMatthias Braun 16. Platz mit 524 Holz (1 Durchgang)\r\n\r\n<strong>Damen erobern Tabellenf\u00fchrung<\/strong>\r\n\r\nUnsere Damenmannschaft hat durch einen Sieg im Spitzenspiel gegen den vorherigen Tabellenf\u00fchrer den 1. Platz \u00fcbernommen. So k\u00f6nnen die Rafelder M\u00e4dels zufrieden in die Weihnachtspause gehen.\r\n\r\n<a href=\"https:\/\/www.doppelturm.de\/?page_id=1624\">Bisherige Damenergebnisse<\/a>\r\n\r\n<strong>\r\nVorrundenbilanz<\/strong>\r\n\r\nHerren 1 Platz 9 mit 3:15 Punkten\r\nHerren 2 Platz 8 mit 6:12 Punkten\r\nDamen <strong>Platz 2<\/strong> mit 12:4 Punkten\r\nGemischte Platz 8 mit 4:14 Punkten\r\nJugend 1 <strong>Platz 1<\/strong> mit 8:0 Punkten\r\nJugend 2 Platz 5 mit 0:8 Punkten\r\n<p class=\"RundschauStandardText\">Von nun an beginnt die R\u00fcckrunde der Kegelsaison 2017\/2018. Wir w\u00fcnschen allen unseren Mannschaften \u201eGut Holz\u201c f\u00fcr die kommenden und entscheidenden Spiele, sodass die Tabellenpl\u00e4tze mindestens gehalten werden \ud83d\ude42<\/p>\r\n\r\n\r\n<strong>Rafelder Jugend sahnt bei Einzelmeisterschaft ab\r\n<\/strong>\r\n\r\nDie Jugend-Einzelmeisterschaft des KV Schweinfurt fand am 25. und 26. November 2017 auf den Bahnen von Dittelbrunn und Grafenrheinfeld satt. Besonders stolz sind wir, dass sich fast all unsere Jugendlichen an den Start gewagt haben und damit die H\u00e4lfte des Teilnehmerfeldes aus Rafeld stammte. Unser Nachwuchs konnte auch zwei Titel und drei weitere Medaillenpl\u00e4tze ergattern. Auch mit den erreichten Ergebnissen k\u00f6nnen sie zufrieden sein.\r\n\r\n<strong>Jugend B U14 weiblich:<\/strong>\r\n\r\nLara Eisenhut <strong>1. Platz <\/strong>mit 947 Holz (491+456)\r\n\r\n<strong>Jugend A U18 weiblich:<\/strong>\r\n\r\nSina Werner 4. Platz mit 859 Holz (436+423)\r\n<span style=\"font-size: 20px;\">Jana Braun 7. Platz mit 729 Holz (352+376)<\/span>\r\n\r\n<strong>Jugend B U14 m\u00e4nnlich:<\/strong>\r\n\r\nAaron Eisenhut <strong>2. Platz<\/strong> mit 610 Holz (314+296)\r\n\r\n<strong>Jugend A U18 m\u00e4nnlich:<\/strong>\r\n\r\nLeo Weigand <strong>1. Platz<\/strong> mit <strong>1.027<\/strong> Holz (<strong>510<\/strong>+<strong>517<\/strong>)\r\n<span style=\"font-size: 20px;\">Jan Simon Landeck <\/span><strong style=\"font-size: 20px;\">2<\/strong><strong style=\"font-size: 20px;\">. Platz<\/strong><span style=\"font-size: 20px;\"> mit <\/span><strong style=\"font-size: 20px;\">1.022<\/strong><span style=\"font-size: 20px;\"> Holz (<\/span><strong style=\"font-size: 20px;\">538<\/strong><span style=\"font-size: 20px;\">+484)\r\n<\/span>Florian Schreiner <strong>3. Platz<\/strong> mit 977 Holz (<strong>502<\/strong>+475)\r\n<span style=\"font-size: 20px;\">Fabian Stingl 5. Platz mit 967 Holz (<\/span><strong style=\"font-size: 20px;\">518<\/strong><span style=\"font-size: 20px;\">+449)\r\n<\/span><span style=\"font-size: 20px;\">Florian Werner 7. Platz mit 936 Holz (481+455)\r\n<\/span><span style=\"font-size: 20px;\">Marius Krieger 8. Platz mit 925 Holz (<\/span><strong style=\"font-size: 20px;\">506<\/strong><span style=\"font-size: 20px;\">+419)<\/span><span style=\"font-size: 20px;\">\r\n<\/span>\r\n\r\nAlle Starter haben sich f\u00fcr die nachfolgende Meisterschaft qualifiziert. Stolz blicken die Trainerinnen und der ganze Verein auf unsere tolle, engagierte und talentierte Jugend. Wir k\u00f6nnen erwartungsvoll in die Zukunft blicken!\r\n\r\n<strong>Herausforderung: Bezirksoberliga<\/strong>\r\n\r\nWie bereits berichtet, hat es unsere 1. Herrenmannschaft geschafft zum dritten Mal in Folge den Meistertitel zu erringen. Infolgedessen war dies auch der dritte Aufstieg innerhalb von drei Saisons! Nun d\u00fcrfen Sie Ihr K\u00f6nnen in der Bezirksoberliga beweisen, und wieder als 6er-Mannschaft antreten. Daraufhin musste die Mannschaft nat\u00fcrlich aufgestockt werden. Neben einen erfahrenen Neuzugang haben gleich 3 Jugendspieler den Sprung in die 1. Mannschaft geschafft. So hat sich unsere sowieso schon junge Mannschaft noch mal verj\u00fcngt und so geht diese mit einem durchschnittlichen Alter von lediglich 28 Jahren an den Start. Wir sind gespannt, wie sich die neu zusammengestellte junge Mannschaft in der h\u00f6heren Liga pr\u00e4sentieren wird.\r\n<strong>Auf geht\u2019s, pack ma\u2019s!<\/strong>\r\n\r\n<strong>Lara auf Bayerischer Meisterschaft<\/strong>\r\n\r\nUnsere U14-Jugendspielerin Lara Eisenhut hat sich als amtierende Bezirksmeisterin Unterfranken f\u00fcr die Bayerische Meisterschaft qualifiziert. Die Bayerische Meisterschaft der U14-Jugend fand am 20. und 21. Mai Hallbergmoos-Goldach (bei M\u00fcnchen) statt. Sie erreichte mit Ihrem pers\u00f6nlichen Bestwert von 481 Holz den 19. Platz. Zu viele Fehler auf Abr\u00e4umen verhinderten ein noch besseres Ergebnis, trotzdem kann Lara stolz auf sich sein. Sie hat unseren Verein, bei Ihrer ersten Bayerischen Einzelmeisterschaft, w\u00fcrdig vertreten.\r\n\r\n<strong>Triple-Meister!<\/strong>\r\n\r\n<img decoding=\"async\" loading=\"lazy\" class=\"displayed\" src=\"https:\/\/www.doppelturm.de\/wp-content\/uploads\/2017\/03\/Meisterfeier_2017_03_25_Beitrag.jpg\" alt=\"Meisterbild\" width=\"65%\" height=\"65%\" \/>\r\nZum dritten Mal in Folgen hat es die erste Herrenmannschaft geschafft den Meistertitel zu erringen. Infolgedessen war dies auch der dritte Aufstieg innerhalb von drei Saisons!\r\n\r\nUm die Meister geb\u00fchrend zu Ehren haben sich die Kegler etwas besonderes ausgedacht. Nach der feierlichen \u00dcberreichung einer speziell angefertigten Torte wurden Matthias Braun, Oliver Werner, Philipp H\u00fcmmer und Sascha M\u00fcller vor die T\u00fcr gebracht und mit einem St\u00e4ndchen des Spielmanns und Fanfarenzug Grafenrheinfeld geehrt. Direkt danach wurde die Mannschaft samt den Musikern auf den Wagen von Josef Kimmel verfrachtet und in einem triumphalen Zug durch Grafenrheinfeld gefahren.\r\n\r\nEin herzliches Dankesch\u00f6n m\u00f6chten wir an dieser Stelle an Josef Kimmel f\u00fcr den Triumphzug entrichten. Ebenfalls bedanken wir uns f\u00fcr die musikalische Untermalung durch den Spielmanns- und Fanfarenzug Grafenrheinfeld die uns auf der Fahrt begleiteten und enorm zur feierlichen Stimmung beisteuerten. Ein drittes gro\u00dfes Danke richten wir noch an Jennefer Mauder und Jessica H\u00fcmmer f\u00fcr die beeindruckende Torte die unseren Meistern gewidmet wurde.\r\n\r\n<a href=\"https:\/\/www.doppelturm.de\/?page_id=1466\">Hier gibt es mehr Bilder<\/a>\r\n<p><strong>Saisonstart 2021\/22!<\/strong><\/p>\r\n<p>Mit dem offiziellen Saisonauftakt am 11.09.2021 begann die neue Saison 2021\/22 f\u00fcr den Doppelturm Grafenrheinfeld! Wir freuen uns sehr endlich wieder kegeln zu d\u00fcrfen und hoffen die Saison ohne gr\u00f6\u00dfere Einschr\u00e4nkungen durchziehen zu k\u00f6nnen. Hief\u00fcr verweisen wir auf das aktuelle Hygienekonzept (Siehe Link am Seitenanfang). Dort ist auch der Link zu den aktuellen Ergebnissen im Ergebnisportal von Sportwinner hinerlegt.<\/p>\r\n<p><strong>Gut Holz!<\/strong><\/p>\r\n<!-- \/wp:wp:paragraph -->\r\n\r\n\r\n<p><strong>Spielbetrieb wegen \u00dcberschreitung des Inzidenzwertes >50 ausgesetzt<\/strong><\/p>\r\n<p>Auf Kreis- und Bezirksebene wurde der Spielbetrieb am aktuellen Wochenende ausgesetzt. Die Damen h\u00e4tten in der Landesliga theoretisch ausw\u00e4rts in Bindlach spielen d\u00fcrfen, haben sich mit dem Gegner jedoch darauf geeinigt, das Spiel zu verschieben. Ob n\u00e4chstes Wochende die Spiele wieder stattfinden, k\u00f6nnen wir aktull noch nicht sagen. Das wird sich vermutlich erst relativ kurzfristig ergeben.<\/p>\r\n<!-- \/wp:wp:paragraph -->\r\n\r\n<!-- wp:paragraph -->\r\n<p><strong>Stimmensammlung der \u00dcZ abgeschlossen<\/strong><\/p>\r\n<p>Der SKK-Dopppelturm hat es bei der Unterst\u00fctzungsaktion f\u00fcr Vereine der \u00dcZ auf Platz 2 geschafft! Wir sind \u00fcberw\u00e4ltigt von diesem Ergebnis und wollen uns ganz herzlichi bei all unseren  Unterst\u00fctzern Bedanken!<\/p>\r\n<!-- \/wp:wp:paragraph -->\r\n\r\n\r\n<!-- wp:paragraph -->\r\n<p><strong>Saisonstart ab dem 10.10.2020!<\/strong><\/p>\r\n<p>Es wurde nun beschlossen die Saison doch zu starten. Die Termine werden im Veranstaltungskalender erg\u00e4nzt, sobald die Spielpl\u00e4ne verf\u00fcgbar sind. Gut Holz!<\/p>\r\n<!-- \/wp:wp:paragraph -->\r\n\r\n<!-- wp:paragraph -->\r\n<p><strong>Stimmensammlung der \u00dcZ abgeschlossen<\/strong><\/p>\r\n<p>Die Zeit f\u00fcr die Stimmabgabe ist abgeschlossen &#8211; diese werden nun ausgewertet und wir hoffen auf ein gutes Gesamtergebnis. An dieser Stelle vielen Dank an alle Unterst\u00fctzer!<\/p>\r\n<!-- \/wp:wp:paragraph -->\r\n\r\n\r\n<!-- wp:paragraph -->\r\n<p><strong>Doppelturmjugend ben\u00f6tigt Eure Stimmen\r\n<\/strong><\/p>\r\n<!-- \/wp:paragraph -->\r\n\r\n<!-- wp:paragraph -->\r\n<p>Bei der \u00dcZ Aktion \u201eHilfe f\u00fcr\r\nVereine\u201c ben\u00f6tigen wir eure Stimmen. Und so funktionierts: Auf der Homepage www.uez.de\/hilfe-fuer-vereine,\r\nauf Facebook und auf Instagram k\u00f6nnt ihr bei den Originalbeitr\u00e4gen f\u00fcr uns\r\nstimmen. Auf unserer Homepage unter www.doppelturm.de und auf Facebook.com\/doppelturm\r\nsind die direkten Links zu unserer Abstimmung ver\u00f6ffentlicht. Die Aktion l\u00e4uft\r\nnoch bis 30.9. und in dieser Zeit hei\u00dft es abstimmen, teilen und liken was das\r\nZeug h\u00e4lt.<\/p>\r\n<!-- \/wp:paragraph -->\r\n\r\n<!-- wp:paragraph -->\r\n<p><strong>Unsere Corona-Lage<\/strong><\/p>\r\n<!-- \/wp:paragraph -->\r\n\r\n<!-- wp:paragraph -->\r\n<p>Durch die Pandemie haben die\r\nRafelder Kegler Ihre gr\u00f6\u00dften Einnahmequellen verloren. Sowohl die\r\nEigenbewirtung des Vereinsheimes bei den Wettk\u00e4mpfen, Training, Hobbykegler ist\r\nkomplett stillgelegt, als auch verschiedene Veranstaltungen, die wir ersatzlos\r\nstreichen mussten. Allen voran die Kegeldorfmeisterschaft, die Beteiligung an\r\nder gro\u00dfen Rafelder Kirchweih, unsere gro\u00dfgeplante 60-Jahr-Feier, das\r\nallj\u00e4hrliche Grillfest, verschiedene Turniere und Meisterschaften. Auf der anderen\r\nSeite bleiben die Kosten (Miete, Unterhalt der Anlage, Strom, \u2026) f\u00fcr die\r\nKegelbahn und Vereinsheim gleich. Der f\u00fcr Mitte September anberaumte\r\nSaisonstart wurde verschoben, aber selbst dieser wird uns nur wenig Einnahmen\r\ngenerieren, da Zuschauer nicht gestattet werden. Unter h\u00f6chsten Auflagen wurde\r\nein Hygienekonzept erarbeitet, sodass mit dem Training bereits im Juli wieder\r\nbegonnen werden konnte. Im Moment hoffen wir auf einen Start des Spielbetriebs\r\nim Oktober, sodass die Rafelder Kegler die Kugeln wieder rollen lassen d\u00fcrfen.<\/p>\r\n<!-- \/wp:paragraph -->\r\n\r\n<!-- wp:paragraph -->\r\n<p><strong>Saisonstart wurde verschoben!<\/strong><\/p>\r\n<!-- \/wp:paragraph -->\r\n\r\n<!-- wp:paragraph -->\r\n<p>Der Beginn der Saison 2020\/21 wurde vom BSKV vorerst verschoben. Ein Plan \u00fcber verschiedene Termine existiert bereits. Sobald wir n\u00e4here Informationen haben, wann die Saison beginnen k\u00f6nnte, werden wir euch in der Rundschau und auf der Homepage informieren! <br><\/p>\r\n<!-- \/wp:paragraph -->\r\n\r\n<!-- wp:list -->\r\n<ul><li>Plan A: Saisonstart im Oktober<\/li><li>Plan B: Saisonstart im November<\/li><li>Plan C: Saisonstart im Januar 2021<\/li><\/ul>\r\n<!-- \/wp:list -->\r\n\r\n<strong>Dorfmeisterschaft 2019<\/strong>\r\n\r\nDie Dorfmeisterschaft ist in vollem Gange &#8211; Und das noch bis einschlie\u00dflich Freitag!\r\n\r\nEs wurden bereits hervorragende Ergebnisse gespielt. Die aktuell F\u00fchrenden finden sich in der nachfolgenden Liste:\r\n<table class=\"tablerpt\">\r\n<tbody>\r\n<tr>\r\n<td class=\"lineheaderc\" height=\"20\">Rang<\/td>\r\n<td class=\"lineheaderc\" height=\"20\">Name<\/td>\r\n<td class=\"lineheaderc\" height=\"20\">Ergebnis<\/td>\r\n<\/tr>\r\n<tr>\r\n<td class=\"lineheaderc\" colspan=\"3\" height=\"20\">Mannschaften<\/td>\r\n<\/tr>\r\n<tr>\r\n<td class=\"cellborderc\" height=\"20\"><b>1<\/b><\/td>\r\n<td class=\"cellborderc\" height=\"20\">B-Team<\/td>\r\n<td class=\"cellborderc\" height=\"20\">803<\/td>\r\n<\/tr>\r\n<tr>\r\n<td class=\"cellborderc\" height=\"20\"><b>2<\/b><\/td>\r\n<td class=\"cellborderc\" height=\"20\">3 Engel f\u00fcr Wolfgang<\/td>\r\n<td class=\"cellborderc\" height=\"20\">736<\/td>\r\n<\/tr>\r\n<tr>\r\n<td class=\"cellborderc\" height=\"20\"><b>3<\/b><\/td>\r\n<td class=\"cellborderc\" height=\"20\">RaF<\/td>\r\n<td class=\"cellborderc\" height=\"20\">652<\/td>\r\n<\/tr>\r\n<tr>\r\n<td class=\"lineheaderc\" colspan=\"3\" height=\"20\">Herren<\/td>\r\n<\/tr>\r\n<tr>\r\n<td class=\"cellborderc\" height=\"20\"><b>1<\/b><\/td>\r\n<td class=\"cellborderc\" height=\"20\">K\u00fcnzel, Ralf<\/td>\r\n<td class=\"cellborderc\" height=\"20\">205<\/td>\r\n<\/tr>\r\n<tr>\r\n<td class=\"cellborderc\" height=\"20\"><b>2<\/b><\/td>\r\n<td class=\"cellborderc\" height=\"20\">Melber, Udo<\/td>\r\n<td class=\"cellborderc\" height=\"20\">202<\/td>\r\n<\/tr>\r\n<tr>\r\n<td class=\"cellborderc\" height=\"20\"><b>3<\/b><\/td>\r\n<td class=\"cellborderc\" height=\"20\">Wegner, Manfred<\/td>\r\n<td class=\"cellborderc\" height=\"20\">199<\/td>\r\n<\/tr>\r\n<tr>\r\n<td class=\"lineheaderc\" colspan=\"3\" height=\"20\">Damen<\/td>\r\n<\/tr>\r\n<tr>\r\n<td class=\"cellborderc\" height=\"20\"><b>1<\/b><\/td>\r\n<td class=\"cellborderc\" height=\"20\">Knorr, Nadja<\/td>\r\n<td class=\"cellborderc\" height=\"20\">200<\/td>\r\n<\/tr>\r\n<tr>\r\n<td class=\"cellborderc\" height=\"20\"><b>2<\/b><\/td>\r\n<td class=\"cellborderc\" height=\"20\">Lehmann, Kerstin<\/td>\r\n<td class=\"cellborderc\" height=\"20\">188<\/td>\r\n<\/tr>\r\n<tr>\r\n<td class=\"cellborderc\" height=\"20\"><b>3<\/b><\/td>\r\n<td class=\"cellborderc\" height=\"20\">Schreiner, Karin<\/td>\r\n<td class=\"cellborderc\" height=\"20\">188<\/td>\r\n<\/tr>\r\n<tr>\r\n<td class=\"lineheaderc\" colspan=\"3\" height=\"20\">Jugend<\/td>\r\n<\/tr>\r\n<tr>\r\n<td class=\"cellborderc\" height=\"20\"><b>1<\/b><\/td>\r\n<td class=\"cellborderc\" height=\"20\">Gehling, Alina<\/td>\r\n<td class=\"cellborderc\" height=\"20\">142<\/td>\r\n<\/tr>\r\n<tr>\r\n<td class=\"cellborderc\" height=\"20\"><b>2<\/b><\/td>\r\n<td class=\"cellborderc\" height=\"20\">Schmich, Luis<\/td>\r\n<td class=\"cellborderc\" height=\"20\">140<\/td>\r\n<\/tr>\r\n<tr>\r\n<td class=\"cellborderc\" height=\"20\"><b>3<\/b><\/td>\r\n<td class=\"cellborderc\" height=\"20\">Lausemeyer, Jonas<\/td>\r\n<td class=\"cellborderc\" height=\"20\">123<\/td>\r\n<\/tr>\r\n<\/tbody>\r\n<\/table>\r\nDie vollst\u00e4ndigen Ergebnisse gibt es <a href=\"https:\/\/www.doppelturm.de\/?page_id=2192\">hier<\/a>.\r\n\r\n<strong>Saisonstart f\u00fcr Rafelder Kegler<\/strong>\r\n\r\nDie neue Saison 2018\/2019 hat vergangenes Wochenende gestartet. Die Rafelder Kegler starteten alle mit Ausw\u00e4rtsspielen und leider nicht sehr erfolgreich. Zwar konnten die Ergebnisse sich sehen lassen, aber leider ist &#8211; au\u00dfer bei der 1. Herrenmannschaft &#8211; kein Punktgewinn herausgesprungen.\r\n\r\n<strong>Saisonvorbereitung<\/strong>\r\n\r\nDer Doppelturm hat f\u00fcr die Saison 2018\/2019 sieben Mannschaften gemeldet. Saisonbeginn f\u00fcr die Aktiven ist der 08.09.2018. Zu folgenden Zeiten werden die Heimspiele der jeweiligen Mannschaften stattfinden:\r\n\r\nJugend 1: Freitag 17:30 Uhr\r\nJugend 2: Donnerstag 17:30 Uhr\r\nHerren 1: Samstag 17:00 Uhr\r\nHerren 2: Samstag 15:00 Uhr\r\nHerren 3: Samstag 13:00 Uhr\r\nGemischte: Sonntag 10:00 Uhr\r\nDamen: Sonntag 14:30 Uhr\r\n\r\nAufgrund des Abstieges der 1. Herrenmannschaft und der damit verbundene wieder verringerten Mannschaftsst\u00e4rke, hat sich in den Mannschaftszusammenstellungen doch einige \u00c4nderungen ergeben. Trotz knapper Spieleranzahl haben wir uns dazu entschlossen eine 3. Herrenmannschaft zus\u00e4tzlich zur Gemischten Mannschaft zu stellen. Wie in der letzten Saison d\u00fcrfen alle Mannschaften mit den moderneren 120 Schubsystem mit Punktewertung antreten.\r\n\r\n<strong>Herausforderung Landesliga:<\/strong>\r\n\r\nWie bereits berichtet, hat es unsere Damenmannschaft geschafft den Meistertitel in der Bezirksoberliga Unterfranken zu erringen und sind in die Landesliga Nord aufgestiegen. Wir sind gespannt, wie sich unsere erfolgsverw\u00f6hnten Damen in der \u00fcberregionalen Liga, mit starken Gegnern und unbekannten Bahnen in der h\u00f6heren Liga pr\u00e4sentieren wird.\r\n\r\n<strong>Auf geht\u2019s, pack ma\u2019s!<\/strong>\r\n<strong>Dorfmeisterschaft 2018<\/strong>\r\n\r\nDie Dorfmeisterschaft ist nun beendet und es haben sich die unten stehenden Dorfmeister ergeben.\r\n\r\nDer Doppelturm gratuliert allen Startern und Starterinnen zu den erk\u00e4mpften Ergebnissen!\r\n<table class=\"tablerpt\">\r\n<tbody>\r\n<tr>\r\n<td class=\"lineheaderc\" height=\"20\">Rang<\/td>\r\n<td class=\"lineheaderc\" height=\"20\">Name<\/td>\r\n<td class=\"lineheaderc\" height=\"20\">Ergebnis<\/td>\r\n<\/tr>\r\n<tr>\r\n<td class=\"lineheaderc\" colspan=\"3\" height=\"20\">Mannschaften<\/td>\r\n<\/tr>\r\n<tr>\r\n<td class=\"cellborderc\" height=\"20\"><b>1<\/b><\/td>\r\n<td class=\"cellborderc\" height=\"20\">B-Team<\/td>\r\n<td class=\"cellborderc\" height=\"20\">814<\/td>\r\n<\/tr>\r\n<tr>\r\n<td class=\"cellborderc\" height=\"20\"><b>2<\/b><\/td>\r\n<td class=\"cellborderc\" height=\"20\">3 Engel f\u00fcr Wolfgang<\/td>\r\n<td class=\"cellborderc\" height=\"20\">778<\/td>\r\n<\/tr>\r\n<tr>\r\n<td class=\"cellborderc\" height=\"20\"><b>3<\/b><\/td>\r\n<td class=\"cellborderc\" height=\"20\">Die Verr\u00fcckten H\u00fchner<\/td>\r\n<td class=\"cellborderc\" height=\"20\">695<\/td>\r\n<\/tr>\r\n<tr>\r\n<td class=\"lineheaderc\" colspan=\"3\" height=\"20\">Herren<\/td>\r\n<\/tr>\r\n<tr>\r\n<td class=\"cellborderc\" height=\"20\"><b>1<\/b><\/td>\r\n<td class=\"cellborderc\" height=\"20\">Melber, Udo<\/td>\r\n<td class=\"cellborderc\" height=\"20\">212<\/td>\r\n<\/tr>\r\n<tr>\r\n<td class=\"cellborderc\" height=\"20\"><b>2<\/b><\/td>\r\n<td class=\"cellborderc\" height=\"20\">K\u00fcnzel, Ralf<\/td>\r\n<td class=\"cellborderc\" height=\"20\">212<\/td>\r\n<\/tr>\r\n<tr>\r\n<td class=\"cellborderc\" height=\"20\"><b>3<\/b><\/td>\r\n<td class=\"cellborderc\" height=\"20\">Schneider, Wolfgang<\/td>\r\n<td class=\"cellborderc\" height=\"20\">199<\/td>\r\n<\/tr>\r\n<tr>\r\n<td class=\"lineheaderc\" colspan=\"3\" height=\"20\">Damen<\/td>\r\n<\/tr>\r\n<tr>\r\n<td class=\"cellborderc\" height=\"20\"><b>1<\/b><\/td>\r\n<td class=\"cellborderc\" height=\"20\">Knorr, Nadja<\/td>\r\n<td class=\"cellborderc\" height=\"20\">205<\/td>\r\n<\/tr>\r\n<tr>\r\n<td class=\"cellborderc\" height=\"20\"><b>2<\/b><\/td>\r\n<td class=\"cellborderc\" height=\"20\">Lehmann, Kerstin<\/td>\r\n<td class=\"cellborderc\" height=\"20\">205<\/td>\r\n<\/tr>\r\n<tr>\r\n<td class=\"cellborderc\" height=\"20\"><b>3<\/b><\/td>\r\n<td class=\"cellborderc\" height=\"20\">Libowski-Gehling, Alexandra<\/td>\r\n<td class=\"cellborderc\" height=\"20\">194<\/td>\r\n<\/tr>\r\n<tr>\r\n<td class=\"lineheaderc\" colspan=\"3\" height=\"20\">Jugend<\/td>\r\n<\/tr>\r\n<tr>\r\n<td class=\"cellborderc\" height=\"20\"><b>1<\/b><\/td>\r\n<td class=\"cellborderc\" height=\"20\">Mehlert, Christian<\/td>\r\n<td class=\"cellborderc\" height=\"20\">150<\/td>\r\n<\/tr>\r\n<tr>\r\n<td class=\"cellborderc\" height=\"20\"><b>2<\/b><\/td>\r\n<td class=\"cellborderc\" height=\"20\">Schmich, Luis<\/td>\r\n<td class=\"cellborderc\" height=\"20\">149<\/td>\r\n<\/tr>\r\n<tr>\r\n<td class=\"cellborderc\" height=\"20\"><b>3<\/b><\/td>\r\n<td class=\"cellborderc\" height=\"20\">Gehling, Alina<\/td>\r\n<td class=\"cellborderc\" height=\"20\">130<\/td>\r\n<\/tr>\r\n<\/tbody>\r\n<\/table>\r\nDie vollst\u00e4ndigen Ergebnisse gibt es <a href=\"https:\/\/www.doppelturm.de\/?page_id=1830\">hier<\/a>.\r\n<strong>Samstag hei\u00dft es Daumen dr\u00fccken f\u00fcr Fabian<\/strong>\r\n\r\nAm Samstag, den 5. Mai steht die Bayerische Einzelmeisterschaft der Jugend auf den Programm. Unser Jugendspieler Fabian hat sich als 1. Nachr\u00fccker f\u00fcr den Vergleich qualifiziert. Er startet um 15:10 Uhr beim FC Eintracht Bamberg. Der ganze Verein dr\u00fcckt Fabian die Daumen bei dieser \u00fcberregionalen Meisterschaft und w\u00fcnscht ihm viel Spa\u00df, Erfolg und nat\u00fcrlich \u201eGUT HOLZ\u201c!\r\n\r\n<strong>Klubmeisterschaft so spannend wie lange nicht!<\/strong>\r\n\r\nAm Samstag steht unser Finale der internen Klubmeisterschaft an. Die drei Vorl\u00e4ufe sind, so gut wie, abgeschlossen und es zeigt sich in fast jeder Kategorie ein spannendes Bild.\r\n\r\nBei den Herren f\u00fchrt Matthias mit 22 Holz vor Sascha, dahinter mit 18 Holz R\u00fcckstand befindet sich Oliver in Lauerstellung. Bei den Damen geht es ganz eng zur Sache, Jenny f\u00fchrt hauchd\u00fcnn mit 1 Holz vor Helena und 18 Holz vor Silvia &#8211; hier ist noch alles drin. Bei unserer Jugend A hat sich ein Zweikampf zwischen Leo und Fabian herauskristallisiert, die beiden trennen lediglich 4 Holz. Dagegen ist bei der Jugend B und Senioren, aufgrund geringer Teilnehmer, bereits entschieden.\r\n\r\nAber bei unserer Klubmeisterschaft geht es nicht nur um den Titel, sondern es geht immer auch um die &#8220;K\u00fcmmerli&#8221; und &#8220;Wurscht&#8221; f\u00fcr die hinteren Pl\u00e4tze \ud83d\ude00\r\n\r\n<span style=\"font-size: 20px;\"><em><span style=\"background-color: #ffffff;\">Startzeiten f\u00fcr Samstag:<\/span><\/em><\/span>\r\n<p style=\"font-size: 20px; background-color: #ffffff;\">13:30 Uhr: Jana, Marius, Christine und Pia\r\n14:30 Uhr: Flo S, Flo W, Gerd\r\n15:30 Uhr: Leo, Fabian, Lara und Jan Simon\r\n16:30 Uhr: Burkard, J\u00fcrgen, Silvia und Oli\r\n17:30 Uhr: Sascha, Mattl, Helena und Jenny<\/p>\r\n<p style=\"font-size: 20px; background-color: #ffffff;\"><span style=\"background-color: #ffffff; font-size: 20px;\">Direkt im Anschluss gehen wir zum gem\u00fctlichen Teil des Abends \u00fcber mit Siegerehrung, Speis und Trank.<\/span><\/p>\r\n<a href=\"https:\/\/www.doppelturm.de\/?page_id=1786\">Aktuelle Ergebnisse Klubmeisterschaft<\/a>\r\n\r\n<strong>Fabian zur Bayerischen Meisterschaft!<\/strong>\r\n\r\nBei unserem U18-Jugendspieler Fabian Stingl war die Entt\u00e4uschung \u00fcber den zwar tollen, aber doch undankbaren 4. Platz bei der Bezirksmeisterschaft und die damit knapp nicht erreichte Qualifikation f\u00fcr die Bayerische Meisterschaft gro\u00df. Umso gr\u00f6\u00dfer war die \u00dcberraschung und Freude, als die Information kam, dass der Landeskader Startpl\u00e4tze zur\u00fcckgibt und somit Fabian, als 1. Nachr\u00fccker, sich doch bei der Bayerischen Meisterschaft messen darf. Diese findet am 05. und 06. Mai 2018 in Bamberg (U18: FC Eintracht Bamberg) statt. Der ganze Verein dr\u00fcckt Fabian die Daumen bei dieser \u00fcberregionalen Meisterschaft und w\u00fcnscht ihm viel Spa\u00df, Erfolg und nat\u00fcrlich \u201eGUT HOLZ\u201c!\r\n\r\n<strong>Bezirksmeisterschaften Jugend\r\n<\/strong>\r\n\r\nDie Bezirksmeisterschaft Unterfranken der Jugend fand am 14. und 15. April statt. W\u00e4hrend die U18 beim ESV Schweinfurt an den Start gingen, haben sich die U14-Spieler\/innen in Grafenrheinfeld, auf unseren Bahnen, eingefunden.\r\n\r\nEndergebnisse und Platzierungen:\r\n\r\n<em>U14 in Grafenrheinfeld:\r\n<\/em><span style=\"font-size: 20px;\">Lara Eisenhut 9. Platz mit 435+426 Holz<\/span><em>\r\n<\/em>\r\n\r\n<em>U18 beim ESV Schweinfurt:\r\n<\/em><span style=\"font-size: 20px;\">Sina Werner 8. Platz mit 444+472 Holz\r\nJana Braun 15. Platz mit 398 Holz<\/span>\r\n\r\nFabian Stingl <strong>4. Platz mit 556+519 Holz!\r\n<\/strong><span style=\"font-size: 20px;\">Leo Weigand 20. Platz mit 486 Holz<\/span>\r\n\r\nBesonders erfolgreich hat sich Fabian Stingl in seiner ersten Saison als U18-Spieler geschlagen. Er lag nach dem Vorlauf, mit seinem pers\u00f6nlichen Ergebnisrekord, sogar auf den dritten Platz und durfte auf einen Podestplatz und damit der Qualifikation f\u00fcr die Bayerische Meisterschaft hoffen. Trotz, dass es nicht ganz gereicht hat, darf er stolz auf seine Leistung und Entwicklung sein. Auch die anderen Jugendlichen haben gute Leistungen gezeigt, wobei der Ehrgeiz f\u00fcr ein besseres Ergebnis und dadurch Platzierung bei manchen nat\u00fcrlich gr\u00f6\u00dfer war.\r\n\r\nDer Verein dankt den vielen flei\u00dfigen Helfern, die n\u00f6tig waren, um so eine Bezirksmeisterschaft ordnungsgem\u00e4\u00df und zur vollen Zufriedenheit durchf\u00fchren zu k\u00f6nnen.\r\n\r\n<strong>Nach der Saison ist vor der Klubmeisterschaft<\/strong>\r\n\r\nUnsere interne Meisterschaft um den begehrten Titel des \u201eKlubmeister\u201c wird ab sofort mit vier Durchg\u00e4ngen im 120 Schubsystem gespielt. Bis zum 24.04.2018 m\u00fcssen drei Durchg\u00e4nge gekegelt sein. Der letzte Durchgang wird nach Platzierung und Bahnauslosung am 28.04.2018 gespielt. Die Ehrung und Klubmeisterschaftsfeier findet gleich im Anschluss statt. Sportwart Matthias Braun freut sich \u00fcber eine vollst\u00e4ndige Beteiligung und w\u00fcnscht allen Startern recht viel Holz.\r\n\r\n<a href=\"https:\/\/www.doppelturm.de\/?page_id=1786\">Aktueller Zwischenstand<\/a>\r\n\r\n<strong>Die Rafelder-Damen sind MEISTER!\r\n<\/strong><strong>Aufstieg in die Landesliga Nord!<\/strong>\r\n\r\nNach dem dritten Anlauf in Folge haben es unsere Damen endlich geschafft, die Meisterschaft in der Bezirksoberliga zu erreichen. Diesmal war es sogar schon am vorletzten Spieltag klar, indem sie gegen einen direkten Konkurrenten Ihre Heimst\u00e4rke bewiesen haben. Mit der Meisterschaft geht auch der Aufstieg in die \u201eLandesliga Nord\u201c einher.\r\n\r\n<strong>Der ganze Verein gratuliert unserer Damenmannschaft ganz herzlich zur Meisterschaft und Aufstieg!<\/strong>\r\n\r\n<strong>\r\nEndergebnisse Kreismeisterschaft Jugend und Aktive<\/strong>\r\n\r\nDie Einzelmeisterschaft von KV Schweinfurt und KV Ha\u00dfberge fand am 10. und 11. M\u00e4rz statt. Von unserem Verein haben sich 10 Starter an den Einzelvergleich gewagt.\r\n\r\nDass Einzelmeisterschaften Ihre eigenen Regeln haben, mussten besonders unsere m\u00e4nnliche, A-Jugendlichen lernen. Die ansonsten konstant gut spielenden Jungs, die regelm\u00e4\u00dfig an und \u00fcber die 500-er Grenze spielen, kamen diesmal irgendwie nicht zurecht und mussten sich mit einem nur durchschnittlichen Ergebnis zufriedengeben, welches auch nicht f\u00fcr den Endlauf gereicht hat. Besser machten es Jan Simon, Florian W. und am besten Fabian, letzter erreichte auch seinen ersten 1.000-er \u00fcber zwei Durchg\u00e4nge hintereinander. Sina erreichte bei der A-Jugend weiblich einen guten 4. Platz. Die erste Medaille f\u00fcr Rafeld konnte Lara einheimsen, sie erreichte, wie auch schon das letzte Jahr, souver\u00e4n den 2. Podestplatz.\r\n\r\nAuch zwei Erwachsene nahmen bei den Einzelmeisterschaften teil. Helena erreichte, mit jeweils durchschnittlichen Ergebnissen im Vor- und Endlauf, den 6. Platz. Einen relativ unerwarteten und daf\u00fcr umso erfreulicheren Triumph konnte J\u00fcrgen bei der starken M\u00e4nner-Gruppe erreichen. Mit seinem pers\u00f6nlichen Ergebnisrekord von 567 Holz brachte er sich im Vorlauf auf den 4. Tabellenplatz. Im Endlauf machte er es noch besser und verbesserte sich noch mal auf starke 574 Holz und er erk\u00e4mpfte sich den 3. Tabellenplatz und damit die 2. Medaille f\u00fcr Rafeld!\r\n\r\nAnbei erhaltet ihr einen \u00dcberblick wie unsere Starter vom Doppelturm abgeschnitten haben:\r\n<table class=\"tablerpt\">\r\n<tbody>\r\n<tr>\r\n<th class=\"lineheaderc\" colspan=\"3\">Herren<\/th>\r\n<\/tr>\r\n<tr>\r\n<th class=\"lineheaderc\">Platzierung<\/th>\r\n<th class=\"lineheaderc\">Starter<\/th>\r\n<th class=\"lineheaderc\">Gesamtergebnis<\/th>\r\n<\/tr>\r\n<tr>\r\n<td class=\"cellborderc\">3<\/td>\r\n<td class=\"cellborderc\">J\u00fcrgen Landeck<\/td>\r\n<td class=\"cellborderc\">1.141 Holz<\/td>\r\n<\/tr>\r\n<tr>\r\n<th class=\"lineheaderc\" colspan=\"3\">Damen<\/th>\r\n<\/tr>\r\n<tr>\r\n<td class=\"cellborderc\">6<\/td>\r\n<td class=\"cellborderc\">Helena N\u00f6th<\/td>\r\n<td class=\"cellborderc\">1.019 Holz<\/td>\r\n<\/tr>\r\n<tr>\r\n<th class=\"lineheaderc\" colspan=\"3\">U18 m\u00e4nnlich<\/th>\r\n<\/tr>\r\n<tr>\r\n<td class=\"cellborderc\">5<\/td>\r\n<td class=\"cellborderc\">Fabian Stingl<\/td>\r\n<td class=\"cellborderc\">1.001 Holz<\/td>\r\n<\/tr>\r\n<tr>\r\n<td class=\"cellborderc\">8<\/td>\r\n<td class=\"cellborderc\">Florian Werner<\/td>\r\n<td class=\"cellborderc\">971 Holz<\/td>\r\n<\/tr>\r\n<tr>\r\n<td class=\"cellborderc\">11<\/td>\r\n<td class=\"cellborderc\">Jan Simon Landeck<\/td>\r\n<td class=\"cellborderc\">923 Holz<\/td>\r\n<\/tr>\r\n<tr>\r\n<td class=\"cellborderc\">13<\/td>\r\n<td class=\"cellborderc\">Marius Krieger<\/td>\r\n<td class=\"cellborderc\">468 Holz<\/td>\r\n<\/tr>\r\n<tr>\r\n<td class=\"cellborderc\">14<\/td>\r\n<td class=\"cellborderc\">Florian Schreiner<\/td>\r\n<td class=\"cellborderc\">464 Holz<\/td>\r\n<\/tr>\r\n<tr>\r\n<td class=\"cellborderc\">15<\/td>\r\n<td class=\"cellborderc\">Leo Weigand<\/td>\r\n<td class=\"cellborderc\">463 Holz<\/td>\r\n<\/tr>\r\n<tr>\r\n<th class=\"lineheaderc\" colspan=\"3\">U18 weiblich<\/th>\r\n<\/tr>\r\n<tr>\r\n<td class=\"cellborderc\">4<\/td>\r\n<td class=\"cellborderc\">Sina Werner<\/td>\r\n<td class=\"cellborderc\">858 Holz<\/td>\r\n<\/tr>\r\n<tr>\r\n<th class=\"lineheaderc\" colspan=\"3\">U14 weiblich<\/th>\r\n<\/tr>\r\n<tr>\r\n<td class=\"cellborderc\">2<\/td>\r\n<td class=\"cellborderc\">Lara Eisenhut<\/td>\r\n<td class=\"cellborderc\">879 Holz<\/td>\r\n<\/tr>\r\n<tr>\r\n<th class=\"lineheaderc\" colspan=\"3\">U14 m\u00e4nnlich<\/th>\r\n<\/tr>\r\n<tr>\r\n<td class=\"cellborderc\">11<\/td>\r\n<td class=\"cellborderc\">Aaron Eisenhut<\/td>\r\n<td class=\"cellborderc\">338 Holz<\/td>\r\n<\/tr>\r\n<\/tbody>\r\n<\/table>\r\n<strong>Termine &#8211; Termine &#8211; Termine<\/strong>\r\n<ul>\r\n \t<li>13 Februar 2018: Faschingskegeln<\/li>\r\n \t<li>23. M\u00e4rz 2018: Generalversammlung<\/li>\r\n \t<li>28. April 2018: Klubmeisterschaftsendlauf und \u2013feier (ab ca. Mitte M\u00e4rz 2018 Klubmeisterschaftsbeginn)<\/li>\r\n \t<li>Mitte bis Ende Juli 2018: Dorfmeisterschaft<\/li>\r\n \t<li>04. August: Grillfeier mit Ehrung Dorfmeisterschaft<\/li>\r\n<\/ul>\r\nDie genauen Planungen und Einladungen werden jeweils rechtzeitig vor den Ereignissen bekanntgegeben.\r\n\r\n<strong>Abstiegskampf<\/strong>\r\n\r\nZurzeit k\u00f6nnen nur die Damen und die Jugend zufrieden auf die Tabelle blicken. W\u00e4hrend die Damen Ihre Tabellenf\u00fchrung verteidigen und einen hei\u00dfen Kampf um die Meisterschaft und Aufstieg erwarten, tun sich unsere beiden Herren- und die gemischte Mannschaft zurzeit schwer und m\u00fcssen sich mit dem Abstiegskampf besch\u00e4ftigen.\r\n\r\nF\u00fcr das Team &#8220;DT Herren 1&#8221; wird die Luft im Kampf um den Klassenerhalt d\u00fcnner. Aber noch geben sie nicht auf und k\u00e4mpfen in den restlichen sechs Spielen um den rettenden 8. Tabellenplatz. Aussichtslos ist der Kampf nicht, aber ein Punktgewinn in den n\u00e4chsten Spielen w\u00e4re wichtig.\r\n\r\nImmer noch hat die Mannschaft &#8220;DT Herren 2&#8221; mit Personalsorgen zu k\u00e4mpfen, so mussten die letzten Spiele immer auf Ersatzspieler zur\u00fcckgegriffen werden. So haben sie die Saison noch nicht oft bei den Spielern aus den Vollen sch\u00f6pfen k\u00f6nnen. Sie belegen zurzeit den 8. Tabellenplatz und haben 2 Punkte Vorsprung auf den Abstiegsplatz.\r\n\r\nBei unserer &#8220;DT Gemischt&#8221;-Mannschaft ist die Liga sehr stark, sodass sich die Spieler und Spielerinnen schwertun, gegen die Gegner mitzuhalten. Es kristallisierte sich schon in der Vorrunde ein enger Abstiegskampf von 3 Teams heraus. Derzeit belegt das Team den 9. Platz, sie sind allerdings punktgleich mit dem rettenden 8. Platz.\r\n\r\n<strong>Einzelmeisterschaft: Titel f\u00fcr Rafeld<\/strong>\r\n\r\nDie Aktiven-Einzelmeisterschaft des KV Schweinfurt fand am vergangenen Wochenende auf verschiedenen Bahnen im Raum Schweinfurt statt. Mit einem guten Ergebnis konnte sich Kai Mauder den Titel \u201eVereinsmeister\u201c erkegeln. Auch die restlichen Ergebnisse und Platzierungen k\u00f6nnen sich sehen lassen.\r\n\r\n<em>U23 m\u00e4nnlich:\r\n<\/em>Kai Mauder <strong>1. Platz<\/strong> mit 1.031 Holz (505+526)\r\n\r\n<em>Frauen:\r\n<\/em><span style=\"font-size: 20px;\">Helena N\u00f6th 2. Platz mit 1.088 Holz (556+521)<\/span>\r\n\r\n<em>Herren:\r\n<\/em><span style=\"font-size: 20px;\">J\u00fcrgen Landeck 5. Platz mit 1.089 Holz (523+566)\r\n<\/span><span style=\"font-size: 20px;\">Oliver Werner 6. Platz mit 1.088 Holz (551+537)\r\n<\/span><span style=\"font-size: 20px;\">Sascha M\u00fcller 9. Platz mit 1.066 Holz (556+510)\r\n<\/span>Philipp H\u00fcmmer 13. Platz mit 986 Holz\r\nMatthias Braun 16. Platz mit 524 Holz (1 Durchgang)\r\n\r\n<strong>Damen erobern Tabellenf\u00fchrung<\/strong>\r\n\r\nUnsere Damenmannschaft hat durch einen Sieg im Spitzenspiel gegen den vorherigen Tabellenf\u00fchrer den 1. Platz \u00fcbernommen. So k\u00f6nnen die Rafelder M\u00e4dels zufrieden in die Weihnachtspause gehen.\r\n\r\n<a href=\"https:\/\/www.doppelturm.de\/?page_id=1624\">Bisherige Damenergebnisse<\/a>\r\n\r\n<strong>\r\nVorrundenbilanz<\/strong>\r\n\r\nHerren 1 Platz 9 mit 3:15 Punkten\r\nHerren 2 Platz 8 mit 6:12 Punkten\r\nDamen <strong>Platz 2<\/strong> mit 12:4 Punkten\r\nGemischte Platz 8 mit 4:14 Punkten\r\nJugend 1 <strong>Platz 1<\/strong> mit 8:0 Punkten\r\nJugend 2 Platz 5 mit 0:8 Punkten\r\n<p class=\"RundschauStandardText\">Von nun an beginnt die R\u00fcckrunde der Kegelsaison 2017\/2018. Wir w\u00fcnschen allen unseren Mannschaften \u201eGut Holz\u201c f\u00fcr die kommenden und entscheidenden Spiele, sodass die Tabellenpl\u00e4tze mindestens gehalten werden \ud83d\ude42<\/p>\r\n\r\n\r\n<strong>Rafelder Jugend sahnt bei Einzelmeisterschaft ab\r\n<\/strong>\r\n\r\nDie Jugend-Einzelmeisterschaft des KV Schweinfurt fand am 25. und 26. November 2017 auf den Bahnen von Dittelbrunn und Grafenrheinfeld satt. Besonders stolz sind wir, dass sich fast all unsere Jugendlichen an den Start gewagt haben und damit die H\u00e4lfte des Teilnehmerfeldes aus Rafeld stammte. Unser Nachwuchs konnte auch zwei Titel und drei weitere Medaillenpl\u00e4tze ergattern. Auch mit den erreichten Ergebnissen k\u00f6nnen sie zufrieden sein.\r\n\r\n<strong>Jugend B U14 weiblich:<\/strong>\r\n\r\nLara Eisenhut <strong>1. Platz <\/strong>mit 947 Holz (491+456)\r\n\r\n<strong>Jugend A U18 weiblich:<\/strong>\r\n\r\nSina Werner 4. Platz mit 859 Holz (436+423)\r\n<span style=\"font-size: 20px;\">Jana Braun 7. Platz mit 729 Holz (352+376)<\/span>\r\n\r\n<strong>Jugend B U14 m\u00e4nnlich:<\/strong>\r\n\r\nAaron Eisenhut <strong>2. Platz<\/strong> mit 610 Holz (314+296)\r\n\r\n<strong>Jugend A U18 m\u00e4nnlich:<\/strong>\r\n\r\nLeo Weigand <strong>1. Platz<\/strong> mit <strong>1.027<\/strong> Holz (<strong>510<\/strong>+<strong>517<\/strong>)\r\n<span style=\"font-size: 20px;\">Jan Simon Landeck <\/span><strong style=\"font-size: 20px;\">2<\/strong><strong style=\"font-size: 20px;\">. Platz<\/strong><span style=\"font-size: 20px;\"> mit <\/span><strong style=\"font-size: 20px;\">1.022<\/strong><span style=\"font-size: 20px;\"> Holz (<\/span><strong style=\"font-size: 20px;\">538<\/strong><span style=\"font-size: 20px;\">+484)\r\n<\/span>Florian Schreiner <strong>3. Platz<\/strong> mit 977 Holz (<strong>502<\/strong>+475)\r\n<span style=\"font-size: 20px;\">Fabian Stingl 5. Platz mit 967 Holz (<\/span><strong style=\"font-size: 20px;\">518<\/strong><span style=\"font-size: 20px;\">+449)\r\n<\/span><span style=\"font-size: 20px;\">Florian Werner 7. Platz mit 936 Holz (481+455)\r\n<\/span><span style=\"font-size: 20px;\">Marius Krieger 8. Platz mit 925 Holz (<\/span><strong style=\"font-size: 20px;\">506<\/strong><span style=\"font-size: 20px;\">+419)<\/span><span style=\"font-size: 20px;\">\r\n<\/span>\r\n\r\nAlle Starter haben sich f\u00fcr die nachfolgende Meisterschaft qualifiziert. Stolz blicken die Trainerinnen und der ganze Verein auf unsere tolle, engagierte und talentierte Jugend. Wir k\u00f6nnen erwartungsvoll in die Zukunft blicken!\r\n\r\n<strong>Herausforderung: Bezirksoberliga<\/strong>\r\n\r\nWie bereits berichtet, hat es unsere 1. Herrenmannschaft geschafft zum dritten Mal in Folge den Meistertitel zu erringen. Infolgedessen war dies auch der dritte Aufstieg innerhalb von drei Saisons! Nun d\u00fcrfen Sie Ihr K\u00f6nnen in der Bezirksoberliga beweisen, und wieder als 6er-Mannschaft antreten. Daraufhin musste die Mannschaft nat\u00fcrlich aufgestockt werden. Neben einen erfahrenen Neuzugang haben gleich 3 Jugendspieler den Sprung in die 1. Mannschaft geschafft. So hat sich unsere sowieso schon junge Mannschaft noch mal verj\u00fcngt und so geht diese mit einem durchschnittlichen Alter von lediglich 28 Jahren an den Start. Wir sind gespannt, wie sich die neu zusammengestellte junge Mannschaft in der h\u00f6heren Liga pr\u00e4sentieren wird.\r\n<strong>Auf geht\u2019s, pack ma\u2019s!<\/strong>\r\n\r\n<strong>Lara auf Bayerischer Meisterschaft<\/strong>\r\n\r\nUnsere U14-Jugendspielerin Lara Eisenhut hat sich als amtierende Bezirksmeisterin Unterfranken f\u00fcr die Bayerische Meisterschaft qualifiziert. Die Bayerische Meisterschaft der U14-Jugend fand am 20. und 21. Mai Hallbergmoos-Goldach (bei M\u00fcnchen) statt. Sie erreichte mit Ihrem pers\u00f6nlichen Bestwert von 481 Holz den 19. Platz. Zu viele Fehler auf Abr\u00e4umen verhinderten ein noch besseres Ergebnis, trotzdem kann Lara stolz auf sich sein. Sie hat unseren Verein, bei Ihrer ersten Bayerischen Einzelmeisterschaft, w\u00fcrdig vertreten.\r\n\r\n<strong>Triple-Meister!<\/strong>\r\n\r\n<img decoding=\"async\" loading=\"lazy\" class=\"displayed\" src=\"https:\/\/www.doppelturm.de\/wp-content\/uploads\/2017\/03\/Meisterfeier_2017_03_25_Beitrag.jpg\" alt=\"Meisterbild\" width=\"65%\" height=\"65%\" \/>\r\nZum dritten Mal in Folgen hat es die erste Herrenmannschaft geschafft den Meistertitel zu erringen. Infolgedessen war dies auch der dritte Aufstieg innerhalb von drei Saisons!\r\n\r\nUm die Meister geb\u00fchrend zu Ehren haben sich die Kegler etwas besonderes ausgedacht. Nach der feierlichen \u00dcberreichung einer speziell angefertigten Torte wurden Matthias Braun, Oliver Werner, Philipp H\u00fcmmer und Sascha M\u00fcller vor die T\u00fcr gebracht und mit einem St\u00e4ndchen des Spielmanns und Fanfarenzug Grafenrheinfeld geehrt. Direkt danach wurde die Mannschaft samt den Musikern auf den Wagen von Josef Kimmel verfrachtet und in einem triumphalen Zug durch Grafenrheinfeld gefahren.\r\n\r\nEin herzliches Dankesch\u00f6n m\u00f6chten wir an dieser Stelle an Josef Kimmel f\u00fcr den Triumphzug entrichten. Ebenfalls bedanken wir uns f\u00fcr die musikalische Untermalung durch den Spielmanns- und Fanfarenzug Grafenrheinfeld die uns auf der Fahrt begleiteten und enorm zur feierlichen Stimmung beisteuerten. Ein drittes gro\u00dfes Danke richten wir noch an Jennefer Mauder und Jessica H\u00fcmmer f\u00fcr die beeindruckende Torte die unseren Meistern gewidmet wurde.\r\n\r\n<a href=\"https:\/\/www.doppelturm.de\/?page_id=1466\">Hier gibt es mehr Bilder<\/a>\r\n\r\n\r\n<p><strong>Saisonstart 2021\/22!<\/strong><\/p>\r\n<p>Mit dem offiziellen Saisonauftakt am 11.09.2021 begann die neue Saison 2021\/22 f\u00fcr den Doppelturm Grafenrheinfeld! Wir freuen uns sehr endlich wieder kegeln zu d\u00fcrfen und hoffen die Saison ohne gr\u00f6\u00dfere Einschr\u00e4nkungen durchziehen zu k\u00f6nnen. Hief\u00fcr verweisen wir auf das aktuelle Hygienekonzept (Siehe Link am Seitenanfang). Dort ist auch der Link zu den aktuellen Ergebnissen im Ergebnisportal von Sportwinner hinerlegt.<\/p>\r\n<p><strong>Gut Holz!<\/strong><\/p>\r\n<!-- \/wp:wp:paragraph -->\r\n\r\n<!-- wp:paragraph -->\r\n<p><strong>Spielbetrieb wegen \u00dcberschreitung des Inzidenzwertes >50 ausgesetzt<\/strong><\/p>\r\n<p>Auf Kreis- und Bezirksebene wurde der Spielbetrieb am aktuellen Wochenende ausgesetzt. Die Damen h\u00e4tten in der Landesliga theoretisch ausw\u00e4rts in Bindlach spielen d\u00fcrfen, haben sich mit dem Gegner jedoch darauf geeinigt, das Spiel zu verschieben. Ob n\u00e4chstes Wochende die Spiele wieder stattfinden, k\u00f6nnen wir aktull noch nicht sagen. Das wird sich vermutlich erst relativ kurzfristig ergeben.<\/p>\r\n<!-- \/wp:wp:paragraph -->\r\n\r\n<!-- wp:paragraph -->\r\n<p><strong>Stimmensammlung der \u00dcZ abgeschlossen<\/strong><\/p>\r\n<p>Der SKK-Dopppelturm hat es bei der Unterst\u00fctzungsaktion f\u00fcr Vereine der \u00dcZ auf Platz 2 geschafft! Wir sind \u00fcberw\u00e4ltigt von diesem Ergebnis und wollen uns ganz herzlichi bei all unseren  Unterst\u00fctzern Bedanken!<\/p>\r\n<!-- \/wp:wp:paragraph -->\r\n\r\n\r\n<!-- wp:paragraph -->\r\n<p><strong>Saisonstart ab dem 10.10.2020!<\/strong><\/p>\r\n<p>Es wurde nun beschlossen die Saison doch zu starten. Die Termine werden im Veranstaltungskalender erg\u00e4nzt, sobald die Spielpl\u00e4ne verf\u00fcgbar sind. Gut Holz!<\/p>\r\n<!-- \/wp:wp:paragraph -->\r\n\r\n<!-- wp:paragraph -->\r\n<p><strong>Stimmensammlung der \u00dcZ abgeschlossen<\/strong><\/p>\r\n<p>Die Zeit f\u00fcr die Stimmabgabe ist abgeschlossen &#8211; diese werden nun ausgewertet und wir hoffen auf ein gutes Gesamtergebnis. An dieser Stelle vielen Dank an alle Unterst\u00fctzer!<\/p>\r\n<!-- \/wp:wp:paragraph -->\r\n\r\n\r\n<!-- wp:paragraph -->\r\n<p><strong>Doppelturmjugend ben\u00f6tigt Eure Stimmen\r\n<\/strong><\/p>\r\n<!-- \/wp:paragraph -->\r\n\r\n<!-- wp:paragraph -->\r\n<p>Bei der \u00dcZ Aktion \u201eHilfe f\u00fcr\r\nVereine\u201c ben\u00f6tigen wir eure Stimmen. Und so funktionierts: Auf der Homepage www.uez.de\/hilfe-fuer-vereine,\r\nauf Facebook und auf Instagram k\u00f6nnt ihr bei den Originalbeitr\u00e4gen f\u00fcr uns\r\nstimmen. Auf unserer Homepage unter www.doppelturm.de und auf Facebook.com\/doppelturm\r\nsind die direkten Links zu unserer Abstimmung ver\u00f6ffentlicht. Die Aktion l\u00e4uft\r\nnoch bis 30.9. und in dieser Zeit hei\u00dft es abstimmen, teilen und liken was das\r\nZeug h\u00e4lt.<\/p>\r\n<!-- \/wp:paragraph -->\r\n\r\n<!-- wp:paragraph -->\r\n<p><strong>Unsere Corona-Lage<\/strong><\/p>\r\n<!-- \/wp:paragraph -->\r\n\r\n<!-- wp:paragraph -->\r\n<p>Durch die Pandemie haben die\r\nRafelder Kegler Ihre gr\u00f6\u00dften Einnahmequellen verloren. Sowohl die\r\nEigenbewirtung des Vereinsheimes bei den Wettk\u00e4mpfen, Training, Hobbykegler ist\r\nkomplett stillgelegt, als auch verschiedene Veranstaltungen, die wir ersatzlos\r\nstreichen mussten. Allen voran die Kegeldorfmeisterschaft, die Beteiligung an\r\nder gro\u00dfen Rafelder Kirchweih, unsere gro\u00dfgeplante 60-Jahr-Feier, das\r\nallj\u00e4hrliche Grillfest, verschiedene Turniere und Meisterschaften. Auf der anderen\r\nSeite bleiben die Kosten (Miete, Unterhalt der Anlage, Strom, \u2026) f\u00fcr die\r\nKegelbahn und Vereinsheim gleich. Der f\u00fcr Mitte September anberaumte\r\nSaisonstart wurde verschoben, aber selbst dieser wird uns nur wenig Einnahmen\r\ngenerieren, da Zuschauer nicht gestattet werden. Unter h\u00f6chsten Auflagen wurde\r\nein Hygienekonzept erarbeitet, sodass mit dem Training bereits im Juli wieder\r\nbegonnen werden konnte. Im Moment hoffen wir auf einen Start des Spielbetriebs\r\nim Oktober, sodass die Rafelder Kegler die Kugeln wieder rollen lassen d\u00fcrfen.<\/p>\r\n<!-- \/wp:paragraph -->\r\n\r\n<!-- wp:paragraph -->\r\n<p><strong>Saisonstart wurde verschoben!<\/strong><\/p>\r\n<!-- \/wp:paragraph -->\r\n\r\n<!-- wp:paragraph -->\r\n<p>Der Beginn der Saison 2020\/21 wurde vom BSKV vorerst verschoben. Ein Plan \u00fcber verschiedene Termine existiert bereits. Sobald wir n\u00e4here Informationen haben, wann die Saison beginnen k\u00f6nnte, werden wir euch in der Rundschau und auf der Homepage informieren! <br><\/p>\r\n<!-- \/wp:paragraph -->\r\n\r\n<!-- wp:list -->\r\n<ul><li>Plan A: Saisonstart im Oktober<\/li><li>Plan B: Saisonstart im November<\/li><li>Plan C: Saisonstart im Januar 2021<\/li><\/ul>\r\n<!-- \/wp:list -->\r\n\r\n<strong>Dorfmeisterschaft 2019<\/strong>\r\n\r\nDie Dorfmeisterschaft ist in vollem Gange &#8211; Und das noch bis einschlie\u00dflich Freitag!\r\n\r\nEs wurden bereits hervorragende Ergebnisse gespielt. Die aktuell F\u00fchrenden finden sich in der nachfolgenden Liste:\r\n<table class=\"tablerpt\">\r\n<tbody>\r\n<tr>\r\n<td class=\"lineheaderc\" height=\"20\">Rang<\/td>\r\n<td class=\"lineheaderc\" height=\"20\">Name<\/td>\r\n<td class=\"lineheaderc\" height=\"20\">Ergebnis<\/td>\r\n<\/tr>\r\n<tr>\r\n<td class=\"lineheaderc\" colspan=\"3\" height=\"20\">Mannschaften<\/td>\r\n<\/tr>\r\n<tr>\r\n<td class=\"cellborderc\" height=\"20\"><b>1<\/b><\/td>\r\n<td class=\"cellborderc\" height=\"20\">B-Team<\/td>\r\n<td class=\"cellborderc\" height=\"20\">803<\/td>\r\n<\/tr>\r\n<tr>\r\n<td class=\"cellborderc\" height=\"20\"><b>2<\/b><\/td>\r\n<td class=\"cellborderc\" height=\"20\">3 Engel f\u00fcr Wolfgang<\/td>\r\n<td class=\"cellborderc\" height=\"20\">736<\/td>\r\n<\/tr>\r\n<tr>\r\n<td class=\"cellborderc\" height=\"20\"><b>3<\/b><\/td>\r\n<td class=\"cellborderc\" height=\"20\">RaF<\/td>\r\n<td class=\"cellborderc\" height=\"20\">652<\/td>\r\n<\/tr>\r\n<tr>\r\n<td class=\"lineheaderc\" colspan=\"3\" height=\"20\">Herren<\/td>\r\n<\/tr>\r\n<tr>\r\n<td class=\"cellborderc\" height=\"20\"><b>1<\/b><\/td>\r\n<td class=\"cellborderc\" height=\"20\">K\u00fcnzel, Ralf<\/td>\r\n<td class=\"cellborderc\" height=\"20\">205<\/td>\r\n<\/tr>\r\n<tr>\r\n<td class=\"cellborderc\" height=\"20\"><b>2<\/b><\/td>\r\n<td class=\"cellborderc\" height=\"20\">Melber, Udo<\/td>\r\n<td class=\"cellborderc\" height=\"20\">202<\/td>\r\n<\/tr>\r\n<tr>\r\n<td class=\"cellborderc\" height=\"20\"><b>3<\/b><\/td>\r\n<td class=\"cellborderc\" height=\"20\">Wegner, Manfred<\/td>\r\n<td class=\"cellborderc\" height=\"20\">199<\/td>\r\n<\/tr>\r\n<tr>\r\n<td class=\"lineheaderc\" colspan=\"3\" height=\"20\">Damen<\/td>\r\n<\/tr>\r\n<tr>\r\n<td class=\"cellborderc\" height=\"20\"><b>1<\/b><\/td>\r\n<td class=\"cellborderc\" height=\"20\">Knorr, Nadja<\/td>\r\n<td class=\"cellborderc\" height=\"20\">200<\/td>\r\n<\/tr>\r\n<tr>\r\n<td class=\"cellborderc\" height=\"20\"><b>2<\/b><\/td>\r\n<td class=\"cellborderc\" height=\"20\">Lehmann, Kerstin<\/td>\r\n<td class=\"cellborderc\" height=\"20\">188<\/td>\r\n<\/tr>\r\n<tr>\r\n<td class=\"cellborderc\" height=\"20\"><b>3<\/b><\/td>\r\n<td class=\"cellborderc\" height=\"20\">Schreiner, Karin<\/td>\r\n<td class=\"cellborderc\" height=\"20\">188<\/td>\r\n<\/tr>\r\n<tr>\r\n<td class=\"lineheaderc\" colspan=\"3\" height=\"20\">Jugend<\/td>\r\n<\/tr>\r\n<tr>\r\n<td class=\"cellborderc\" height=\"20\"><b>1<\/b><\/td>\r\n<td class=\"cellborderc\" height=\"20\">Gehling, Alina<\/td>\r\n<td class=\"cellborderc\" height=\"20\">142<\/td>\r\n<\/tr>\r\n<tr>\r\n<td class=\"cellborderc\" height=\"20\"><b>2<\/b><\/td>\r\n<td class=\"cellborderc\" height=\"20\">Schmich, Luis<\/td>\r\n<td class=\"cellborderc\" height=\"20\">140<\/td>\r\n<\/tr>\r\n<tr>\r\n<td class=\"cellborderc\" height=\"20\"><b>3<\/b><\/td>\r\n<td class=\"cellborderc\" height=\"20\">Lausemeyer, Jonas<\/td>\r\n<td class=\"cellborderc\" height=\"20\">123<\/td>\r\n<\/tr>\r\n<\/tbody>\r\n<\/table>\r\nDie vollst\u00e4ndigen Ergebnisse gibt es <a href=\"https:\/\/www.doppelturm.de\/?page_id=2192\">hier<\/a>.\r\n\r\n<strong>Saisonstart f\u00fcr Rafelder Kegler<\/strong>\r\n\r\nDie neue Saison 2018\/2019 hat vergangenes Wochenende gestartet. Die Rafelder Kegler starteten alle mit Ausw\u00e4rtsspielen und leider nicht sehr erfolgreich. Zwar konnten die Ergebnisse sich sehen lassen, aber leider ist &#8211; au\u00dfer bei der 1. Herrenmannschaft &#8211; kein Punktgewinn herausgesprungen.\r\n\r\n<strong>Saisonvorbereitung<\/strong>\r\n\r\nDer Doppelturm hat f\u00fcr die Saison 2018\/2019 sieben Mannschaften gemeldet. Saisonbeginn f\u00fcr die Aktiven ist der 08.09.2018. Zu folgenden Zeiten werden die Heimspiele der jeweiligen Mannschaften stattfinden:\r\n\r\nJugend 1: Freitag 17:30 Uhr\r\nJugend 2: Donnerstag 17:30 Uhr\r\nHerren 1: Samstag 17:00 Uhr\r\nHerren 2: Samstag 15:00 Uhr\r\nHerren 3: Samstag 13:00 Uhr\r\nGemischte: Sonntag 10:00 Uhr\r\nDamen: Sonntag 14:30 Uhr\r\n\r\nAufgrund des Abstieges der 1. Herrenmannschaft und der damit verbundene wieder verringerten Mannschaftsst\u00e4rke, hat sich in den Mannschaftszusammenstellungen doch einige \u00c4nderungen ergeben. Trotz knapper Spieleranzahl haben wir uns dazu entschlossen eine 3. Herrenmannschaft zus\u00e4tzlich zur Gemischten Mannschaft zu stellen. Wie in der letzten Saison d\u00fcrfen alle Mannschaften mit den moderneren 120 Schubsystem mit Punktewertung antreten.\r\n\r\n<strong>Herausforderung Landesliga:<\/strong>\r\n\r\nWie bereits berichtet, hat es unsere Damenmannschaft geschafft den Meistertitel in der Bezirksoberliga Unterfranken zu erringen und sind in die Landesliga Nord aufgestiegen. Wir sind gespannt, wie sich unsere erfolgsverw\u00f6hnten Damen in der \u00fcberregionalen Liga, mit starken Gegnern und unbekannten Bahnen in der h\u00f6heren Liga pr\u00e4sentieren wird.\r\n\r\n<strong>Auf geht\u2019s, pack ma\u2019s!<\/strong>\r\n<strong>Dorfmeisterschaft 2018<\/strong>\r\n\r\nDie Dorfmeisterschaft ist nun beendet und es haben sich die unten stehenden Dorfmeister ergeben.\r\n\r\nDer Doppelturm gratuliert allen Startern und Starterinnen zu den erk\u00e4mpften Ergebnissen!\r\n<table class=\"tablerpt\">\r\n<tbody>\r\n<tr>\r\n<td class=\"lineheaderc\" height=\"20\">Rang<\/td>\r\n<td class=\"lineheaderc\" height=\"20\">Name<\/td>\r\n<td class=\"lineheaderc\" height=\"20\">Ergebnis<\/td>\r\n<\/tr>\r\n<tr>\r\n<td class=\"lineheaderc\" colspan=\"3\" height=\"20\">Mannschaften<\/td>\r\n<\/tr>\r\n<tr>\r\n<td class=\"cellborderc\" height=\"20\"><b>1<\/b><\/td>\r\n<td class=\"cellborderc\" height=\"20\">B-Team<\/td>\r\n<td class=\"cellborderc\" height=\"20\">814<\/td>\r\n<\/tr>\r\n<tr>\r\n<td class=\"cellborderc\" height=\"20\"><b>2<\/b><\/td>\r\n<td class=\"cellborderc\" height=\"20\">3 Engel f\u00fcr Wolfgang<\/td>\r\n<td class=\"cellborderc\" height=\"20\">778<\/td>\r\n<\/tr>\r\n<tr>\r\n<td class=\"cellborderc\" height=\"20\"><b>3<\/b><\/td>\r\n<td class=\"cellborderc\" height=\"20\">Die Verr\u00fcckten H\u00fchner<\/td>\r\n<td class=\"cellborderc\" height=\"20\">695<\/td>\r\n<\/tr>\r\n<tr>\r\n<td class=\"lineheaderc\" colspan=\"3\" height=\"20\">Herren<\/td>\r\n<\/tr>\r\n<tr>\r\n<td class=\"cellborderc\" height=\"20\"><b>1<\/b><\/td>\r\n<td class=\"cellborderc\" height=\"20\">Melber, Udo<\/td>\r\n<td class=\"cellborderc\" height=\"20\">212<\/td>\r\n<\/tr>\r\n<tr>\r\n<td class=\"cellborderc\" height=\"20\"><b>2<\/b><\/td>\r\n<td class=\"cellborderc\" height=\"20\">K\u00fcnzel, Ralf<\/td>\r\n<td class=\"cellborderc\" height=\"20\">212<\/td>\r\n<\/tr>\r\n<tr>\r\n<td class=\"cellborderc\" height=\"20\"><b>3<\/b><\/td>\r\n<td class=\"cellborderc\" height=\"20\">Schneider, Wolfgang<\/td>\r\n<td class=\"cellborderc\" height=\"20\">199<\/td>\r\n<\/tr>\r\n<tr>\r\n<td class=\"lineheaderc\" colspan=\"3\" height=\"20\">Damen<\/td>\r\n<\/tr>\r\n<tr>\r\n<td class=\"cellborderc\" height=\"20\"><b>1<\/b><\/td>\r\n<td class=\"cellborderc\" height=\"20\">Knorr, Nadja<\/td>\r\n<td class=\"cellborderc\" height=\"20\">205<\/td>\r\n<\/tr>\r\n<tr>\r\n<td class=\"cellborderc\" height=\"20\"><b>2<\/b><\/td>\r\n<td class=\"cellborderc\" height=\"20\">Lehmann, Kerstin<\/td>\r\n<td class=\"cellborderc\" height=\"20\">205<\/td>\r\n<\/tr>\r\n<tr>\r\n<td class=\"cellborderc\" height=\"20\"><b>3<\/b><\/td>\r\n<td class=\"cellborderc\" height=\"20\">Libowski-Gehling, Alexandra<\/td>\r\n<td class=\"cellborderc\" height=\"20\">194<\/td>\r\n<\/tr>\r\n<tr>\r\n<td class=\"lineheaderc\" colspan=\"3\" height=\"20\">Jugend<\/td>\r\n<\/tr>\r\n<tr>\r\n<td class=\"cellborderc\" height=\"20\"><b>1<\/b><\/td>\r\n<td class=\"cellborderc\" height=\"20\">Mehlert, Christian<\/td>\r\n<td class=\"cellborderc\" height=\"20\">150<\/td>\r\n<\/tr>\r\n<tr>\r\n<td class=\"cellborderc\" height=\"20\"><b>2<\/b><\/td>\r\n<td class=\"cellborderc\" height=\"20\">Schmich, Luis<\/td>\r\n<td class=\"cellborderc\" height=\"20\">149<\/td>\r\n<\/tr>\r\n<tr>\r\n<td class=\"cellborderc\" height=\"20\"><b>3<\/b><\/td>\r\n<td class=\"cellborderc\" height=\"20\">Gehling, Alina<\/td>\r\n<td class=\"cellborderc\" height=\"20\">130<\/td>\r\n<\/tr>\r\n<\/tbody>\r\n<\/table>\r\nDie vollst\u00e4ndigen Ergebnisse gibt es <a href=\"https:\/\/www.doppelturm.de\/?page_id=1830\">hier<\/a>.\r\n<strong>Samstag hei\u00dft es Daumen dr\u00fccken f\u00fcr Fabian<\/strong>\r\n\r\nAm Samstag, den 5. Mai steht die Bayerische Einzelmeisterschaft der Jugend auf den Programm. Unser Jugendspieler Fabian hat sich als 1. Nachr\u00fccker f\u00fcr den Vergleich qualifiziert. Er startet um 15:10 Uhr beim FC Eintracht Bamberg. Der ganze Verein dr\u00fcckt Fabian die Daumen bei dieser \u00fcberregionalen Meisterschaft und w\u00fcnscht ihm viel Spa\u00df, Erfolg und nat\u00fcrlich \u201eGUT HOLZ\u201c!\r\n\r\n<strong>Klubmeisterschaft so spannend wie lange nicht!<\/strong>\r\n\r\nAm Samstag steht unser Finale der internen Klubmeisterschaft an. Die drei Vorl\u00e4ufe sind, so gut wie, abgeschlossen und es zeigt sich in fast jeder Kategorie ein spannendes Bild.\r\n\r\nBei den Herren f\u00fchrt Matthias mit 22 Holz vor Sascha, dahinter mit 18 Holz R\u00fcckstand befindet sich Oliver in Lauerstellung. Bei den Damen geht es ganz eng zur Sache, Jenny f\u00fchrt hauchd\u00fcnn mit 1 Holz vor Helena und 18 Holz vor Silvia &#8211; hier ist noch alles drin. Bei unserer Jugend A hat sich ein Zweikampf zwischen Leo und Fabian herauskristallisiert, die beiden trennen lediglich 4 Holz. Dagegen ist bei der Jugend B und Senioren, aufgrund geringer Teilnehmer, bereits entschieden.\r\n\r\nAber bei unserer Klubmeisterschaft geht es nicht nur um den Titel, sondern es geht immer auch um die &#8220;K\u00fcmmerli&#8221; und &#8220;Wurscht&#8221; f\u00fcr die hinteren Pl\u00e4tze \ud83d\ude00\r\n\r\n<span style=\"font-size: 20px;\"><em><span style=\"background-color: #ffffff;\">Startzeiten f\u00fcr Samstag:<\/span><\/em><\/span>\r\n<p style=\"font-size: 20px; background-color: #ffffff;\">13:30 Uhr: Jana, Marius, Christine und Pia\r\n14:30 Uhr: Flo S, Flo W, Gerd\r\n15:30 Uhr: Leo, Fabian, Lara und Jan Simon\r\n16:30 Uhr: Burkard, J\u00fcrgen, Silvia und Oli\r\n17:30 Uhr: Sascha, Mattl, Helena und Jenny<\/p>\r\n<p style=\"font-size: 20px; background-color: #ffffff;\"><span style=\"background-color: #ffffff; font-size: 20px;\">Direkt im Anschluss gehen wir zum gem\u00fctlichen Teil des Abends \u00fcber mit Siegerehrung, Speis und Trank.<\/span><\/p>\r\n<a href=\"https:\/\/www.doppelturm.de\/?page_id=1786\">Aktuelle Ergebnisse Klubmeisterschaft<\/a>\r\n\r\n<strong>Fabian zur Bayerischen Meisterschaft!<\/strong>\r\n\r\nBei unserem U18-Jugendspieler Fabian Stingl war die Entt\u00e4uschung \u00fcber den zwar tollen, aber doch undankbaren 4. Platz bei der Bezirksmeisterschaft und die damit knapp nicht erreichte Qualifikation f\u00fcr die Bayerische Meisterschaft gro\u00df. Umso gr\u00f6\u00dfer war die \u00dcberraschung und Freude, als die Information kam, dass der Landeskader Startpl\u00e4tze zur\u00fcckgibt und somit Fabian, als 1. Nachr\u00fccker, sich doch bei der Bayerischen Meisterschaft messen darf. Diese findet am 05. und 06. Mai 2018 in Bamberg (U18: FC Eintracht Bamberg) statt. Der ganze Verein dr\u00fcckt Fabian die Daumen bei dieser \u00fcberregionalen Meisterschaft und w\u00fcnscht ihm viel Spa\u00df, Erfolg und nat\u00fcrlich \u201eGUT HOLZ\u201c!\r\n\r\n<strong>Bezirksmeisterschaften Jugend\r\n<\/strong>\r\n\r\nDie Bezirksmeisterschaft Unterfranken der Jugend fand am 14. und 15. April statt. W\u00e4hrend die U18 beim ESV Schweinfurt an den Start gingen, haben sich die U14-Spieler\/innen in Grafenrheinfeld, auf unseren Bahnen, eingefunden.\r\n\r\nEndergebnisse und Platzierungen:\r\n\r\n<em>U14 in Grafenrheinfeld:\r\n<\/em><span style=\"font-size: 20px;\">Lara Eisenhut 9. Platz mit 435+426 Holz<\/span><em>\r\n<\/em>\r\n\r\n<em>U18 beim ESV Schweinfurt:\r\n<\/em><span style=\"font-size: 20px;\">Sina Werner 8. Platz mit 444+472 Holz\r\nJana Braun 15. Platz mit 398 Holz<\/span>\r\n\r\nFabian Stingl <strong>4. Platz mit 556+519 Holz!\r\n<\/strong><span style=\"font-size: 20px;\">Leo Weigand 20. Platz mit 486 Holz<\/span>\r\n\r\nBesonders erfolgreich hat sich Fabian Stingl in seiner ersten Saison als U18-Spieler geschlagen. Er lag nach dem Vorlauf, mit seinem pers\u00f6nlichen Ergebnisrekord, sogar auf den dritten Platz und durfte auf einen Podestplatz und damit der Qualifikation f\u00fcr die Bayerische Meisterschaft hoffen. Trotz, dass es nicht ganz gereicht hat, darf er stolz auf seine Leistung und Entwicklung sein. Auch die anderen Jugendlichen haben gute Leistungen gezeigt, wobei der Ehrgeiz f\u00fcr ein besseres Ergebnis und dadurch Platzierung bei manchen nat\u00fcrlich gr\u00f6\u00dfer war.\r\n\r\nDer Verein dankt den vielen flei\u00dfigen Helfern, die n\u00f6tig waren, um so eine Bezirksmeisterschaft ordnungsgem\u00e4\u00df und zur vollen Zufriedenheit durchf\u00fchren zu k\u00f6nnen.\r\n\r\n<strong>Nach der Saison ist vor der Klubmeisterschaft<\/strong>\r\n\r\nUnsere interne Meisterschaft um den begehrten Titel des \u201eKlubmeister\u201c wird ab sofort mit vier Durchg\u00e4ngen im 120 Schubsystem gespielt. Bis zum 24.04.2018 m\u00fcssen drei Durchg\u00e4nge gekegelt sein. Der letzte Durchgang wird nach Platzierung und Bahnauslosung am 28.04.2018 gespielt. Die Ehrung und Klubmeisterschaftsfeier findet gleich im Anschluss statt. Sportwart Matthias Braun freut sich \u00fcber eine vollst\u00e4ndige Beteiligung und w\u00fcnscht allen Startern recht viel Holz.\r\n\r\n<a href=\"https:\/\/www.doppelturm.de\/?page_id=1786\">Aktueller Zwischenstand<\/a>\r\n\r\n<strong>Die Rafelder-Damen sind MEISTER!\r\n<\/strong><strong>Aufstieg in die Landesliga Nord!<\/strong>\r\n\r\nNach dem dritten Anlauf in Folge haben es unsere Damen endlich geschafft, die Meisterschaft in der Bezirksoberliga zu erreichen. Diesmal war es sogar schon am vorletzten Spieltag klar, indem sie gegen einen direkten Konkurrenten Ihre Heimst\u00e4rke bewiesen haben. Mit der Meisterschaft geht auch der Aufstieg in die \u201eLandesliga Nord\u201c einher.\r\n\r\n<strong>Der ganze Verein gratuliert unserer Damenmannschaft ganz herzlich zur Meisterschaft und Aufstieg!<\/strong>\r\n\r\n<strong>\r\nEndergebnisse Kreismeisterschaft Jugend und Aktive<\/strong>\r\n\r\nDie Einzelmeisterschaft von KV Schweinfurt und KV Ha\u00dfberge fand am 10. und 11. M\u00e4rz statt. Von unserem Verein haben sich 10 Starter an den Einzelvergleich gewagt.\r\n\r\nDass Einzelmeisterschaften Ihre eigenen Regeln haben, mussten besonders unsere m\u00e4nnliche, A-Jugendlichen lernen. Die ansonsten konstant gut spielenden Jungs, die regelm\u00e4\u00dfig an und \u00fcber die 500-er Grenze spielen, kamen diesmal irgendwie nicht zurecht und mussten sich mit einem nur durchschnittlichen Ergebnis zufriedengeben, welches auch nicht f\u00fcr den Endlauf gereicht hat. Besser machten es Jan Simon, Florian W. und am besten Fabian, letzter erreichte auch seinen ersten 1.000-er \u00fcber zwei Durchg\u00e4nge hintereinander. Sina erreichte bei der A-Jugend weiblich einen guten 4. Platz. Die erste Medaille f\u00fcr Rafeld konnte Lara einheimsen, sie erreichte, wie auch schon das letzte Jahr, souver\u00e4n den 2. Podestplatz.\r\n\r\nAuch zwei Erwachsene nahmen bei den Einzelmeisterschaften teil. Helena erreichte, mit jeweils durchschnittlichen Ergebnissen im Vor- und Endlauf, den 6. Platz. Einen relativ unerwarteten und daf\u00fcr umso erfreulicheren Triumph konnte J\u00fcrgen bei der starken M\u00e4nner-Gruppe erreichen. Mit seinem pers\u00f6nlichen Ergebnisrekord von 567 Holz brachte er sich im Vorlauf auf den 4. Tabellenplatz. Im Endlauf machte er es noch besser und verbesserte sich noch mal auf starke 574 Holz und er erk\u00e4mpfte sich den 3. Tabellenplatz und damit die 2. Medaille f\u00fcr Rafeld!\r\n\r\nAnbei erhaltet ihr einen \u00dcberblick wie unsere Starter vom Doppelturm abgeschnitten haben:\r\n<table class=\"tablerpt\">\r\n<tbody>\r\n<tr>\r\n<th class=\"lineheaderc\" colspan=\"3\">Herren<\/th>\r\n<\/tr>\r\n<tr>\r\n<th class=\"lineheaderc\">Platzierung<\/th>\r\n<th class=\"lineheaderc\">Starter<\/th>\r\n<th class=\"lineheaderc\">Gesamtergebnis<\/th>\r\n<\/tr>\r\n<tr>\r\n<td class=\"cellborderc\">3<\/td>\r\n<td class=\"cellborderc\">J\u00fcrgen Landeck<\/td>\r\n<td class=\"cellborderc\">1.141 Holz<\/td>\r\n<\/tr>\r\n<tr>\r\n<th class=\"lineheaderc\" colspan=\"3\">Damen<\/th>\r\n<\/tr>\r\n<tr>\r\n<td class=\"cellborderc\">6<\/td>\r\n<td class=\"cellborderc\">Helena N\u00f6th<\/td>\r\n<td class=\"cellborderc\">1.019 Holz<\/td>\r\n<\/tr>\r\n<tr>\r\n<th class=\"lineheaderc\" colspan=\"3\">U18 m\u00e4nnlich<\/th>\r\n<\/tr>\r\n<tr>\r\n<td class=\"cellborderc\">5<\/td>\r\n<td class=\"cellborderc\">Fabian Stingl<\/td>\r\n<td class=\"cellborderc\">1.001 Holz<\/td>\r\n<\/tr>\r\n<tr>\r\n<td class=\"cellborderc\">8<\/td>\r\n<td class=\"cellborderc\">Florian Werner<\/td>\r\n<td class=\"cellborderc\">971 Holz<\/td>\r\n<\/tr>\r\n<tr>\r\n<td class=\"cellborderc\">11<\/td>\r\n<td class=\"cellborderc\">Jan Simon Landeck<\/td>\r\n<td class=\"cellborderc\">923 Holz<\/td>\r\n<\/tr>\r\n<tr>\r\n<td class=\"cellborderc\">13<\/td>\r\n<td class=\"cellborderc\">Marius Krieger<\/td>\r\n<td class=\"cellborderc\">468 Holz<\/td>\r\n<\/tr>\r\n<tr>\r\n<td class=\"cellborderc\">14<\/td>\r\n<td class=\"cellborderc\">Florian Schreiner<\/td>\r\n<td class=\"cellborderc\">464 Holz<\/td>\r\n<\/tr>\r\n<tr>\r\n<td class=\"cellborderc\">15<\/td>\r\n<td class=\"cellborderc\">Leo Weigand<\/td>\r\n<td class=\"cellborderc\">463 Holz<\/td>\r\n<\/tr>\r\n<tr>\r\n<th class=\"lineheaderc\" colspan=\"3\">U18 weiblich<\/th>\r\n<\/tr>\r\n<tr>\r\n<td class=\"cellborderc\">4<\/td>\r\n<td class=\"cellborderc\">Sina Werner<\/td>\r\n<td class=\"cellborderc\">858 Holz<\/td>\r\n<\/tr>\r\n<tr>\r\n<th class=\"lineheaderc\" colspan=\"3\">U14 weiblich<\/th>\r\n<\/tr>\r\n<tr>\r\n<td class=\"cellborderc\">2<\/td>\r\n<td class=\"cellborderc\">Lara Eisenhut<\/td>\r\n<td class=\"cellborderc\">879 Holz<\/td>\r\n<\/tr>\r\n<tr>\r\n<th class=\"lineheaderc\" colspan=\"3\">U14 m\u00e4nnlich<\/th>\r\n<\/tr>\r\n<tr>\r\n<td class=\"cellborderc\">11<\/td>\r\n<td class=\"cellborderc\">Aaron Eisenhut<\/td>\r\n<td class=\"cellborderc\">338 Holz<\/td>\r\n<\/tr>\r\n<\/tbody>\r\n<\/table>\r\n<strong>Termine &#8211; Termine &#8211; Termine<\/strong>\r\n<ul>\r\n \t<li>13 Februar 2018: Faschingskegeln<\/li>\r\n \t<li>23. M\u00e4rz 2018: Generalversammlung<\/li>\r\n \t<li>28. April 2018: Klubmeisterschaftsendlauf und \u2013feier (ab ca. Mitte M\u00e4rz 2018 Klubmeisterschaftsbeginn)<\/li>\r\n \t<li>Mitte bis Ende Juli 2018: Dorfmeisterschaft<\/li>\r\n \t<li>04. August: Grillfeier mit Ehrung Dorfmeisterschaft<\/li>\r\n<\/ul>\r\nDie genauen Planungen und Einladungen werden jeweils rechtzeitig vor den Ereignissen bekanntgegeben.\r\n\r\n<strong>Abstiegskampf<\/strong>\r\n\r\nZurzeit k\u00f6nnen nur die Damen und die Jugend zufrieden auf die Tabelle blicken. W\u00e4hrend die Damen Ihre Tabellenf\u00fchrung verteidigen und einen hei\u00dfen Kampf um die Meisterschaft und Aufstieg erwarten, tun sich unsere beiden Herren- und die gemischte Mannschaft zurzeit schwer und m\u00fcssen sich mit dem Abstiegskampf besch\u00e4ftigen.\r\n\r\nF\u00fcr das Team &#8220;DT Herren 1&#8221; wird die Luft im Kampf um den Klassenerhalt d\u00fcnner. Aber noch geben sie nicht auf und k\u00e4mpfen in den restlichen sechs Spielen um den rettenden 8. Tabellenplatz. Aussichtslos ist der Kampf nicht, aber ein Punktgewinn in den n\u00e4chsten Spielen w\u00e4re wichtig.\r\n\r\nImmer noch hat die Mannschaft &#8220;DT Herren 2&#8221; mit Personalsorgen zu k\u00e4mpfen, so mussten die letzten Spiele immer auf Ersatzspieler zur\u00fcckgegriffen werden. So haben sie die Saison noch nicht oft bei den Spielern aus den Vollen sch\u00f6pfen k\u00f6nnen. Sie belegen zurzeit den 8. Tabellenplatz und haben 2 Punkte Vorsprung auf den Abstiegsplatz.\r\n\r\nBei unserer &#8220;DT Gemischt&#8221;-Mannschaft ist die Liga sehr stark, sodass sich die Spieler und Spielerinnen schwertun, gegen die Gegner mitzuhalten. Es kristallisierte sich schon in der Vorrunde ein enger Abstiegskampf von 3 Teams heraus. Derzeit belegt das Team den 9. Platz, sie sind allerdings punktgleich mit dem rettenden 8. Platz.\r\n\r\n<strong>Einzelmeisterschaft: Titel f\u00fcr Rafeld<\/strong>\r\n\r\nDie Aktiven-Einzelmeisterschaft des KV Schweinfurt fand am vergangenen Wochenende auf verschiedenen Bahnen im Raum Schweinfurt statt. Mit einem guten Ergebnis konnte sich Kai Mauder den Titel \u201eVereinsmeister\u201c erkegeln. Auch die restlichen Ergebnisse und Platzierungen k\u00f6nnen sich sehen lassen.\r\n\r\n<em>U23 m\u00e4nnlich:\r\n<\/em>Kai Mauder <strong>1. Platz<\/strong> mit 1.031 Holz (505+526)\r\n\r\n<em>Frauen:\r\n<\/em><span style=\"font-size: 20px;\">Helena N\u00f6th 2. Platz mit 1.088 Holz (556+521)<\/span>\r\n\r\n<em>Herren:\r\n<\/em><span style=\"font-size: 20px;\">J\u00fcrgen Landeck 5. Platz mit 1.089 Holz (523+566)\r\n<\/span><span style=\"font-size: 20px;\">Oliver Werner 6. Platz mit 1.088 Holz (551+537)\r\n<\/span><span style=\"font-size: 20px;\">Sascha M\u00fcller 9. Platz mit 1.066 Holz (556+510)\r\n<\/span>Philipp H\u00fcmmer 13. Platz mit 986 Holz\r\nMatthias Braun 16. Platz mit 524 Holz (1 Durchgang)\r\n\r\n<strong>Damen erobern Tabellenf\u00fchrung<\/strong>\r\n\r\nUnsere Damenmannschaft hat durch einen Sieg im Spitzenspiel gegen den vorherigen Tabellenf\u00fchrer den 1. Platz \u00fcbernommen. So k\u00f6nnen die Rafelder M\u00e4dels zufrieden in die Weihnachtspause gehen.\r\n\r\n<a href=\"https:\/\/www.doppelturm.de\/?page_id=1624\">Bisherige Damenergebnisse<\/a>\r\n\r\n<strong>\r\nVorrundenbilanz<\/strong>\r\n\r\nHerren 1 Platz 9 mit 3:15 Punkten\r\nHerren 2 Platz 8 mit 6:12 Punkten\r\nDamen <strong>Platz 2<\/strong> mit 12:4 Punkten\r\nGemischte Platz 8 mit 4:14 Punkten\r\nJugend 1 <strong>Platz 1<\/strong> mit 8:0 Punkten\r\nJugend 2 Platz 5 mit 0:8 Punkten\r\n<p class=\"RundschauStandardText\">Von nun an beginnt die R\u00fcckrunde der Kegelsaison 2017\/2018. Wir w\u00fcnschen allen unseren Mannschaften \u201eGut Holz\u201c f\u00fcr die kommenden und entscheidenden Spiele, sodass die Tabellenpl\u00e4tze mindestens gehalten werden \ud83d\ude42<\/p>\r\n\r\n\r\n<strong>Rafelder Jugend sahnt bei Einzelmeisterschaft ab\r\n<\/strong>\r\n\r\nDie Jugend-Einzelmeisterschaft des KV Schweinfurt fand am 25. und 26. November 2017 auf den Bahnen von Dittelbrunn und Grafenrheinfeld satt. Besonders stolz sind wir, dass sich fast all unsere Jugendlichen an den Start gewagt haben und damit die H\u00e4lfte des Teilnehmerfeldes aus Rafeld stammte. Unser Nachwuchs konnte auch zwei Titel und drei weitere Medaillenpl\u00e4tze ergattern. Auch mit den erreichten Ergebnissen k\u00f6nnen sie zufrieden sein.\r\n\r\n<strong>Jugend B U14 weiblich:<\/strong>\r\n\r\nLara Eisenhut <strong>1. Platz <\/strong>mit 947 Holz (491+456)\r\n\r\n<strong>Jugend A U18 weiblich:<\/strong>\r\n\r\nSina Werner 4. Platz mit 859 Holz (436+423)\r\n<span style=\"font-size: 20px;\">Jana Braun 7. Platz mit 729 Holz (352+376)<\/span>\r\n\r\n<strong>Jugend B U14 m\u00e4nnlich:<\/strong>\r\n\r\nAaron Eisenhut <strong>2. Platz<\/strong> mit 610 Holz (314+296)\r\n\r\n<strong>Jugend A U18 m\u00e4nnlich:<\/strong>\r\n\r\nLeo Weigand <strong>1. Platz<\/strong> mit <strong>1.027<\/strong> Holz (<strong>510<\/strong>+<strong>517<\/strong>)\r\n<span style=\"font-size: 20px;\">Jan Simon Landeck <\/span><strong style=\"font-size: 20px;\">2<\/strong><strong style=\"font-size: 20px;\">. Platz<\/strong><span style=\"font-size: 20px;\"> mit <\/span><strong style=\"font-size: 20px;\">1.022<\/strong><span style=\"font-size: 20px;\"> Holz (<\/span><strong style=\"font-size: 20px;\">538<\/strong><span style=\"font-size: 20px;\">+484)\r\n<\/span>Florian Schreiner <strong>3. Platz<\/strong> mit 977 Holz (<strong>502<\/strong>+475)\r\n<span style=\"font-size: 20px;\">Fabian Stingl 5. Platz mit 967 Holz (<\/span><strong style=\"font-size: 20px;\">518<\/strong><span style=\"font-size: 20px;\">+449)\r\n<\/span><span style=\"font-size: 20px;\">Florian Werner 7. Platz mit 936 Holz (481+455)\r\n<\/span><span style=\"font-size: 20px;\">Marius Krieger 8. Platz mit 925 Holz (<\/span><strong style=\"font-size: 20px;\">506<\/strong><span style=\"font-size: 20px;\">+419)<\/span><span style=\"font-size: 20px;\">\r\n<\/span>\r\n\r\nAlle Starter haben sich f\u00fcr die nachfolgende Meisterschaft qualifiziert. Stolz blicken die Trainerinnen und der ganze Verein auf unsere tolle, engagierte und talentierte Jugend. Wir k\u00f6nnen erwartungsvoll in die Zukunft blicken!\r\n\r\n<strong>Herausforderung: Bezirksoberliga<\/strong>\r\n\r\nWie bereits berichtet, hat es unsere 1. Herrenmannschaft geschafft zum dritten Mal in Folge den Meistertitel zu erringen. Infolgedessen war dies auch der dritte Aufstieg innerhalb von drei Saisons! Nun d\u00fcrfen Sie Ihr K\u00f6nnen in der Bezirksoberliga beweisen, und wieder als 6er-Mannschaft antreten. Daraufhin musste die Mannschaft nat\u00fcrlich aufgestockt werden. Neben einen erfahrenen Neuzugang haben gleich 3 Jugendspieler den Sprung in die 1. Mannschaft geschafft. So hat sich unsere sowieso schon junge Mannschaft noch mal verj\u00fcngt und so geht diese mit einem durchschnittlichen Alter von lediglich 28 Jahren an den Start. Wir sind gespannt, wie sich die neu zusammengestellte junge Mannschaft in der h\u00f6heren Liga pr\u00e4sentieren wird.\r\n<strong>Auf geht\u2019s, pack ma\u2019s!<\/strong>\r\n\r\n<strong>Lara auf Bayerischer Meisterschaft<\/strong>\r\n\r\nUnsere U14-Jugendspielerin Lara Eisenhut hat sich als amtierende Bezirksmeisterin Unterfranken f\u00fcr die Bayerische Meisterschaft qualifiziert. Die Bayerische Meisterschaft der U14-Jugend fand am 20. und 21. Mai Hallbergmoos-Goldach (bei M\u00fcnchen) statt. Sie erreichte mit Ihrem pers\u00f6nlichen Bestwert von 481 Holz den 19. Platz. Zu viele Fehler auf Abr\u00e4umen verhinderten ein noch besseres Ergebnis, trotzdem kann Lara stolz auf sich sein. Sie hat unseren Verein, bei Ihrer ersten Bayerischen Einzelmeisterschaft, w\u00fcrdig vertreten.\r\n\r\n<strong>Triple-Meister!<\/strong>\r\n\r\n<img decoding=\"async\" loading=\"lazy\" class=\"displayed\" src=\"https:\/\/www.doppelturm.de\/wp-content\/uploads\/2017\/03\/Meisterfeier_2017_03_25_Beitrag.jpg\" alt=\"Meisterbild\" width=\"65%\" height=\"65%\" \/>\r\nZum dritten Mal in Folgen hat es die erste Herrenmannschaft geschafft den Meistertitel zu erringen. Infolgedessen war dies auch der dritte Aufstieg innerhalb von drei Saisons!\r\n\r\nUm die Meister geb\u00fchrend zu Ehren haben sich die Kegler etwas besonderes ausgedacht. Nach der feierlichen \u00dcberreichung einer speziell angefertigten Torte wurden Matthias Braun, Oliver Werner, Philipp H\u00fcmmer und Sascha M\u00fcller vor die T\u00fcr gebracht und mit einem St\u00e4ndchen des Spielmanns und Fanfarenzug Grafenrheinfeld geehrt. Direkt danach wurde die Mannschaft samt den Musikern auf den Wagen von Josef Kimmel verfrachtet und in einem triumphalen Zug durch Grafenrheinfeld gefahren.\r\n\r\nEin herzliches Dankesch\u00f6n m\u00f6chten wir an dieser Stelle an Josef Kimmel f\u00fcr den Triumphzug entrichten. Ebenfalls bedanken wir uns f\u00fcr die musikalische Untermalung durch den Spielmanns- und Fanfarenzug Grafenrheinfeld die uns auf der Fahrt begleiteten und enorm zur feierlichen Stimmung beisteuerten. Ein drittes gro\u00dfes Danke richten wir noch an Jennefer Mauder und Jessica H\u00fcmmer f\u00fcr die beeindruckende Torte die unseren Meistern gewidmet wurde.\r\n\r\n<a href=\"https:\/\/www.doppelturm.de\/?page_id=1466\">Hier gibt es mehr Bilder<\/a>","protected":false},"excerpt":{"rendered":"<p>Saisonstart ab dem 10.10.2020! Es wurde nun beschlossen die Saison doch zu starten. Die Termine werden im Veranstaltungskalender erg\u00e4nzt, sobald die Spielpl\u00e4ne verf\u00fcgbar sind. Gut Holz! Stimmensammlung der \u00dcZ abgeschlossen <a href=\"https:\/\/www.doppelturm.de\/?page_id=1808\" class=\"more-link\">[&hellip;]<\/a><\/p>\n","protected":false},"author":1,"featured_media":0,"parent":986,"menu_order":0,"comment_status":"closed","ping_status":"closed","template":"","meta":{"Layout":""},"_links":{"self":[{"href":"https:\/\/www.doppelturm.de\/index.php?rest_route=\/wp\/v2\/pages\/1808"}],"collection":[{"href":"https:\/\/www.doppelturm.de\/index.php?rest_route=\/wp\/v2\/pages"}],"about":[{"href":"https:\/\/www.doppelturm.de\/index.php?rest_route=\/wp\/v2\/types\/page"}],"author":[{"embeddable":true,"href":"https:\/\/www.doppelturm.de\/index.php?rest_route=\/wp\/v2\/users\/1"}],"replies":[{"embeddable":true,"href":"https:\/\/www.doppelturm.de\/index.php?rest_route=%2Fwp%2Fv2%2Fcomments&post=1808"}],"version-history":[{"count":11,"href":"https:\/\/www.doppelturm.de\/index.php?rest_route=\/wp\/v2\/pages\/1808\/revisions"}],"predecessor-version":[{"id":2716,"href":"https:\/\/www.doppelturm.de\/index.php?rest_route=\/wp\/v2\/pages\/1808\/revisions\/2716"}],"up":[{"embeddable":true,"href":"https:\/\/www.doppelturm.de\/index.php?rest_route=\/wp\/v2\/pages\/986"}],"wp:attachment":[{"href":"https:\/\/www.doppelturm.de\/index.php?rest_route=%2Fwp%2Fv2%2Fmedia&parent=1808"}],"curies":[{"name":"wp","href":"https:\/\/api.w.org\/{rel}","templated":true}]}}